{"id":12467,"date":"2024-11-20T15:43:22","date_gmt":"2024-11-20T13:43:22","guid":{"rendered":"https:\/\/museum-der-philosophie.de\/?page_id=12467"},"modified":"2025-08-10T22:36:20","modified_gmt":"2025-08-10T20:36:20","slug":"zitaten-schatzkammer-9","status":"publish","type":"page","link":"https:\/\/museum-der-philosophie.de\/?page_id=12467","title":{"rendered":"Zitaten-Schatzkammer: Das soziale Wesen"},"content":{"rendered":"\n<div id=\"a1\" class=\"wp-block-uagb-container uagb-block-977245dc default uagb-is-root-container\">\n<div class=\"wp-block-uagb-container uagb-block-872c6c4b\">\n<div class=\"wp-block-uagb-container uag-hide-mob uagb-block-30ae4036 alignfull uagb-is-root-container\"><div class=\"uagb-container-inner-blocks-wrap\">\n<div class=\"wp-block-uagb-container uagb-block-55d7099b\">\n<div class=\"wp-block-uagb-modal uagb-block-8075ad28 uagb-modal-wrapper\" data-escpress=\"enable\" data-overlayclick=\"enable\"><img decoding=\"async\" src=\"https:\/\/museum-der-philosophie.de\/wp-content\/uploads\/2024\/11\/2000px-Hamburger_icon.svg1_-400x400.png\" alt=\"\" class=\"uagb-modal-trigger\" width=\"400\" height=\"400\" loading=\"lazy\"\/><div class=\"uagb-effect-default uagb-modal-popup uagb-block-8075ad28 uagb-modal-type-undefined\"><div class=\"uagb-modal-popup-wrap\"><div class=\"uagb-modal-popup-content\"><form role=\"search\" method=\"get\" action=\"https:\/\/museum-der-philosophie.de\/\" class=\"wp-block-search__button-outside wp-block-search__text-button wp-block-search\"    ><label class=\"wp-block-search__label\" for=\"wp-block-search__input-1\"  style=\"font-size: 20px\"><strong>Suchen<\/strong><\/label><div class=\"wp-block-search__inside-wrapper\" ><input class=\"wp-block-search__input\" id=\"wp-block-search__input-1\" placeholder=\"\" value=\"\" type=\"search\" name=\"s\" required  style=\"font-size: 20px\"\/><button aria-label=\"Suchen\" class=\"wp-block-search__button wp-element-button\" type=\"submit\"  style=\"font-size: 20px\">Suchen<\/button><\/div><\/form>\n\n\n<div style=\"height:30px\" aria-hidden=\"true\" class=\"wp-block-spacer\"><\/div>\n\n\n\n<div class=\"wp-block-columns is-layout-flex wp-container-core-columns-is-layout-9d6595d7 wp-block-columns-is-layout-flex\">\n<div class=\"wp-block-column is-layout-flow wp-block-column-is-layout-flow\" style=\"font-size:18px\">\n<p class=\"has-text-align-left\" style=\"font-size:20px\"><strong>Wegweiser<\/strong><\/p>\n\n\n\n<p style=\"font-size:20px\"><a href=\"https:\/\/museum-der-philosophie.de\/\">Startseite<\/a><\/p>\n\n\n\n<p style=\"font-size:20px\"><a href=\"https:\/\/museum-der-philosophie.de\/?page_id=561#a11\" data-type=\"page\" data-id=\"561\">Wegweiser<\/a><\/p>\n\n\n\n<p style=\"font-size:20px\"><a href=\"https:\/\/museum-der-philosophie.de\/?page_id=3109\" data-type=\"page\" data-id=\"3109\">Themen und Objekte<\/a><\/p>\n\n\n\n<p style=\"font-size:20px\"><a href=\"https:\/\/museum-der-philosophie.de\/?page_id=12381\">Ideen und Ereignisse<\/a><\/p>\n\n\n\n<p style=\"font-size:20px\"><a href=\"https:\/\/museum-der-philosophie.de\/?page_id=9393#a0\" data-type=\"page\" data-id=\"9393\">Was gibt&#8217;s Neues<\/a><\/p>\n\n\n\n<p style=\"font-size:20px\"><a href=\"https:\/\/museum-der-philosophie.de\/?page_id=11208#a0\" data-type=\"page\" data-id=\"11208\">Kalenderblatt<\/a><\/p>\n<\/div>\n\n\n\n<div class=\"wp-block-column is-layout-flow wp-block-column-is-layout-flow\">\n<p class=\"has-text-align-left\" style=\"font-size:20px\"><strong>R\u00e4ume<\/strong><\/p>\n\n\n\n<p style=\"font-size:20px\"><a href=\"https:\/\/museum-der-philosophie.de\/?page_id=561#a0\" data-type=\"page\" data-id=\"561\">Empfangshalle<\/a><\/p>\n\n\n\n<p style=\"font-size:20px\"><a href=\"https:\/\/museum-der-philosophie.de\/?page_id=3140\" data-type=\"page\" data-id=\"3140\">Sonderausstellung<\/a><\/p>\n\n\n\n<p style=\"font-size:20px\"><a href=\"https:\/\/museum-der-philosophie.de\/?page_id=688\" data-type=\"page\" data-id=\"688\">Ruhmeshalle<\/a><\/p>\n\n\n\n<p style=\"font-size:20px\"><a href=\"https:\/\/museum-der-philosophie.de\/?page_id=14612\" data-type=\"page\" data-id=\"688\">Kunstgalerie<\/a><\/p>\n\n\n\n<p style=\"font-size:20px\"><a href=\"https:\/\/museum-der-philosophie.de\/?page_id=1171\" data-type=\"page\" data-id=\"1171\">Bibliothek<\/a><\/p>\n\n\n\n<p style=\"font-size:20px\"><a href=\"https:\/\/museum-der-philosophie.de\/?page_id=3375\" data-type=\"page\" data-id=\"3375\">Zitaten-Schatzkammer<\/a><\/p>\n\n\n\n<p style=\"font-size:20px\"><a href=\"https:\/\/museum-der-philosophie.de\/?page_id=838\" data-type=\"page\" data-id=\"838\">Kids&#8216; Philosophy<\/a><\/p>\n\n\n\n<p style=\"font-size:20px\"><a href=\"https:\/\/museum-der-philosophie.de\/?page_id=6128\" data-type=\"page\" data-id=\"6128\">Kinosaal<\/a><\/p>\n\n\n\n<p style=\"font-size:20px\"><a href=\"https:\/\/museum-der-philosophie.de\/?page_id=1959\" data-type=\"page\" data-id=\"1959\">Debattenraum<\/a><\/p>\n<\/div>\n\n\n\n<div class=\"wp-block-column is-layout-flow wp-block-column-is-layout-flow\">\n<p style=\"font-size:20px\"><strong>Das Museum<\/strong><\/p>\n\n\n\n<p style=\"font-size:20px\"><a href=\"https:\/\/museum-der-philosophie.de\/?page_id=1336\" data-type=\"page\" data-id=\"1336\">\u00dcber uns<\/a><\/p>\n\n\n\n<p style=\"font-size:20px\"><a href=\"https:\/\/museum-der-philosophie.de\/?p=13711\" data-type=\"post\" data-id=\"13711\">Bildschirmdarstellung<\/a><\/p>\n\n\n\n<p style=\"font-size:20px\"><a href=\"https:\/\/museum-der-philosophie.de\/?page_id=9363\" data-type=\"page\" data-id=\"9363\">Partner und Unterst\u00fctzer<\/a><\/p>\n\n\n\n<p style=\"font-size:20px\"><a href=\"https:\/\/museum-der-philosophie.de\/?page_id=2054\" data-type=\"page\" data-id=\"2054\">Mitmachen<\/a><\/p>\n\n\n\n<p style=\"font-size:20px\"><a href=\"https:\/\/museum-der-philosophie.de\/?page_id=7106\" data-type=\"page\" data-id=\"7106\">Newsletter<\/a><\/p>\n\n\n\n<p style=\"font-size:20px\"><a href=\"https:\/\/museum-der-philosophie.de\/?page_id=1375\" data-type=\"page\" data-id=\"1375\">Rechtliches \/ Impressum<\/a><\/p>\n\n\n\n<p style=\"font-size:20px\"><strong><mark style=\"background-color:rgba(0, 0, 0, 0)\" class=\"has-inline-color has-luminous-vivid-orange-color\">Bitte trage dich in unser<br><a href=\"https:\/\/museum-der-philosophie.de\/?page_id=1900\" data-type=\"page\" data-id=\"1900\">G\u00e4stebuch<\/a> ein.<br>\u00dcber ein paar Zeilen w\u00fcrden wir uns sehr freuen.<\/mark><\/strong><\/p>\n<\/div>\n<\/div>\n<\/div><button class=\"uagb-modal-popup-close\" aria-label=\"Close Modal\"><svg xmlns=\"https:\/\/www.w3.org\/2000\/svg\" viewBox=\"0 0 320 512\"><path d=\"M310.6 361.4c12.5 12.5 12.5 32.75 0 45.25C304.4 412.9 296.2 416 288 416s-16.38-3.125-22.62-9.375L160 301.3L54.63 406.6C48.38 412.9 40.19 416 32 416S15.63 412.9 9.375 406.6c-12.5-12.5-12.5-32.75 0-45.25l105.4-105.4L9.375 150.6c-12.5-12.5-12.5-32.75 0-45.25s32.75-12.5 45.25 0L160 210.8l105.4-105.4c12.5-12.5 32.75-12.5 45.25 0s12.5 32.75 0 45.25l-105.4 105.4L310.6 361.4z\"><\/path><\/svg><\/button><\/div><\/div><\/div>\n<\/div>\n\n\n\n<div class=\"wp-block-uagb-container uag-hide-mob uagb-block-409a2407 alignfull uagb-is-root-container\"><div class=\"uagb-container-inner-blocks-wrap\">\n<div class=\"wp-block-uagb-advanced-heading uagb-block-f62181c7\"><div class=\"uagb-heading-text\">Men\u00fc<\/div><\/div>\n<\/div><\/div>\n<\/div><\/div>\n\n\n\n<div class=\"wp-block-uagb-container uagb-block-590de83f\">\n<div class=\"wp-block-uagb-advanced-heading uagb-block-d986eb02\"><div class=\"uagb-heading-text\"><span><mark style=\"background-color: rgba(0, 0, 0, 0);\" class=\"has-inline-color has-white-color\">Das soziale Wesen<\/mark><\/span><\/div><div class=\"uagb-separator\"><\/div><p class=\"uagb-desc-text\"><mark style=\"background-color: rgba(0, 0, 0, 0);\" class=\"has-inline-color has-white-color\">Der Mensch in Gemeinschaft und Gesellschaft<\/mark><\/p><\/div>\n\n\n\n<p class=\"has-text-align-center has-black-color has-text-color has-link-color uag-hide-mob wp-elements-66753c29b6453c8d0e43d3a46d5a85d0\" style=\"font-size:18px\">&#8222;<em>Eigentlich war der Mensch nie besser &#8211; aber in einfacheren Verh\u00e4ltnissen weniger raffiniert schlecht.<\/em>&#8222;<br><sub>Ludwig Marcuse<\/sub><\/p>\n\n\n\n<div class=\"wp-block-uagb-container uag-hide-mob uagb-block-04e81a7e alignfull uagb-is-root-container\"><div class=\"uagb-container-inner-blocks-wrap\">\n<div class=\"wp-block-uagb-modal uagb-block-463a3a11 uagb-modal-wrapper\" data-escpress=\"enable\" data-overlayclick=\"enable\"><div class=\"uagb-spectra-button-wrapper wp-block-button\"><a class=\"uagb-modal-button-link wp-block-button__link uagb-modal-trigger\" href=\"#\" onclick=\"return false;\" target=\"_self\" rel=\"noopener noreferrer\"><span class=\"uagb-modal-content-wrapper\"><span class=\"uagb-inline-editing\">Inhalt der Schatzkammer<\/span><\/span><\/a><\/div><div class=\"uagb-effect-default uagb-modal-popup uagb-block-463a3a11 uagb-modal-type-undefined\"><div class=\"uagb-modal-popup-wrap\"><div class=\"uagb-modal-popup-content\">\n<div class=\"wp-block-uagb-container uagb-block-c8dbcead\">\n<div class=\"wp-block-uagb-container uagb-block-df3f8fcf\">\n<div class=\"wp-block-uagb-container uagb-block-062a4310\">\n<div class=\"wp-block-uagb-advanced-heading uagb-block-b7d3c1ed\"><h4 class=\"uagb-heading-text\"><a href=\"https:\/\/museum-der-philosophie.de\/?page_id=3375\">Zitaten-Schatzkammer<\/a><\/h4><\/div>\n<\/div>\n<\/div>\n\n\n\n<div class=\"wp-block-uagb-container uagb-block-0ddbc699\">\n<div class=\"wp-block-uagb-container uagb-block-12be5889\">\n<div class=\"wp-block-uagb-advanced-heading uagb-block-28de0c17\"><h4 class=\"uagb-heading-text\"><a href=\"https:\/\/museum-der-philosophie.de\/?page_id=12397\">Liebe zur Weisheit?<\/a><\/h4><p class=\"uagb-desc-text\"><a href=\"https:\/\/museum-der-philosophie.de\/?page_id=12397\">\u00dcber Philosophie und Philosophen<\/a><\/p><\/div>\n<\/div>\n\n\n\n<div class=\"wp-block-uagb-container uagb-block-a9b51371\">\n<div class=\"wp-block-uagb-advanced-heading uagb-block-0302b9c9\"><h4 class=\"uagb-heading-text\"><a href=\"https:\/\/museum-der-philosophie.de\/?page_id=12397\"><\/a><a href=\"https:\/\/museum-der-philosophie.de\/?page_id=12432\">Geist-Reich<\/a><\/h4><p class=\"uagb-desc-text\"><a href=\"https:\/\/museum-der-philosophie.de\/?page_id=12432\">\u00dcber Mensch und Erkenntnis<\/a><\/p><\/div>\n<\/div>\n<\/div>\n\n\n\n<div class=\"wp-block-uagb-container uagb-block-7d8ea185\">\n<div class=\"wp-block-uagb-container uagb-block-0a45f4a8\">\n<div class=\"wp-block-uagb-advanced-heading uagb-block-9b51bf98\"><h4 class=\"uagb-heading-text\"><a href=\"https:\/\/museum-der-philosophie.de\/?page_id=12447\">Gott und die Welt<\/a><\/h4><p class=\"uagb-desc-text\"><a href=\"https:\/\/museum-der-philosophie.de\/?page_id=12447\">Naturgesetz und Unerkl\u00e4rbares<\/a><\/p><\/div>\n<\/div>\n\n\n\n<div class=\"wp-block-uagb-container uagb-block-b5489efe\">\n<div class=\"wp-block-uagb-advanced-heading uagb-block-e78de375\"><h4 class=\"uagb-heading-text\"><a href=\"https:\/\/museum-der-philosophie.de\/?page_id=12456\">Sinn und Ziel<\/a><\/h4><p class=\"uagb-desc-text\"><a href=\"https:\/\/museum-der-philosophie.de\/?page_id=12456\">Zum Zweck unseres Daseins<\/a><\/p><\/div>\n<\/div>\n<\/div>\n\n\n\n<div class=\"wp-block-uagb-container uagb-block-3142b744\">\n<div class=\"wp-block-uagb-container uagb-block-9c60c944\">\n<div class=\"wp-block-uagb-advanced-heading uagb-block-f05acc75\"><h4 class=\"uagb-heading-text\"><a href=\"https:\/\/museum-der-philosophie.de\/?page_id=12467\">Das soziale Wesen<\/a><\/h4><p class=\"uagb-desc-text\"><a href=\"https:\/\/museum-der-philosophie.de\/?page_id=12467\">Der Mensch in der Gemeinschaft <\/a><\/p><\/div>\n<\/div>\n\n\n\n<div class=\"wp-block-uagb-container uagb-block-e1345299\">\n<div class=\"wp-block-uagb-advanced-heading uagb-block-dc7b97ce\"><h4 class=\"uagb-heading-text\"><a href=\"https:\/\/museum-der-philosophie.de\/?page_id=12501\">Jenseits von Gut und B\u00f6se<\/a><\/h4><p class=\"uagb-desc-text\"><a href=\"https:\/\/museum-der-philosophie.de\/?page_id=12501\">\u00dcber Moral und Ethik<\/a><\/p><\/div>\n<\/div>\n<\/div>\n\n\n\n<div class=\"wp-block-uagb-container uagb-block-736f3f51\">\n<div class=\"wp-block-uagb-container uagb-block-8ba0be26\">\n<div class=\"wp-block-uagb-advanced-heading uagb-block-7adbb7d9\"><h4 class=\"uagb-heading-text\"><a href=\"https:\/\/museum-der-philosophie.de\/?page_id=16090\">Zum ewigen Frieden<\/a><\/h4><p class=\"uagb-desc-text\"><a href=\"https:\/\/museum-der-philosophie.de\/?page_id=16090\">Pazifismus, Krieg und Terror<\/a><\/p><\/div>\n<\/div>\n\n\n\n<div class=\"wp-block-uagb-container uagb-block-7431a39b\">\n<div class=\"wp-block-uagb-advanced-heading uagb-block-1e692c97\"><h4 class=\"uagb-heading-text\"><a href=\"https:\/\/museum-der-philosophie.de\/?page_id=12519\">Alles was Recht ist!<\/a><\/h4><p class=\"uagb-desc-text\"><a href=\"https:\/\/museum-der-philosophie.de\/?page_id=12501\">\u00dcber Freiheit und Gerechtigkeit<\/a><\/p><\/div>\n<\/div>\n<\/div>\n\n\n\n<div class=\"wp-block-uagb-container uagb-block-8cf6ce00\">\n<div class=\"wp-block-uagb-container uagb-block-510b24d3\">\n<div class=\"wp-block-uagb-advanced-heading uagb-block-e30d0bb7\"><h4 class=\"uagb-heading-text\"><a href=\"https:\/\/museum-der-philosophie.de\/?page_id=12530\">Die Machtfrage<\/a><\/h4><p class=\"uagb-desc-text\"><a href=\"https:\/\/museum-der-philosophie.de\/?page_id=12530\">Vom Staat und seinen B\u00fcrgern<\/a><\/p><\/div>\n<\/div>\n\n\n\n<div class=\"wp-block-uagb-container uagb-block-a8a7e0ce\">\n<div class=\"wp-block-uagb-advanced-heading uagb-block-d6c4bd85\"><h4 class=\"uagb-heading-text\"><a href=\"https:\/\/museum-der-philosophie.de\/?page_id=12541\">Wahrheit oder Sieg?<\/a><\/h4><p class=\"uagb-desc-text\"><a href=\"https:\/\/museum-der-philosophie.de\/?page_id=12541\">Im Wettstreit der Ideen<\/a><\/p><\/div>\n<\/div>\n<\/div>\n\n\n\n<div class=\"wp-block-uagb-container uagb-block-04bd2379\">\n<div class=\"wp-block-uagb-container uagb-block-6c209c79\">\n<div class=\"wp-block-uagb-advanced-heading uagb-block-c3090f99\"><h4 class=\"uagb-heading-text\"><a href=\"https:\/\/museum-der-philosophie.de\/?page_id=12559\">Das kulturelle Wesen<\/a><\/h4><p class=\"uagb-desc-text\"><a href=\"https:\/\/museum-der-philosophie.de\/?page_id=12559\">\u00dcber Kunst und Kultur<\/a><\/p><\/div>\n<\/div>\n\n\n\n<div class=\"wp-block-uagb-container uagb-block-3fa871b8\">\n<div class=\"wp-block-uagb-advanced-heading uagb-block-8a89483d\"><h4 class=\"uagb-heading-text\"><a href=\"https:\/\/museum-der-philosophie.de\/?page_id=12588\">Stammtisch-Philosophie<\/a><\/h4><p class=\"uagb-desc-text\"><a href=\"https:\/\/museum-der-philosophie.de\/?page_id=12588\">Volksweisheiten und Sprichw\u00f6rter<\/a><\/p><\/div>\n<\/div>\n<\/div>\n\n\n\n<div class=\"wp-block-uagb-container uagb-block-a7c5ee58\">\n<div class=\"wp-block-uagb-container uagb-block-823724c3\">\n<div class=\"wp-block-uagb-advanced-heading uagb-block-88c5afd7\"><h4 class=\"uagb-heading-text\"><a href=\"https:\/\/museum-der-philosophie.de\/?page_id=12610\">Ber\u00fchmte Falschzitate<\/a><\/h4><\/div>\n<\/div>\n<\/div>\n<\/div>\n\n\n\n<p><\/p>\n<\/div><button class=\"uagb-modal-popup-close\" aria-label=\"Close Modal\"><svg xmlns=\"https:\/\/www.w3.org\/2000\/svg\" viewBox=\"0 0 320 512\"><path d=\"M310.6 361.4c12.5 12.5 12.5 32.75 0 45.25C304.4 412.9 296.2 416 288 416s-16.38-3.125-22.62-9.375L160 301.3L54.63 406.6C48.38 412.9 40.19 416 32 416S15.63 412.9 9.375 406.6c-12.5-12.5-12.5-32.75 0-45.25l105.4-105.4L9.375 150.6c-12.5-12.5-12.5-32.75 0-45.25s32.75-12.5 45.25 0L160 210.8l105.4-105.4c12.5-12.5 32.75-12.5 45.25 0s12.5 32.75 0 45.25l-105.4 105.4L310.6 361.4z\"><\/path><\/svg><\/button><\/div><\/div><\/div>\n<\/div><\/div>\n<\/div>\n<\/div>\n\n\n\n<div class=\"wp-block-uagb-container uagb-block-1028b3f8\">\n<div class=\"wp-block-uagb-container uagb-block-bdf02cad\">\n<div class=\"wp-block-uagb-container uag-hide-mob uagb-block-aafd324a\"><div class=\"wp-block-image\">\n<figure class=\"aligncenter size-full is-resized\"><img loading=\"lazy\" decoding=\"async\" width=\"411\" height=\"607\" src=\"https:\/\/museum-der-philosophie.de\/wp-content\/uploads\/2023\/06\/800px-Friedrich_Rueckert_1_-removebg-preview.png\" alt=\"\" class=\"wp-image-4215\" style=\"width:165px;height:242px\" srcset=\"https:\/\/museum-der-philosophie.de\/wp-content\/uploads\/2023\/06\/800px-Friedrich_Rueckert_1_-removebg-preview.png 411w, https:\/\/museum-der-philosophie.de\/wp-content\/uploads\/2023\/06\/800px-Friedrich_Rueckert_1_-removebg-preview-203x300.png 203w\" sizes=\"auto, (max-width: 411px) 100vw, 411px\" \/><\/figure>\n<\/div>\n\n\n<p class=\"has-text-align-center has-black-color has-text-color\" style=\"font-size:18px\"><em>Der Adler fliegt allein, <br>der Rabe scharenweise;<br>Gesellschaft braucht der&nbsp;Tor,<br>und&nbsp;Einsamkeit&nbsp;der&nbsp;Weise<\/em>.<br><sub>Friedrich R\u00fcckert<\/sub><\/p>\n<\/div>\n\n\n\n<div class=\"wp-block-uagb-container uagb-block-03d24a34\">\n<div class=\"wp-block-uagb-testimonial uagb-slick-carousel uagb-tm__arrow-outside uagb-block-ff86b972\"><div class=\"is-carousel uagb-tm__columns-1 uagb-tm__items\"><div class=\"uagb-testimonial__wrap  uagb-tm__imgicon-style-circle uagb-tm__image-position-top uagb-tm__bg-type-color \"><div class=\"uagb-tm__content\"><div class=\"uagb-tm__overlay\"><\/div><div class=\"uagb-tm__image-content\"><div class=\"uagb-tm__image\"><img decoding=\"async\" class=\"uagb-tm-img-src\" src=\"https:\/\/museum-der-philosophie.de\/wp-content\/uploads\/2024\/06\/1328px-Count_Leo_Tolstoy_half-length_portrait_facing_right_LCCN996156761-e1718520713398.jpg\" alt=\"\" width=\"220\" height=\"292\" loading=\"lazy\"\/><\/div><\/div><div class=\"uagb-tm__text-wrap\"><div class=\"uagb-tm__desc\"><br>Es gibt keinerlei Lebensbedingungen, an die sich der Mensch nicht gew\u00f6hnen k\u00f6nnte, namentlich wenn er sieht, dass seine ganze Umgebung das gleiche Leben f\u00fchrt.<\/div><div class=\"uagb-tm__meta-inner\"><div class=\"uagb-testimonial-details\"><span class=\"uagb-tm__author-name\"><mark style=\"background-color:rgba(0, 0, 0, 0)\" class=\"has-inline-color has-black-color\">Leo Tolstoi<\/mark><\/span><span class=\"uagb-tm__company\">Anna Karenina (1877)<\/span><\/div><\/div><\/div><\/div><\/div><div class=\"uagb-testimonial__wrap  uagb-tm__imgicon-style-circle uagb-tm__image-position-top uagb-tm__bg-type-color \"><div class=\"uagb-tm__content\"><div class=\"uagb-tm__overlay\"><\/div><div class=\"uagb-tm__image-content\"><div class=\"uagb-tm__image\"><img decoding=\"async\" class=\"uagb-tm-img-src\" src=\"https:\/\/museum-der-philosophie.de\/wp-content\/uploads\/2023\/11\/Toennies-SHLB-Cb54.14.01.0016-e1700833530290.jpg\" alt=\"\" width=\"220\" height=\"292\" loading=\"lazy\"\/><\/div><\/div><div class=\"uagb-tm__text-wrap\"><div class=\"uagb-tm__desc\">Gemeinschaft ist das dauernde und echte Zusammenleben, Gesellschaft nur ein vor\u00fcbergehendes und scheinbares. Und dem ist es gem\u00e4\u00df, dass Gemeinschaft selber als ein lebendiger Organismus, Gesellschaft als ein mechanisches Aggregat und Artefact verstanden werden soll.<\/div><div class=\"uagb-tm__meta-inner\"><div class=\"uagb-testimonial-details\"><span class=\"uagb-tm__author-name\">Ferdinand T\u00f6nnies <\/span><span class=\"uagb-tm__company\">&#8222;Gemeinschaft und Gesellschaft&#8220; (1887)<\/span><\/div><\/div><\/div><\/div><\/div><div class=\"uagb-testimonial__wrap  uagb-tm__imgicon-style-circle uagb-tm__image-position-top uagb-tm__bg-type-color \"><div class=\"uagb-tm__content\"><div class=\"uagb-tm__overlay\"><\/div><div class=\"uagb-tm__image-content\"><div class=\"uagb-tm__image\"><img decoding=\"async\" class=\"uagb-tm-img-src\" src=\"https:\/\/museum-der-philosophie.de\/wp-content\/uploads\/2023\/06\/640px-Einstein1921_by_F_Schmutzer_3_1_-removebg-preview1.png\" alt=\"\" width=\"220\" height=\"292\" loading=\"lazy\"\/><\/div><\/div><div class=\"uagb-tm__text-wrap\"><div class=\"uagb-tm__desc\"><br><br><br>Um ein tadelloses Mitglied einer Schafherde sein zu k\u00f6nnen, muss man vor allem ein Schaf sein.<\/div><div class=\"uagb-tm__meta-inner\"><div class=\"uagb-testimonial-details\"><span class=\"uagb-tm__author-name\">Albert Einstein<\/span><span class=\"uagb-tm__company\">&#8222;<em>Aphorismen f\u00fcr Leo Baeck<\/em>&#8220; (1953)<\/span><\/div><\/div><\/div><\/div><\/div><div class=\"uagb-testimonial__wrap  uagb-tm__imgicon-style-circle uagb-tm__image-position-top uagb-tm__bg-type-color \"><div class=\"uagb-tm__content\"><div class=\"uagb-tm__overlay\"><\/div><div class=\"uagb-tm__image-content\"><div class=\"uagb-tm__image\"><img decoding=\"async\" class=\"uagb-tm-img-src\" src=\"https:\/\/museum-der-philosophie.de\/wp-content\/uploads\/2023\/06\/640px-Goethe__Stieler_1828__1_-removebg-preview1-e1686672577459.png\" alt=\"\" width=\"220\" height=\"292\" loading=\"lazy\"\/><\/div><\/div><div class=\"uagb-tm__text-wrap\"><div class=\"uagb-tm__desc\"><br><br><br>Niemand ist mehr Sklave, als der sich f\u00fcr frei h\u00e4lt, ohne es zu sein.<\/div><div class=\"uagb-tm__meta-inner\"><div class=\"uagb-testimonial-details\"><span class=\"uagb-tm__author-name\">Johann Wolfgang v. Goethe <\/span><span class=\"uagb-tm__company\">&#8222;Die Wahlverwandtschaften&#8220; (1809)<\/span><\/div><\/div><\/div><\/div><\/div><div class=\"uagb-testimonial__wrap  uagb-tm__imgicon-style-circle uagb-tm__image-position-top uagb-tm__bg-type-color \"><div class=\"uagb-tm__content\"><div class=\"uagb-tm__overlay\"><\/div><div class=\"uagb-tm__image-content\"><div class=\"uagb-tm__image\"><img decoding=\"async\" class=\"uagb-tm-img-src\" src=\"https:\/\/museum-der-philosophie.de\/wp-content\/uploads\/2024\/11\/ivan-illich.300w1.webp\" alt=\"\" width=\"220\" height=\"292\" loading=\"lazy\"\/><\/div><\/div><div class=\"uagb-tm__text-wrap\"><div class=\"uagb-tm__desc\"><br>Wenn Verhalten, das zum Wahnsinn f\u00fchrt, in einer Gesellschaft als normal gilt, lernen die Menschen um das Recht zu k\u00e4mpfen, sich daran zu beteiligen.<\/div><div class=\"uagb-tm__meta-inner\"><div class=\"uagb-testimonial-details\"><span class=\"uagb-tm__author-name\">Ivan Illich<\/span><span class=\"uagb-tm__company\">&#8222;Selbstbegrenzung&#8220; (1975)<br><br>Foto: Adrift Animal (<a href=\"https:\/\/creativecommons.org\/licenses\/by-sa\/4.0\" target=\"_blank\" rel=\"noreferrer noopener\">CC BY-SA 4.0<\/a>)<br><\/span><\/div><\/div><\/div><\/div><\/div><div class=\"uagb-testimonial__wrap  uagb-tm__imgicon-style-circle uagb-tm__image-position-top uagb-tm__bg-type-color \"><div class=\"uagb-tm__content\"><div class=\"uagb-tm__overlay\"><\/div><div class=\"uagb-tm__image-content\"><div class=\"uagb-tm__image\"><img decoding=\"async\" class=\"uagb-tm-img-src\" src=\"https:\/\/museum-der-philosophie.de\/wp-content\/uploads\/2023\/05\/Kant-Carolsfeld.png\" alt=\"\" width=\"220\" height=\"292\" loading=\"lazy\"\/><\/div><\/div><div class=\"uagb-tm__text-wrap\"><div class=\"uagb-tm__desc\"><br><br>Es ist so bequem, unm\u00fcndig zu sein.<\/div><div class=\"uagb-tm__meta-inner\"><div class=\"uagb-testimonial-details\"><span class=\"uagb-tm__author-name\">Immanuel Kant<\/span><span class=\"uagb-tm__company\">&#8222;Beantwortung der Frage: Was ist Aufkl\u00e4rung?&#8220; (1784)<\/span><\/div><\/div><\/div><\/div><\/div><div class=\"uagb-testimonial__wrap  uagb-tm__imgicon-style-circle uagb-tm__image-position-top uagb-tm__bg-type-color \"><div class=\"uagb-tm__content\"><div class=\"uagb-tm__overlay\"><\/div><div class=\"uagb-tm__image-content\"><div class=\"uagb-tm__image\"><img decoding=\"async\" class=\"uagb-tm-img-src\" src=\"https:\/\/museum-der-philosophie.de\/wp-content\/uploads\/2023\/09\/Herbert_Marcuse_in_Newton_Massachusetts_1955.jpeg\" alt=\"\" width=\"220\" height=\"292\" loading=\"lazy\"\/><\/div><\/div><div class=\"uagb-tm__text-wrap\"><div class=\"uagb-tm__desc\"><br><br><br>Der Macht, die diese Gesellschaft \u00fcber den Menschen gewonnen hat, wird durch ihre Leistungsf\u00e4higkeit und Produktivit\u00e4t t\u00e4glich Absolution erteilt.<\/div><div class=\"uagb-tm__meta-inner\"><div class=\"uagb-testimonial-details\"><span class=\"uagb-tm__author-name\">Herbert Marcuse<\/span><span class=\"uagb-tm__company\">Der eindimensionale Mensch (1964)<br><br>Foto: Marcuse family (<a href=\"https:\/\/creativecommons.org\/licenses\/by-sa\/3.0\/deed.de\" target=\"_blank\" rel=\"noreferrer noopener\">CC BY-SA 3.0<\/a>)<\/span><\/div><\/div><\/div><\/div><\/div><div class=\"uagb-testimonial__wrap  uagb-tm__imgicon-style-circle uagb-tm__image-position-top uagb-tm__bg-type-color \"><div class=\"uagb-tm__content\"><div class=\"uagb-tm__overlay\"><\/div><div class=\"uagb-tm__image-content\"><div class=\"uagb-tm__image\"><img decoding=\"async\" class=\"uagb-tm-img-src\" src=\"https:\/\/museum-der-philosophie.de\/wp-content\/uploads\/2024\/11\/320px-Peter_Sloterdijk_20241.jpg\" alt=\"\" width=\"220\" height=\"292\" loading=\"lazy\"\/><\/div><\/div><div class=\"uagb-tm__text-wrap\"><div class=\"uagb-tm__desc\">Man muss die demokratisch camouflierten Masken der herrschenden Verh\u00e4ltnisse entfernen, um zu verstehen, was Demokratie jenseits von Oligokratie, Fiskokratie, Mobokratie und Phobokratie sein k\u00f6nnte: Ein von Furcht freier wohlmeinender Streit um die Optimierung der Mittel beim Streben nach Gemeinwohl.<\/div><div class=\"uagb-tm__meta-inner\"><div class=\"uagb-testimonial-details\"><span class=\"uagb-tm__author-name\">Peter Sloterdijk<\/span><span class=\"uagb-tm__company\">&#8222;Politik in Masken \u2013 \u00dcber das Demokratie-Dilemma&#8220; (2018)<br><br>Foto: Amrei-Marie (<a href=\"https:\/\/creativecommons.org\/licenses\/by-sa\/4.0\/deed.en\" target=\"_blank\" rel=\"noreferrer noopener\">CC BY-SA 4.0<\/a>)<\/span><\/div><\/div><\/div><\/div><\/div><div class=\"uagb-testimonial__wrap  uagb-tm__imgicon-style-circle uagb-tm__image-position-top uagb-tm__bg-type-color \"><div class=\"uagb-tm__content\"><div class=\"uagb-tm__overlay\"><\/div><div class=\"uagb-tm__image-content\"><div class=\"uagb-tm__image\"><img decoding=\"async\" class=\"uagb-tm-img-src\" src=\"https:\/\/museum-der-philosophie.de\/wp-content\/uploads\/2023\/06\/Imiq.gif\" alt=\"\" width=\"220\" height=\"292\" loading=\"lazy\"\/><\/div><\/div><div class=\"uagb-tm__text-wrap\"><div class=\"uagb-tm__desc\"><br><br>Volk aber ist nicht jede beliebig zusammengew\u00fcrfelte Anh\u00e4ufung von Menschen, sondern der Zusammenschluss einer gr\u00f6\u00dferen Zahl, die durch eine einheitliche Rechtsordnung und ein gemeinsames Staatsziel zu einer Gesellschaft wird.<\/div><div class=\"uagb-tm__meta-inner\"><div class=\"uagb-testimonial-details\"><span class=\"uagb-tm__author-name\">Marcus Tullius Cicero<\/span><span class=\"uagb-tm__company\">&#8222;\u00dcber das Gemeinwesen&#8220; (um 50 v. Chr.)<\/span><\/div><\/div><\/div><\/div><\/div><div class=\"uagb-testimonial__wrap  uagb-tm__imgicon-style-circle uagb-tm__image-position-top uagb-tm__bg-type-color \"><div class=\"uagb-tm__content\"><div class=\"uagb-tm__overlay\"><\/div><div class=\"uagb-tm__image-content\"><div class=\"uagb-tm__image\"><img decoding=\"async\" class=\"uagb-tm-img-src\" src=\"https:\/\/museum-der-philosophie.de\/wp-content\/uploads\/2023\/08\/Pascal_Blaise1.jpeg\" alt=\"\" width=\"220\" height=\"292\" loading=\"lazy\"\/><\/div><\/div><div class=\"uagb-tm__text-wrap\"><div class=\"uagb-tm__desc\"><br><br><br>Warum folgt man der Mehrheit? Etwa, weil sie mehr Vernunft hat? Nein, sondern weil sie mehr Macht hat.<\/div><div class=\"uagb-tm__meta-inner\"><div class=\"uagb-testimonial-details\"><span class=\"uagb-tm__author-name\">Blaise Pascal<\/span><span class=\"uagb-tm__company\">Pens\u00e9es (1663)<\/span><\/div><\/div><\/div><\/div><\/div><div class=\"uagb-testimonial__wrap  uagb-tm__imgicon-style-circle uagb-tm__image-position-top uagb-tm__bg-type-color \"><div class=\"uagb-tm__content\"><div class=\"uagb-tm__overlay\"><\/div><div class=\"uagb-tm__image-content\"><div class=\"uagb-tm__image\"><img decoding=\"async\" class=\"uagb-tm-img-src\" src=\"https:\/\/museum-der-philosophie.de\/wp-content\/uploads\/2023\/06\/640px-Caricature_Sartre_2007.svg_1_-removebg-preview1.png\" alt=\"\" width=\"220\" height=\"292\" loading=\"lazy\"\/><\/div><\/div><div class=\"uagb-tm__text-wrap\"><div class=\"uagb-tm__desc\"><br><br>Die\u00a0H\u00f6lle, das sind die anderen.<br><sub>(L&#8217;enfer, c&#8217;est les autres.)<\/sub><br><\/div><div class=\"uagb-tm__meta-inner\"><div class=\"uagb-testimonial-details\"><span class=\"uagb-tm__author-name\">Jean-Paul Sartre<\/span><span class=\"uagb-tm__company\">Geschlossene Gesellschaft (1944)<br><br>Zeichnung:  St\u00e9phane Lemarchand (CC BY-SA 4.0)<\/span><\/div><\/div><\/div><\/div><\/div><div class=\"uagb-testimonial__wrap  uagb-tm__imgicon-style-circle uagb-tm__image-position-top uagb-tm__bg-type-color \"><div class=\"uagb-tm__content\"><div class=\"uagb-tm__overlay\"><\/div><div class=\"uagb-tm__image-content\"><div class=\"uagb-tm__image\"><img decoding=\"async\" class=\"uagb-tm-img-src\" src=\"https:\/\/museum-der-philosophie.de\/wp-content\/uploads\/2023\/06\/640px-Ebner-Eschenbach_1_-removebg-preview1.png\" alt=\"\" width=\"220\" height=\"292\" loading=\"lazy\"\/><\/div><\/div><div class=\"uagb-tm__text-wrap\"><div class=\"uagb-tm__desc\"><br><br>Wer an die Freiheit des menschlichen Willens glaubt, hat nie geliebt und nie gehasst.<\/div><div class=\"uagb-tm__meta-inner\"><div class=\"uagb-testimonial-details\"><span class=\"uagb-tm__author-name\">Marie von Ebner-Eschenbach<\/span><span class=\"uagb-tm__company\">Aphorismen<\/span><\/div><\/div><\/div><\/div><\/div><\/div><\/div>\n<\/div>\n\n\n\n<div class=\"wp-block-uagb-container uag-hide-mob uagb-block-6032aaf2\"><div class=\"wp-block-image\">\n<figure class=\"aligncenter size-full is-resized\"><img loading=\"lazy\" decoding=\"async\" width=\"447\" height=\"559\" src=\"https:\/\/museum-der-philosophie.de\/wp-content\/uploads\/2023\/06\/640px-Einstein1921_by_F_Schmutzer_3_1_-removebg-preview1.png\" alt=\"\" class=\"wp-image-4216\" style=\"width:208px;height:261px\" srcset=\"https:\/\/museum-der-philosophie.de\/wp-content\/uploads\/2023\/06\/640px-Einstein1921_by_F_Schmutzer_3_1_-removebg-preview1.png 447w, https:\/\/museum-der-philosophie.de\/wp-content\/uploads\/2023\/06\/640px-Einstein1921_by_F_Schmutzer_3_1_-removebg-preview1-240x300.png 240w\" sizes=\"auto, (max-width: 447px) 100vw, 447px\" \/><\/figure>\n<\/div>\n\n\n<p class=\"has-text-align-center has-black-color has-text-color\" style=\"font-size:18px\"><em>Um ein tadelloses Mitglied einer Schafherde sein zu k\u00f6nnen, muss man vor allem ein Schaf sein.<\/em><br><sub>Albert Einstein<\/sub><\/p>\n<\/div>\n<\/div>\n<\/div>\n<\/div>\n","protected":false},"excerpt":{"rendered":"<p>Men\u00fc Das soziale Wesen Der Mensch in Gemeinschaft und Gesellschaft &#8222;Eigentlich war der Mensch nie besser &#8211; aber in einfacheren &hellip; <\/p>\n","protected":false},"author":1,"featured_media":0,"parent":3375,"menu_order":0,"comment_status":"closed","ping_status":"closed","template":"template-page-builder-no-header-footer.php","meta":{"_uag_custom_page_level_css":"","footnotes":""},"class_list":["post-12467","page","type-page","status-publish","hentry"],"featured_image_src":null,"uagb_featured_image_src":{"full":false,"thumbnail":false,"medium":false,"medium_large":false,"large":false,"1536x1536":false,"2048x2048":false,"education-zone-banner":false,"education-zone-image-full":false,"education-zone-image":false,"education-zone-recent-post":false,"education-zone-search-result":false,"education-zone-featured-course":false,"education-zone-testimonial":false,"education-zone-blog-full":false,"wpvr_mobile":false},"uagb_author_info":{"display_name":"Klaus F\u00fcrst","author_link":"https:\/\/museum-der-philosophie.de\/?author=1"},"uagb_comment_info":0,"uagb_excerpt":"Men\u00fc Das soziale Wesen Der Mensch in Gemeinschaft und Gesellschaft &#8222;Eigentlich war der Mensch nie besser &#8211; aber in einfacheren &hellip;","_links":{"self":[{"href":"https:\/\/museum-der-philosophie.de\/index.php?rest_route=\/wp\/v2\/pages\/12467","targetHints":{"allow":["GET"]}}],"collection":[{"href":"https:\/\/museum-der-philosophie.de\/index.php?rest_route=\/wp\/v2\/pages"}],"about":[{"href":"https:\/\/museum-der-philosophie.de\/index.php?rest_route=\/wp\/v2\/types\/page"}],"author":[{"embeddable":true,"href":"https:\/\/museum-der-philosophie.de\/index.php?rest_route=\/wp\/v2\/users\/1"}],"replies":[{"embeddable":true,"href":"https:\/\/museum-der-philosophie.de\/index.php?rest_route=%2Fwp%2Fv2%2Fcomments&post=12467"}],"version-history":[{"count":12,"href":"https:\/\/museum-der-philosophie.de\/index.php?rest_route=\/wp\/v2\/pages\/12467\/revisions"}],"predecessor-version":[{"id":16220,"href":"https:\/\/museum-der-philosophie.de\/index.php?rest_route=\/wp\/v2\/pages\/12467\/revisions\/16220"}],"up":[{"embeddable":true,"href":"https:\/\/museum-der-philosophie.de\/index.php?rest_route=\/wp\/v2\/pages\/3375"}],"wp:attachment":[{"href":"https:\/\/museum-der-philosophie.de\/index.php?rest_route=%2Fwp%2Fv2%2Fmedia&parent=12467"}],"curies":[{"name":"wp","href":"https:\/\/api.w.org\/{rel}","templated":true}]}}