{"id":688,"date":"2022-10-31T15:25:40","date_gmt":"2022-10-31T15:25:40","guid":{"rendered":"https:\/\/klausfuerst.de\/?page_id=688"},"modified":"2025-07-24T21:16:51","modified_gmt":"2025-07-24T19:16:51","slug":"ruhmeshalle","status":"publish","type":"page","link":"https:\/\/museum-der-philosophie.de\/?page_id=688","title":{"rendered":"Ruhmeshalle"},"content":{"rendered":"\n<div class=\"wp-block-uagb-modal uagb-block-40cd57cd uagb-modal-wrapper uag-hide-desktop uag-hide-tab\" data-escpress=\"enable\" data-overlayclick=\"enable\"><img decoding=\"async\" src=\"https:\/\/museum-der-philosophie.de\/wp-content\/uploads\/2024\/11\/2000px-Hamburger_icon.svg1_-150x150.png\" alt=\"\" class=\"uagb-modal-trigger\" width=\"150\" height=\"150\" loading=\"lazy\"\/><div class=\"uagb-effect-default uagb-modal-popup uagb-block-40cd57cd uagb-modal-type-undefined\"><div class=\"uagb-modal-popup-wrap\"><div class=\"uagb-modal-popup-content\"><form role=\"search\" method=\"get\" action=\"https:\/\/museum-der-philosophie.de\/\" class=\"wp-block-search__button-outside wp-block-search__text-button wp-block-search\"    ><label class=\"wp-block-search__label\" for=\"wp-block-search__input-1\"  style=\"font-size: 20px\"><strong>Suchen<\/strong><\/label><div class=\"wp-block-search__inside-wrapper\" ><input class=\"wp-block-search__input\" id=\"wp-block-search__input-1\" placeholder=\"\" value=\"\" type=\"search\" name=\"s\" required  style=\"font-size: 20px\"\/><button aria-label=\"Suchen\" class=\"wp-block-search__button wp-element-button\" type=\"submit\"  style=\"font-size: 20px\">Suchen<\/button><\/div><\/form>\n\n\n<div style=\"height:30px\" aria-hidden=\"true\" class=\"wp-block-spacer\"><\/div>\n\n\n\n<div class=\"wp-block-columns is-layout-flex wp-container-core-columns-is-layout-9d6595d7 wp-block-columns-is-layout-flex\">\n<div class=\"wp-block-column is-layout-flow wp-block-column-is-layout-flow\">\n<p class=\"has-text-align-left\"><strong>Wegweiser<\/strong><\/p>\n\n\n\n<p><a href=\"https:\/\/museum-der-philosophie.de\/\">Startseite<\/a><br><a href=\"https:\/\/museum-der-philosophie.de\/?page_id=3109\" data-type=\"page\" data-id=\"3109\">Themen und Objekte<\/a><br><a href=\"https:\/\/museum-der-philosophie.de\/?page_id=12381\" data-type=\"page\" data-id=\"12381\">Ideen und Ereignisse<\/a><br><a href=\"https:\/\/museum-der-philosophie.de\/?page_id=9393#a0\" data-type=\"page\" data-id=\"9393\">Was gibt&#8217;s Neues<\/a><br><a href=\"https:\/\/museum-der-philosophie.de\/?page_id=11208#a0\" data-type=\"page\" data-id=\"11208\">Kalenderblatt<\/a><\/p>\n\n\n\n<p>Das Museum<br>\u2022 <a href=\"https:\/\/museum-der-philosophie.de\/?page_id=1336\" data-type=\"page\" data-id=\"1336\">\u00dcber uns<\/a><br>\u2022 <a href=\"https:\/\/museum-der-philosophie.de\/?p=13711\" data-type=\"post\" data-id=\"13711\">Bildschirmdarstellung<\/a><br>\u2022 <a href=\"https:\/\/museum-der-philosophie.de\/?page_id=9363\" data-type=\"page\" data-id=\"9363\">Partner und Unterst\u00fctzer<\/a><br>\u2022 <a href=\"https:\/\/museum-der-philosophie.de\/?page_id=2054\" data-type=\"page\" data-id=\"2054\">Mitmachen<\/a><br>\u2022 <a href=\"https:\/\/museum-der-philosophie.de\/?page_id=7106\" data-type=\"page\" data-id=\"7106\">Newsletter<\/a><\/p>\n\n\n\n<p class=\"has-text-align-left\"><strong>R\u00e4ume<\/strong><\/p>\n\n\n\n<p><a href=\"https:\/\/museum-der-philosophie.de\/?page_id=561#a0\" data-type=\"page\" data-id=\"561\">Empfangshalle<\/a><br><a href=\"https:\/\/museum-der-philosophie.de\/?page_id=3140\" data-type=\"page\" data-id=\"3140\">Sonderausstellung<\/a><br><a href=\"https:\/\/museum-der-philosophie.de\/?page_id=688\" data-type=\"page\" data-id=\"688\">Ruhmeshalle<\/a><br><a href=\"https:\/\/museum-der-philosophie.de\/?page_id=1171\" data-type=\"page\" data-id=\"1171\">Bibliothek<\/a><br><a href=\"https:\/\/museum-der-philosophie.de\/?page_id=3375\" data-type=\"page\" data-id=\"3375\">Zitaten-Schatzkammer<\/a><br><a href=\"https:\/\/museum-der-philosophie.de\/?page_id=838\" data-type=\"page\" data-id=\"838\">Kids&#8216; Philosophy<\/a><br><a href=\"https:\/\/museum-der-philosophie.de\/?page_id=6128\" data-type=\"page\" data-id=\"6128\">Kinosaal<\/a><br><a href=\"https:\/\/museum-der-philosophie.de\/?page_id=1959\" data-type=\"page\" data-id=\"1959\">Debattenraum<\/a><\/p>\n\n\n\n<p><a href=\"https:\/\/museum-der-philosophie.de\/?page_id=1900\" data-type=\"page\" data-id=\"1900\">G\u00e4stebuch<\/a><\/p>\n\n\n\n<p><a href=\"https:\/\/museum-der-philosophie.de\/?page_id=1375\" data-type=\"page\" data-id=\"1375\">Rechtliches \/ Impressum<\/a><\/p>\n<\/div>\n<\/div>\n<\/div><button class=\"uagb-modal-popup-close\" aria-label=\"Close Modal\"><svg xmlns=\"https:\/\/www.w3.org\/2000\/svg\" viewBox=\"0 0 320 512\"><path d=\"M310.6 361.4c12.5 12.5 12.5 32.75 0 45.25C304.4 412.9 296.2 416 288 416s-16.38-3.125-22.62-9.375L160 301.3L54.63 406.6C48.38 412.9 40.19 416 32 416S15.63 412.9 9.375 406.6c-12.5-12.5-12.5-32.75 0-45.25l105.4-105.4L9.375 150.6c-12.5-12.5-12.5-32.75 0-45.25s32.75-12.5 45.25 0L160 210.8l105.4-105.4c12.5-12.5 32.75-12.5 45.25 0s12.5 32.75 0 45.25l-105.4 105.4L310.6 361.4z\"><\/path><\/svg><\/button><\/div><\/div><\/div>\n\n\n\n<div class=\"wp-block-uagb-container uag-hide-desktop uag-hide-tab uagb-block-6afda995 alignfull uagb-is-root-container\"><div class=\"uagb-container-inner-blocks-wrap\">\n<p class=\"has-text-align-center has-white-color has-luminous-vivid-orange-background-color has-text-color has-background has-link-color wp-elements-2ee8a7587db9152aa3280b94299a89d8\">Dies ist eine vereinfachte Darstellung f\u00fcr Mobiltelefone.<br>Die Wiedergabe der kompletten Ruhmeshalle ist nur auf Bildschirm oder Tablet m\u00f6glich.<\/p>\n<\/div><\/div>\n\n\n\n<div data-aos= \"fade\" data-aos-duration=\"400\" data-aos-delay=\"0\" data-aos-easing=\"ease\" data-aos-once=\"true\" id=\"a0\" class=\"wp-block-uagb-container uagb-block-696f8583 default uagb-is-root-container\">\n<div class=\"wp-block-uagb-container uag-hide-mob uagb-block-15fb0590\">\n<div class=\"wp-block-uagb-container uag-hide-mob uagb-block-30ae4036\">\n<div class=\"wp-block-uagb-container uag-hide-mob uagb-block-d6948682 alignfull uagb-is-root-container\"><div class=\"uagb-container-inner-blocks-wrap\">\n<div class=\"wp-block-uagb-container uagb-block-55d7099b\">\n<div class=\"wp-block-uagb-modal uagb-block-8075ad28 uagb-modal-wrapper\" data-escpress=\"enable\" data-overlayclick=\"enable\"><img decoding=\"async\" src=\"https:\/\/museum-der-philosophie.de\/wp-content\/uploads\/2024\/11\/2000px-Hamburger_icon.svg1_-400x400.png\" alt=\"\" class=\"uagb-modal-trigger\" width=\"400\" height=\"400\" loading=\"lazy\"\/><div class=\"uagb-effect-default uagb-modal-popup uagb-block-8075ad28 uagb-modal-type-undefined\"><div class=\"uagb-modal-popup-wrap\"><div class=\"uagb-modal-popup-content\"><form role=\"search\" method=\"get\" action=\"https:\/\/museum-der-philosophie.de\/\" class=\"wp-block-search__button-outside wp-block-search__text-button wp-block-search\"    ><label class=\"wp-block-search__label\" for=\"wp-block-search__input-2\"  style=\"font-size: 20px\"><strong>Suchen<\/strong><\/label><div class=\"wp-block-search__inside-wrapper\" ><input class=\"wp-block-search__input\" id=\"wp-block-search__input-2\" placeholder=\"\" value=\"\" type=\"search\" name=\"s\" required  style=\"font-size: 20px\"\/><button aria-label=\"Suchen\" class=\"wp-block-search__button wp-element-button\" type=\"submit\"  style=\"font-size: 20px\">Suchen<\/button><\/div><\/form>\n\n\n<div style=\"height:30px\" aria-hidden=\"true\" class=\"wp-block-spacer\"><\/div>\n\n\n\n<div class=\"wp-block-columns is-layout-flex wp-container-core-columns-is-layout-9d6595d7 wp-block-columns-is-layout-flex\">\n<div class=\"wp-block-column is-layout-flow wp-block-column-is-layout-flow\" style=\"font-size:18px\">\n<p class=\"has-text-align-left\" style=\"font-size:20px\"><strong>Wegweiser<\/strong><\/p>\n\n\n\n<p style=\"font-size:20px\"><a href=\"https:\/\/museum-der-philosophie.de\/\">Startseite<\/a><\/p>\n\n\n\n<p style=\"font-size:20px\"><a href=\"https:\/\/museum-der-philosophie.de\/?page_id=561#a11\" data-type=\"page\" data-id=\"561\">Wegweiser<\/a><\/p>\n\n\n\n<p style=\"font-size:20px\"><a href=\"https:\/\/museum-der-philosophie.de\/?page_id=3109\" data-type=\"page\" data-id=\"3109\">Themen und Objekte<\/a><\/p>\n\n\n\n<p style=\"font-size:20px\"><a href=\"https:\/\/museum-der-philosophie.de\/?page_id=12381\">Ideen und Ereignisse<\/a><\/p>\n\n\n\n<p style=\"font-size:20px\"><a href=\"https:\/\/museum-der-philosophie.de\/?page_id=9393#a0\" data-type=\"page\" data-id=\"9393\">Was gibt&#8217;s Neues<\/a><\/p>\n\n\n\n<p style=\"font-size:20px\"><a href=\"https:\/\/museum-der-philosophie.de\/?page_id=11208#a0\" data-type=\"page\" data-id=\"11208\">Kalenderblatt<\/a><\/p>\n<\/div>\n\n\n\n<div class=\"wp-block-column is-layout-flow wp-block-column-is-layout-flow\">\n<p class=\"has-text-align-left\" style=\"font-size:20px\"><strong>R\u00e4ume<\/strong><\/p>\n\n\n\n<p style=\"font-size:20px\"><a href=\"https:\/\/museum-der-philosophie.de\/?page_id=561#a0\" data-type=\"page\" data-id=\"561\">Empfangshalle<\/a><\/p>\n\n\n\n<p style=\"font-size:20px\"><a href=\"https:\/\/museum-der-philosophie.de\/?page_id=3140\" data-type=\"page\" data-id=\"3140\">Sonderausstellung<\/a><\/p>\n\n\n\n<p style=\"font-size:20px\"><a href=\"https:\/\/museum-der-philosophie.de\/?page_id=688\" data-type=\"page\" data-id=\"688\">Ruhmeshalle<\/a><\/p>\n\n\n\n<p style=\"font-size:20px\"><a href=\"https:\/\/museum-der-philosophie.de\/?page_id=14612\" data-type=\"page\" data-id=\"688\">Kunstgalerie<\/a><\/p>\n\n\n\n<p style=\"font-size:20px\"><a href=\"https:\/\/museum-der-philosophie.de\/?page_id=1171\" data-type=\"page\" data-id=\"1171\">Bibliothek<\/a><\/p>\n\n\n\n<p style=\"font-size:20px\"><a href=\"https:\/\/museum-der-philosophie.de\/?page_id=3375\" data-type=\"page\" data-id=\"3375\">Zitaten-Schatzkammer<\/a><\/p>\n\n\n\n<p style=\"font-size:20px\"><a href=\"https:\/\/museum-der-philosophie.de\/?page_id=838\" data-type=\"page\" data-id=\"838\">Kids&#8216; Philosophy<\/a><\/p>\n\n\n\n<p style=\"font-size:20px\"><a href=\"https:\/\/museum-der-philosophie.de\/?page_id=6128\" data-type=\"page\" data-id=\"6128\">Kinosaal<\/a><\/p>\n\n\n\n<p style=\"font-size:20px\"><a href=\"https:\/\/museum-der-philosophie.de\/?page_id=1959\" data-type=\"page\" data-id=\"1959\">Debattenraum<\/a><\/p>\n<\/div>\n\n\n\n<div class=\"wp-block-column is-layout-flow wp-block-column-is-layout-flow\">\n<p style=\"font-size:20px\"><strong>Das Museum<\/strong><\/p>\n\n\n\n<p style=\"font-size:20px\"><a href=\"https:\/\/museum-der-philosophie.de\/?page_id=1336\" data-type=\"page\" data-id=\"1336\">\u00dcber uns<\/a><\/p>\n\n\n\n<p style=\"font-size:20px\"><a href=\"https:\/\/museum-der-philosophie.de\/?p=13711\" data-type=\"post\" data-id=\"13711\">Bildschirmdarstellung<\/a><\/p>\n\n\n\n<p style=\"font-size:20px\"><a href=\"https:\/\/museum-der-philosophie.de\/?page_id=9363\" data-type=\"page\" data-id=\"9363\">Partner und Unterst\u00fctzer<\/a><\/p>\n\n\n\n<p style=\"font-size:20px\"><a href=\"https:\/\/museum-der-philosophie.de\/?page_id=2054\" data-type=\"page\" data-id=\"2054\">Mitmachen<\/a><\/p>\n\n\n\n<p style=\"font-size:20px\"><a href=\"https:\/\/museum-der-philosophie.de\/?page_id=7106\" data-type=\"page\" data-id=\"7106\">Newsletter<\/a><\/p>\n\n\n\n<p style=\"font-size:20px\"><a href=\"https:\/\/museum-der-philosophie.de\/?page_id=1375\" data-type=\"page\" data-id=\"1375\">Rechtliches \/ Impressum<\/a><\/p>\n\n\n\n<p style=\"font-size:20px\"><strong><mark style=\"background-color:rgba(0, 0, 0, 0)\" class=\"has-inline-color has-luminous-vivid-orange-color\">Bitte trage dich in unser<br><a href=\"https:\/\/museum-der-philosophie.de\/?page_id=1900\" data-type=\"page\" data-id=\"1900\">G\u00e4stebuch<\/a> ein.<br>\u00dcber ein paar Zeilen w\u00fcrden wir uns sehr freuen.<\/mark><\/strong><\/p>\n<\/div>\n<\/div>\n<\/div><button class=\"uagb-modal-popup-close\" aria-label=\"Close Modal\"><svg xmlns=\"https:\/\/www.w3.org\/2000\/svg\" viewBox=\"0 0 320 512\"><path d=\"M310.6 361.4c12.5 12.5 12.5 32.75 0 45.25C304.4 412.9 296.2 416 288 416s-16.38-3.125-22.62-9.375L160 301.3L54.63 406.6C48.38 412.9 40.19 416 32 416S15.63 412.9 9.375 406.6c-12.5-12.5-12.5-32.75 0-45.25l105.4-105.4L9.375 150.6c-12.5-12.5-12.5-32.75 0-45.25s32.75-12.5 45.25 0L160 210.8l105.4-105.4c12.5-12.5 32.75-12.5 45.25 0s12.5 32.75 0 45.25l-105.4 105.4L310.6 361.4z\"><\/path><\/svg><\/button><\/div><\/div><\/div>\n<\/div>\n\n\n\n<div class=\"wp-block-uagb-container uag-hide-mob uagb-block-409a2407 alignfull uagb-is-root-container\"><div class=\"uagb-container-inner-blocks-wrap\">\n<div class=\"wp-block-uagb-advanced-heading uagb-block-f62181c7\"><div class=\"uagb-heading-text\">Men\u00fc<\/div><\/div>\n<\/div><\/div>\n<\/div><\/div>\n<\/div>\n\n\n\n<div class=\"wp-block-uagb-advanced-heading uagb-block-a27d99cd\"><h1 class=\"uagb-heading-text\"><strong>Ruhmeshalle der Philosophie<\/strong><\/h1><\/div>\n\n\n\n<div class=\"wp-block-uagb-container uagb-block-9b8ff276 default uagb-is-root-container\">\n<div class=\"wp-block-uagb-container uag-hide-mob uagb-block-280d2637 default uagb-is-root-container\">\n<div class=\"wp-block-uagb-container uagb-block-fbb0e0b9\">\n<div class=\"wp-block-uagb-container uagb-block-9fe27c72\">\n<div class=\"wp-block-uagb-advanced-heading uagb-block-461b7fec\"><h1 class=\"uagb-heading-text\"><a href=\"https:\/\/museum-der-philosophie.de\/?page_id=11926#a4\" data-type=\"page\" data-id=\"11926\">Nordfl\u00fcgel<strong> <\/strong><\/a><\/h1><p class=\"uagb-desc-text\"><strong>19. und 20. Jahrhundert<\/strong><br>(bis zum II: Weltkrieg)<\/p><\/div>\n<\/div>\n<\/div>\n\n\n\n<div class=\"wp-block-uagb-container uagb-block-6babb6f7\">\n<div class=\"wp-block-uagb-container uagb-block-b78b55ef\">\n<div class=\"wp-block-uagb-advanced-heading uagb-block-87f5516e\"><h1 class=\"uagb-heading-text\"><a href=\"https:\/\/museum-der-philosophie.de\/?page_id=11926#a3\">Westfl\u00fcgel<\/a><strong> <\/strong><\/h1><p class=\"uagb-desc-text\"><strong>Von der Aufkl\u00e4rung <\/strong><br><strong>bis <\/strong><strong>zum Idealismus<\/strong><\/p><\/div>\n<\/div>\n\n\n\n<div class=\"wp-block-uagb-container uagb-block-0e6f21fd\"><\/div>\n\n\n\n<div class=\"wp-block-uagb-container uagb-block-957094d6\">\n<div class=\"wp-block-uagb-advanced-heading uagb-block-2e6fd893\"><h1 class=\"uagb-heading-text\"><a href=\"https:\/\/museum-der-philosophie.de\/?page_id=11926#a1\">Ostfl\u00fcgel<strong> <\/strong><\/a><\/h1><p class=\"uagb-desc-text\"><strong>Die Philosophen<\/strong><br><strong>der Antike<\/strong><\/p><\/div>\n<\/div>\n<\/div>\n\n\n\n<div class=\"wp-block-uagb-container uagb-block-2e5265da\">\n<div class=\"wp-block-uagb-container uagb-block-ef7755a8\">\n<div class=\"wp-block-uagb-advanced-heading uagb-block-d13a679f\"><h1 class=\"uagb-heading-text\"><a href=\"https:\/\/museum-der-philosophie.de\/?page_id=11926#a2\">S\u00fcdfl\u00fcgel<\/a><\/h1><p class=\"uagb-desc-text\"><strong>Mittelalter und <\/strong><br><strong>Renaissance<\/strong><\/p><\/div>\n<\/div>\n<\/div>\n<\/div>\n<\/div>\n\n\n\n<div class=\"wp-block-uagb-image aligncenter uagb-block-7288f80b wp-block-uagb-image--layout-overlay wp-block-uagb-image--effect-static wp-block-uagb-image--align-center\"><figure class=\"wp-block-uagb-image__figure\"><img decoding=\"async\" srcset=\"https:\/\/museum-der-philosophie.de\/wp-content\/uploads\/2023\/04\/Trapani11.png \" sizes=\"auto, (max-width: 480px) 150px\" src=\"https:\/\/museum-der-philosophie.de\/wp-content\/uploads\/2023\/04\/Trapani11.png\" alt=\"\" class=\"uag-image-2720\" width=\"530\" height=\"619\" title=\"\" loading=\"lazy\" role=\"img\"\/><div class=\"wp-block-uagb-image--layout-overlay__color-wrapper\"><\/div><div class=\"wp-block-uagb-image--layout-overlay__inner center-center\"><h3 class=\"uagb-image-heading\">Was sollte mich abhalten, <br>an den Bildnissen gro\u00dfer M\u00e4nner <br>meine Freude zu haben?<br><sub>Seneca<\/sub><br><\/h3><figcaption class=\"uagb-image-caption\">Relief aus der Kathedrale S. Lorenzo in Trapani<br>Seneca: Epistulae Morales ad Lucilium<\/figcaption><\/div><\/figure><\/div>\n<\/div>\n\n\n\n<div class=\"wp-block-uagb-container uagb-block-f8090d74\">\n<div class=\"wp-block-uagb-container uagb-block-c094f7ed alignfull uagb-is-root-container\"><div class=\"uagb-container-inner-blocks-wrap\">\n<div class=\"wp-block-uagb-container uagb-block-d7540cac alignfull uagb-is-root-container\"><div class=\"uagb-container-inner-blocks-wrap\">\n<div class=\"wp-block-uagb-container uagb-block-e8cf6f51\">\n<p class=\"uag-hide-mob\">Die Auswahl der Philosophen f\u00fcr unsere Ruhmeshalle erfolgte durch das Kuratorium in eintr\u00e4chtigem Disput. Dabei kam es zwischen Hegel- und Schopenhauer-Anh\u00e4ngern zu heftigen Pr\u00fcgeleien. Die Nietzsche-Skulptur wurde mehrfach nachts aus dem Fenster geworfen. Seither lassen wir die Ruhmeshalle rund um die Uhr durch Security bewachen. \ud83e\udd23<br><br><strong>Zu allen Personen erh\u00e4ltst du Infos durch \u00dcberqueren mit der Maus. Sofern es weiterf\u00fchrende Exponate zur jeweiligen Person in unserem Museum gibt, werden sie dir angezeigt.<\/strong><\/p>\n<\/div>\n\n\n\n<div class=\"wp-block-uagb-container uag-hide-mob uagb-block-25d030c1\">\n<div class=\"wp-block-uagb-advanced-heading uagb-block-1185af36\"><h1 class=\"uagb-heading-text\"><a href=\"https:\/\/museum-der-philosophie.de\/?page_id=11926\" data-type=\"page\" data-id=\"11926\">Starte den Rundgang<\/a><\/h1><\/div>\n<\/div>\n\n\n\n<p class=\"has-text-align-center\" style=\"font-size:24px\"><strong>Zur Zeit befinden sich ausf\u00fchrliche Portr\u00e4ts folgender Philosophen in unserer Ausstellung:<\/strong><\/p>\n\n\n\n\t\t\t<div class=\"wp-block-uagb-post-grid uagb-post-grid  uagb-post__image-position-top uagb-post__image-enabled uagb-block-27f6aeef     uagb-post__items uagb-post__columns-5 is-grid uagb-post__columns-tablet-2 uagb-post__columns-mobile-1 uagb-post__equal-height\" data-total=\"1\" style=\"\">\n\n\t\t\t\t\t\t\t\t\t\t\t\t<article class=\"uagb-post__inner-wrap\">\t\t\t\t\t\t\t\t<div class='uagb-post__image'>\n\t\t\t\t\t\t\t\t\t<a href=\"https:\/\/museum-der-philosophie.de\/?p=16273\" target=\"_self\" rel=\"bookmark noopener noreferrer\" class='uagb-image-ratio-inherit'><img loading=\"lazy\" decoding=\"async\" width=\"400\" height=\"497\" src=\"https:\/\/museum-der-philosophie.de\/wp-content\/uploads\/2023\/06\/640px-Aristotle_Altemps_Inv8575_1_-removebg-preview1-e1741850492162-400x497.png\" class=\"attachment-medium size-medium\" alt=\"\" srcset=\"https:\/\/museum-der-philosophie.de\/wp-content\/uploads\/2023\/06\/640px-Aristotle_Altemps_Inv8575_1_-removebg-preview1-e1741850492162-400x497.png 400w, https:\/\/museum-der-philosophie.de\/wp-content\/uploads\/2023\/06\/640px-Aristotle_Altemps_Inv8575_1_-removebg-preview1-e1741850492162-150x186.png 150w, https:\/\/museum-der-philosophie.de\/wp-content\/uploads\/2023\/06\/640px-Aristotle_Altemps_Inv8575_1_-removebg-preview1-e1741850492162.png 432w\" sizes=\"auto, (max-width: 400px) 100vw, 400px\" \/>\t\t\t\t\t<\/a>\n\t\t\t\t\t\t\t<\/div>\n\t\t\t\t\t\t<h4 class=\"uagb-post__title uagb-post__text\">\n\t\t\t\t<a href=\"https:\/\/museum-der-philosophie.de\/?p=16273\" target=\"_self\" rel=\"bookmark noopener noreferrer\">Aristoteles<\/a>\n\t\t\t<\/h4>\n\t\t\t\t\t\t<div class='uagb-post__text uagb-post-grid-byline'>\n\t\t\t\t\t\t\t<\/div>\n\t\t\t\t\t\t<div class=\"uagb-post__text uagb-post__cta wp-block-button\">\n\t\t\t\t<a class=\"wp-block-button__link uagb-text-link\" style=\"\" href=\"https:\/\/museum-der-philosophie.de\/?p=16273\" target=\"_self\" rel=\"bookmark noopener noreferrer\">zum Portr\u00e4t<\/a>\n\t\t\t<\/div>\n\t\t\t\n\t\t\t\t\t\t\t\t\t<\/article>\n\t\t\t\t\t\t\t\t\t\t\t\t\t\t\t\t<article class=\"uagb-post__inner-wrap\">\t\t\t\t\t\t\t\t<div class='uagb-post__image'>\n\t\t\t\t\t\t\t\t\t<a href=\"https:\/\/museum-der-philosophie.de\/?p=3134\" target=\"_self\" rel=\"bookmark noopener noreferrer\" class='uagb-image-ratio-inherit'><img loading=\"lazy\" decoding=\"async\" width=\"243\" height=\"300\" src=\"https:\/\/museum-der-philosophie.de\/wp-content\/uploads\/2023\/03\/Schopenhauer1-243x300.jpg\" class=\"attachment-medium size-medium\" alt=\"\" srcset=\"https:\/\/museum-der-philosophie.de\/wp-content\/uploads\/2023\/03\/Schopenhauer1-243x300.jpg 243w, https:\/\/museum-der-philosophie.de\/wp-content\/uploads\/2023\/03\/Schopenhauer1-829x1024.jpg 829w, https:\/\/museum-der-philosophie.de\/wp-content\/uploads\/2023\/03\/Schopenhauer1-768x948.jpg 768w, https:\/\/museum-der-philosophie.de\/wp-content\/uploads\/2023\/03\/Schopenhauer1.jpg 1160w\" sizes=\"auto, (max-width: 243px) 100vw, 243px\" \/>\t\t\t\t\t<\/a>\n\t\t\t\t\t\t\t<\/div>\n\t\t\t\t\t\t<h4 class=\"uagb-post__title uagb-post__text\">\n\t\t\t\t<a href=\"https:\/\/museum-der-philosophie.de\/?p=3134\" target=\"_self\" rel=\"bookmark noopener noreferrer\">Arthur Schopenhauer<\/a>\n\t\t\t<\/h4>\n\t\t\t\t\t\t<div class='uagb-post__text uagb-post-grid-byline'>\n\t\t\t\t\t\t\t<\/div>\n\t\t\t\t\t\t<div class=\"uagb-post__text uagb-post__cta wp-block-button\">\n\t\t\t\t<a class=\"wp-block-button__link uagb-text-link\" style=\"\" href=\"https:\/\/museum-der-philosophie.de\/?p=3134\" target=\"_self\" rel=\"bookmark noopener noreferrer\">zum Portr\u00e4t<\/a>\n\t\t\t<\/div>\n\t\t\t\n\t\t\t\t\t\t\t\t\t<\/article>\n\t\t\t\t\t\t\t\t\t\t\t\t\t\t\t\t<article class=\"uagb-post__inner-wrap\">\t\t\t\t\t\t\t\t<div class='uagb-post__image'>\n\t\t\t\t\t\t\t\t\t<a href=\"https:\/\/museum-der-philosophie.de\/?p=17728\" target=\"_self\" rel=\"bookmark noopener noreferrer\" class='uagb-image-ratio-inherit'><img loading=\"lazy\" decoding=\"async\" width=\"400\" height=\"569\" src=\"https:\/\/museum-der-philosophie.de\/wp-content\/uploads\/2023\/08\/Aspasie_Pio-Clementino_Inv272_1_-removebg-preview1-e1769683250859-400x569.png\" class=\"attachment-medium size-medium\" alt=\"\" srcset=\"https:\/\/museum-der-philosophie.de\/wp-content\/uploads\/2023\/08\/Aspasie_Pio-Clementino_Inv272_1_-removebg-preview1-e1769683250859-400x569.png 400w, https:\/\/museum-der-philosophie.de\/wp-content\/uploads\/2023\/08\/Aspasie_Pio-Clementino_Inv272_1_-removebg-preview1-e1769683250859-150x213.png 150w, https:\/\/museum-der-philosophie.de\/wp-content\/uploads\/2023\/08\/Aspasie_Pio-Clementino_Inv272_1_-removebg-preview1-e1769683250859.png 405w\" sizes=\"auto, (max-width: 400px) 100vw, 400px\" \/>\t\t\t\t\t<\/a>\n\t\t\t\t\t\t\t<\/div>\n\t\t\t\t\t\t<h4 class=\"uagb-post__title uagb-post__text\">\n\t\t\t\t<a href=\"https:\/\/museum-der-philosophie.de\/?p=17728\" target=\"_self\" rel=\"bookmark noopener noreferrer\">Aspasia von Milet<\/a>\n\t\t\t<\/h4>\n\t\t\t\t\t\t<div class='uagb-post__text uagb-post-grid-byline'>\n\t\t\t\t\t\t\t<\/div>\n\t\t\t\t\t\t<div class=\"uagb-post__text uagb-post__cta wp-block-button\">\n\t\t\t\t<a class=\"wp-block-button__link uagb-text-link\" style=\"\" href=\"https:\/\/museum-der-philosophie.de\/?p=17728\" target=\"_self\" rel=\"bookmark noopener noreferrer\">zum Portr\u00e4t<\/a>\n\t\t\t<\/div>\n\t\t\t\n\t\t\t\t\t\t\t\t\t<\/article>\n\t\t\t\t\t\t\t\t\t\t\t\t\t\t\t\t<article class=\"uagb-post__inner-wrap\">\t\t\t\t\t\t\t\t<div class='uagb-post__image'>\n\t\t\t\t\t\t\t\t\t<a href=\"https:\/\/museum-der-philosophie.de\/?p=15564\" target=\"_self\" rel=\"bookmark noopener noreferrer\" class='uagb-image-ratio-inherit'><img loading=\"lazy\" decoding=\"async\" width=\"400\" height=\"465\" src=\"https:\/\/museum-der-philosophie.de\/wp-content\/uploads\/2023\/08\/Spinoza2-400x465.jpg\" class=\"attachment-medium size-medium\" alt=\"\" srcset=\"https:\/\/museum-der-philosophie.de\/wp-content\/uploads\/2023\/08\/Spinoza2-400x465.jpg 400w, https:\/\/museum-der-philosophie.de\/wp-content\/uploads\/2023\/08\/Spinoza2-1170x1359.jpg 1170w, https:\/\/museum-der-philosophie.de\/wp-content\/uploads\/2023\/08\/Spinoza2-150x174.jpg 150w, https:\/\/museum-der-philosophie.de\/wp-content\/uploads\/2023\/08\/Spinoza2-768x892.jpg 768w, https:\/\/museum-der-philosophie.de\/wp-content\/uploads\/2023\/08\/Spinoza2-1322x1536.jpg 1322w, https:\/\/museum-der-philosophie.de\/wp-content\/uploads\/2023\/08\/Spinoza2.jpg 1377w\" sizes=\"auto, (max-width: 400px) 100vw, 400px\" \/>\t\t\t\t\t<\/a>\n\t\t\t\t\t\t\t<\/div>\n\t\t\t\t\t\t<h4 class=\"uagb-post__title uagb-post__text\">\n\t\t\t\t<a href=\"https:\/\/museum-der-philosophie.de\/?p=15564\" target=\"_self\" rel=\"bookmark noopener noreferrer\">Baruch de Spinoza<\/a>\n\t\t\t<\/h4>\n\t\t\t\t\t\t<div class='uagb-post__text uagb-post-grid-byline'>\n\t\t\t\t\t\t\t<\/div>\n\t\t\t\t\t\t<div class=\"uagb-post__text uagb-post__cta wp-block-button\">\n\t\t\t\t<a class=\"wp-block-button__link uagb-text-link\" style=\"\" href=\"https:\/\/museum-der-philosophie.de\/?p=15564\" target=\"_self\" rel=\"bookmark noopener noreferrer\">zum Portr\u00e4t<\/a>\n\t\t\t<\/div>\n\t\t\t\n\t\t\t\t\t\t\t\t\t<\/article>\n\t\t\t\t\t\t\t\t\t\t\t\t\t\t\t\t<article class=\"uagb-post__inner-wrap\">\t\t\t\t\t\t\t\t<div class='uagb-post__image'>\n\t\t\t\t\t\t\t\t\t<a href=\"https:\/\/museum-der-philosophie.de\/?p=3430\" target=\"_self\" rel=\"bookmark noopener noreferrer\" class='uagb-image-ratio-inherit'><img loading=\"lazy\" decoding=\"async\" width=\"240\" height=\"300\" src=\"https:\/\/museum-der-philosophie.de\/wp-content\/uploads\/2023\/05\/386px-Bertha_von_Suttner1-e1684232479304-240x300.png\" class=\"attachment-medium size-medium\" alt=\"\" srcset=\"https:\/\/museum-der-philosophie.de\/wp-content\/uploads\/2023\/05\/386px-Bertha_von_Suttner1-e1684232479304-240x300.png 240w, https:\/\/museum-der-philosophie.de\/wp-content\/uploads\/2023\/05\/386px-Bertha_von_Suttner1-e1684232479304.png 310w\" sizes=\"auto, (max-width: 240px) 100vw, 240px\" \/>\t\t\t\t\t<\/a>\n\t\t\t\t\t\t\t<\/div>\n\t\t\t\t\t\t<h4 class=\"uagb-post__title uagb-post__text\">\n\t\t\t\t<a href=\"https:\/\/museum-der-philosophie.de\/?p=3430\" target=\"_self\" rel=\"bookmark noopener noreferrer\">Bertha von Suttner<\/a>\n\t\t\t<\/h4>\n\t\t\t\t\t\t<div class='uagb-post__text uagb-post-grid-byline'>\n\t\t\t\t\t\t\t<\/div>\n\t\t\t\t\t\t<div class=\"uagb-post__text uagb-post__cta wp-block-button\">\n\t\t\t\t<a class=\"wp-block-button__link uagb-text-link\" style=\"\" href=\"https:\/\/museum-der-philosophie.de\/?p=3430\" target=\"_self\" rel=\"bookmark noopener noreferrer\">zum Portr\u00e4t<\/a>\n\t\t\t<\/div>\n\t\t\t\n\t\t\t\t\t\t\t\t\t<\/article>\n\t\t\t\t\t\t\t\t\t\t\t\t\t\t\t\t<article class=\"uagb-post__inner-wrap\">\t\t\t\t\t\t\t\t<div class='uagb-post__image'>\n\t\t\t\t\t\t\t\t\t<a href=\"https:\/\/museum-der-philosophie.de\/?p=5301\" target=\"_self\" rel=\"bookmark noopener noreferrer\" class='uagb-image-ratio-inherit'><img loading=\"lazy\" decoding=\"async\" width=\"400\" height=\"523\" src=\"https:\/\/museum-der-philosophie.de\/wp-content\/uploads\/2023\/09\/458px-Charles-darwin-portrait2.svg_1_-removebg-preview1-400x523.png\" class=\"attachment-medium size-medium\" alt=\"\" srcset=\"https:\/\/museum-der-philosophie.de\/wp-content\/uploads\/2023\/09\/458px-Charles-darwin-portrait2.svg_1_-removebg-preview1-400x523.png 400w, https:\/\/museum-der-philosophie.de\/wp-content\/uploads\/2023\/09\/458px-Charles-darwin-portrait2.svg_1_-removebg-preview1-150x196.png 150w, https:\/\/museum-der-philosophie.de\/wp-content\/uploads\/2023\/09\/458px-Charles-darwin-portrait2.svg_1_-removebg-preview1.png 437w\" sizes=\"auto, (max-width: 400px) 100vw, 400px\" \/>\t\t\t\t\t<\/a>\n\t\t\t\t\t\t\t<\/div>\n\t\t\t\t\t\t<h4 class=\"uagb-post__title uagb-post__text\">\n\t\t\t\t<a href=\"https:\/\/museum-der-philosophie.de\/?p=5301\" target=\"_self\" rel=\"bookmark noopener noreferrer\">Charles Darwin<\/a>\n\t\t\t<\/h4>\n\t\t\t\t\t\t<div class='uagb-post__text uagb-post-grid-byline'>\n\t\t\t\t\t\t\t<\/div>\n\t\t\t\t\t\t<div class=\"uagb-post__text uagb-post__cta wp-block-button\">\n\t\t\t\t<a class=\"wp-block-button__link uagb-text-link\" style=\"\" href=\"https:\/\/museum-der-philosophie.de\/?p=5301\" target=\"_self\" rel=\"bookmark noopener noreferrer\">zum Portr\u00e4t<\/a>\n\t\t\t<\/div>\n\t\t\t\n\t\t\t\t\t\t\t\t\t<\/article>\n\t\t\t\t\t\t\t\t\t\t\t\t\t\t\t\t<article class=\"uagb-post__inner-wrap\">\t\t\t\t\t\t\t\t<div class='uagb-post__image'>\n\t\t\t\t\t\t\t\t\t<a href=\"https:\/\/museum-der-philosophie.de\/?p=9447\" target=\"_self\" rel=\"bookmark noopener noreferrer\" class='uagb-image-ratio-inherit'><img loading=\"lazy\" decoding=\"async\" width=\"400\" height=\"589\" src=\"https:\/\/museum-der-philosophie.de\/wp-content\/uploads\/2024\/04\/Wolff-sporleder-e1714134532699-400x589.jpg\" class=\"attachment-medium size-medium\" alt=\"\" srcset=\"https:\/\/museum-der-philosophie.de\/wp-content\/uploads\/2024\/04\/Wolff-sporleder-e1714134532699-400x589.jpg 400w, https:\/\/museum-der-philosophie.de\/wp-content\/uploads\/2024\/04\/Wolff-sporleder-e1714134532699-150x221.jpg 150w, https:\/\/museum-der-philosophie.de\/wp-content\/uploads\/2024\/04\/Wolff-sporleder-e1714134532699.jpg 755w\" sizes=\"auto, (max-width: 400px) 100vw, 400px\" \/>\t\t\t\t\t<\/a>\n\t\t\t\t\t\t\t<\/div>\n\t\t\t\t\t\t<h4 class=\"uagb-post__title uagb-post__text\">\n\t\t\t\t<a href=\"https:\/\/museum-der-philosophie.de\/?p=9447\" target=\"_self\" rel=\"bookmark noopener noreferrer\">Christian Wolff<\/a>\n\t\t\t<\/h4>\n\t\t\t\t\t\t<div class='uagb-post__text uagb-post-grid-byline'>\n\t\t\t\t\t\t\t<\/div>\n\t\t\t\t\t\t<div class=\"uagb-post__text uagb-post__cta wp-block-button\">\n\t\t\t\t<a class=\"wp-block-button__link uagb-text-link\" style=\"\" href=\"https:\/\/museum-der-philosophie.de\/?p=9447\" target=\"_self\" rel=\"bookmark noopener noreferrer\">zum Portr\u00e4t<\/a>\n\t\t\t<\/div>\n\t\t\t\n\t\t\t\t\t\t\t\t\t<\/article>\n\t\t\t\t\t\t\t\t\t\t\t\t\t\t\t\t<article class=\"uagb-post__inner-wrap\">\t\t\t\t\t\t\t\t<div class='uagb-post__image'>\n\t\t\t\t\t\t\t\t\t<a href=\"https:\/\/museum-der-philosophie.de\/?p=17797\" target=\"_self\" rel=\"bookmark noopener noreferrer\" class='uagb-image-ratio-inherit'><img loading=\"lazy\" decoding=\"async\" width=\"400\" height=\"533\" src=\"https:\/\/museum-der-philosophie.de\/wp-content\/uploads\/2026\/02\/960px-Cicero_-_Musei_Capitolini1-400x533.png\" class=\"attachment-medium size-medium\" alt=\"\" srcset=\"https:\/\/museum-der-philosophie.de\/wp-content\/uploads\/2026\/02\/960px-Cicero_-_Musei_Capitolini1-400x533.png 400w, https:\/\/museum-der-philosophie.de\/wp-content\/uploads\/2026\/02\/960px-Cicero_-_Musei_Capitolini1-150x200.png 150w, https:\/\/museum-der-philosophie.de\/wp-content\/uploads\/2026\/02\/960px-Cicero_-_Musei_Capitolini1-768x1024.png 768w, https:\/\/museum-der-philosophie.de\/wp-content\/uploads\/2026\/02\/960px-Cicero_-_Musei_Capitolini1.png 810w\" sizes=\"auto, (max-width: 400px) 100vw, 400px\" \/>\t\t\t\t\t<\/a>\n\t\t\t\t\t\t\t<\/div>\n\t\t\t\t\t\t<h4 class=\"uagb-post__title uagb-post__text\">\n\t\t\t\t<a href=\"https:\/\/museum-der-philosophie.de\/?p=17797\" target=\"_self\" rel=\"bookmark noopener noreferrer\">Cicero<\/a>\n\t\t\t<\/h4>\n\t\t\t\t\t\t<div class='uagb-post__text uagb-post-grid-byline'>\n\t\t\t\t\t\t\t<\/div>\n\t\t\t\t\t\t<div class=\"uagb-post__text uagb-post__cta wp-block-button\">\n\t\t\t\t<a class=\"wp-block-button__link uagb-text-link\" style=\"\" href=\"https:\/\/museum-der-philosophie.de\/?p=17797\" target=\"_self\" rel=\"bookmark noopener noreferrer\">zum Portr\u00e4t<\/a>\n\t\t\t<\/div>\n\t\t\t\n\t\t\t\t\t\t\t\t\t<\/article>\n\t\t\t\t\t\t\t\t\t\t\t\t\t\t\t\t<article class=\"uagb-post__inner-wrap\">\t\t\t\t\t\t\t\t<div class='uagb-post__image'>\n\t\t\t\t\t\t\t\t\t<a href=\"https:\/\/museum-der-philosophie.de\/?p=15780\" target=\"_self\" rel=\"bookmark noopener noreferrer\" class='uagb-image-ratio-inherit'><img loading=\"lazy\" decoding=\"async\" width=\"400\" height=\"476\" src=\"https:\/\/museum-der-philosophie.de\/wp-content\/uploads\/2025\/01\/861px-Allan_Ramsay_-_David_Hume_1711_-_1776._Historian_and_philosopher_-_Google_Art_Project1-400x476.jpg\" class=\"attachment-medium size-medium\" alt=\"\" srcset=\"https:\/\/museum-der-philosophie.de\/wp-content\/uploads\/2025\/01\/861px-Allan_Ramsay_-_David_Hume_1711_-_1776._Historian_and_philosopher_-_Google_Art_Project1-400x476.jpg 400w, https:\/\/museum-der-philosophie.de\/wp-content\/uploads\/2025\/01\/861px-Allan_Ramsay_-_David_Hume_1711_-_1776._Historian_and_philosopher_-_Google_Art_Project1-150x178.jpg 150w, https:\/\/museum-der-philosophie.de\/wp-content\/uploads\/2025\/01\/861px-Allan_Ramsay_-_David_Hume_1711_-_1776._Historian_and_philosopher_-_Google_Art_Project1-768x913.jpg 768w, https:\/\/museum-der-philosophie.de\/wp-content\/uploads\/2025\/01\/861px-Allan_Ramsay_-_David_Hume_1711_-_1776._Historian_and_philosopher_-_Google_Art_Project1.jpg 861w\" sizes=\"auto, (max-width: 400px) 100vw, 400px\" \/>\t\t\t\t\t<\/a>\n\t\t\t\t\t\t\t<\/div>\n\t\t\t\t\t\t<h4 class=\"uagb-post__title uagb-post__text\">\n\t\t\t\t<a href=\"https:\/\/museum-der-philosophie.de\/?p=15780\" target=\"_self\" rel=\"bookmark noopener noreferrer\">David Hume<\/a>\n\t\t\t<\/h4>\n\t\t\t\t\t\t<div class='uagb-post__text uagb-post-grid-byline'>\n\t\t\t\t\t\t\t<\/div>\n\t\t\t\t\t\t<div class=\"uagb-post__text uagb-post__cta wp-block-button\">\n\t\t\t\t<a class=\"wp-block-button__link uagb-text-link\" style=\"\" href=\"https:\/\/museum-der-philosophie.de\/?p=15780\" target=\"_self\" rel=\"bookmark noopener noreferrer\">zum Portr\u00e4t<\/a>\n\t\t\t<\/div>\n\t\t\t\n\t\t\t\t\t\t\t\t\t<\/article>\n\t\t\t\t\t\t\t\t\t\t\t\t\t\t\t\t<article class=\"uagb-post__inner-wrap\">\t\t\t\t\t\t\t\t<div class='uagb-post__image'>\n\t\t\t\t\t\t\t\t\t<a href=\"https:\/\/museum-der-philosophie.de\/?p=3570\" target=\"_self\" rel=\"bookmark noopener noreferrer\" class='uagb-image-ratio-inherit'><img loading=\"lazy\" decoding=\"async\" width=\"400\" height=\"511\" src=\"https:\/\/museum-der-philosophie.de\/wp-content\/uploads\/2023\/08\/greuze-portrait-of-diderot-illustration-md1-400x511.jpeg\" class=\"attachment-medium size-medium\" alt=\"\" srcset=\"https:\/\/museum-der-philosophie.de\/wp-content\/uploads\/2023\/08\/greuze-portrait-of-diderot-illustration-md1-400x511.jpeg 400w, https:\/\/museum-der-philosophie.de\/wp-content\/uploads\/2023\/08\/greuze-portrait-of-diderot-illustration-md1-150x191.jpeg 150w, https:\/\/museum-der-philosophie.de\/wp-content\/uploads\/2023\/08\/greuze-portrait-of-diderot-illustration-md1.jpeg 752w\" sizes=\"auto, (max-width: 400px) 100vw, 400px\" \/>\t\t\t\t\t<\/a>\n\t\t\t\t\t\t\t<\/div>\n\t\t\t\t\t\t<h4 class=\"uagb-post__title uagb-post__text\">\n\t\t\t\t<a href=\"https:\/\/museum-der-philosophie.de\/?p=3570\" target=\"_self\" rel=\"bookmark noopener noreferrer\">Denis Diderot<\/a>\n\t\t\t<\/h4>\n\t\t\t\t\t\t<div class='uagb-post__text uagb-post-grid-byline'>\n\t\t\t\t\t\t\t<\/div>\n\t\t\t\t\t\t<div class=\"uagb-post__text uagb-post__cta wp-block-button\">\n\t\t\t\t<a class=\"wp-block-button__link uagb-text-link\" style=\"\" href=\"https:\/\/museum-der-philosophie.de\/?p=3570\" target=\"_self\" rel=\"bookmark noopener noreferrer\">zum Portr\u00e4t<\/a>\n\t\t\t<\/div>\n\t\t\t\n\t\t\t\t\t\t\t\t\t<\/article>\n\t\t\t\t\t\t\t\t\t\t\t\t\t\t\t\t<article class=\"uagb-post__inner-wrap\">\t\t\t\t\t\t\t\t<div class='uagb-post__image'>\n\t\t\t\t\t\t\t\t\t<a href=\"https:\/\/museum-der-philosophie.de\/?p=13740\" target=\"_self\" rel=\"bookmark noopener noreferrer\" class='uagb-image-ratio-inherit'><img loading=\"lazy\" decoding=\"async\" width=\"400\" height=\"392\" src=\"https:\/\/museum-der-philosophie.de\/wp-content\/uploads\/2024\/12\/Inconnu_portrait_de_madame_Du_Chatelet_a_sa_table_de_travail_detail_chateau_de_Breteuil_-0021-400x392.jpg\" class=\"attachment-medium size-medium\" alt=\"\" srcset=\"https:\/\/museum-der-philosophie.de\/wp-content\/uploads\/2024\/12\/Inconnu_portrait_de_madame_Du_Chatelet_a_sa_table_de_travail_detail_chateau_de_Breteuil_-0021-400x392.jpg 400w, https:\/\/museum-der-philosophie.de\/wp-content\/uploads\/2024\/12\/Inconnu_portrait_de_madame_Du_Chatelet_a_sa_table_de_travail_detail_chateau_de_Breteuil_-0021-150x147.jpg 150w, https:\/\/museum-der-philosophie.de\/wp-content\/uploads\/2024\/12\/Inconnu_portrait_de_madame_Du_Chatelet_a_sa_table_de_travail_detail_chateau_de_Breteuil_-0021-70x70.jpg 70w, https:\/\/museum-der-philosophie.de\/wp-content\/uploads\/2024\/12\/Inconnu_portrait_de_madame_Du_Chatelet_a_sa_table_de_travail_detail_chateau_de_Breteuil_-0021.jpg 500w\" sizes=\"auto, (max-width: 400px) 100vw, 400px\" \/>\t\t\t\t\t<\/a>\n\t\t\t\t\t\t\t<\/div>\n\t\t\t\t\t\t<h4 class=\"uagb-post__title uagb-post__text\">\n\t\t\t\t<a href=\"https:\/\/museum-der-philosophie.de\/?p=13740\" target=\"_self\" rel=\"bookmark noopener noreferrer\">\u00c9milie du Ch\u00e2telet<\/a>\n\t\t\t<\/h4>\n\t\t\t\t\t\t<div class='uagb-post__text uagb-post-grid-byline'>\n\t\t\t\t\t\t\t<\/div>\n\t\t\t\t\t\t<div class=\"uagb-post__text uagb-post__cta wp-block-button\">\n\t\t\t\t<a class=\"wp-block-button__link uagb-text-link\" style=\"\" href=\"https:\/\/museum-der-philosophie.de\/?p=13740\" target=\"_self\" rel=\"bookmark noopener noreferrer\">zum Portr\u00e4t<\/a>\n\t\t\t<\/div>\n\t\t\t\n\t\t\t\t\t\t\t\t\t<\/article>\n\t\t\t\t\t\t\t\t\t\t\t\t\t\t\t\t<article class=\"uagb-post__inner-wrap\">\t\t\t\t\t\t\t\t<div class='uagb-post__image'>\n\t\t\t\t\t\t\t\t\t<a href=\"https:\/\/museum-der-philosophie.de\/?p=18017\" target=\"_self\" rel=\"bookmark noopener noreferrer\" class='uagb-image-ratio-inherit'><img loading=\"lazy\" decoding=\"async\" width=\"400\" height=\"550\" src=\"https:\/\/museum-der-philosophie.de\/wp-content\/uploads\/2025\/03\/558px-Portrait_of_Epicurus_cropped_noBG1_1_-removebg-preview-400x550.png\" class=\"attachment-medium size-medium\" alt=\"\" \/>\t\t\t\t\t<\/a>\n\t\t\t\t\t\t\t<\/div>\n\t\t\t\t\t\t<h4 class=\"uagb-post__title uagb-post__text\">\n\t\t\t\t<a href=\"https:\/\/museum-der-philosophie.de\/?p=18017\" target=\"_self\" rel=\"bookmark noopener noreferrer\">Epikur<\/a>\n\t\t\t<\/h4>\n\t\t\t\t\t\t<div class='uagb-post__text uagb-post-grid-byline'>\n\t\t\t\t\t\t\t<\/div>\n\t\t\t\t\t\t<div class=\"uagb-post__text uagb-post__cta wp-block-button\">\n\t\t\t\t<a class=\"wp-block-button__link uagb-text-link\" style=\"\" href=\"https:\/\/museum-der-philosophie.de\/?p=18017\" target=\"_self\" rel=\"bookmark noopener noreferrer\">zum Portr\u00e4t<\/a>\n\t\t\t<\/div>\n\t\t\t\n\t\t\t\t\t\t\t\t\t<\/article>\n\t\t\t\t\t\t\t\t\t\t\t\t\t\t\t\t<article class=\"uagb-post__inner-wrap\">\t\t\t\t\t\t\t\t<div class='uagb-post__image'>\n\t\t\t\t\t\t\t\t\t<a href=\"https:\/\/museum-der-philosophie.de\/?p=7402\" target=\"_self\" rel=\"bookmark noopener noreferrer\" class='uagb-image-ratio-inherit'><img loading=\"lazy\" decoding=\"async\" width=\"345\" height=\"488\" src=\"https:\/\/museum-der-philosophie.de\/wp-content\/uploads\/2024\/01\/345px-Holbein-erasmus1.jpg\" class=\"attachment-medium size-medium\" alt=\"\" srcset=\"https:\/\/museum-der-philosophie.de\/wp-content\/uploads\/2024\/01\/345px-Holbein-erasmus1.jpg 345w, https:\/\/museum-der-philosophie.de\/wp-content\/uploads\/2024\/01\/345px-Holbein-erasmus1-150x212.jpg 150w\" sizes=\"auto, (max-width: 345px) 100vw, 345px\" \/>\t\t\t\t\t<\/a>\n\t\t\t\t\t\t\t<\/div>\n\t\t\t\t\t\t<h4 class=\"uagb-post__title uagb-post__text\">\n\t\t\t\t<a href=\"https:\/\/museum-der-philosophie.de\/?p=7402\" target=\"_self\" rel=\"bookmark noopener noreferrer\">Erasmus von Rotterdam<\/a>\n\t\t\t<\/h4>\n\t\t\t\t\t\t<div class='uagb-post__text uagb-post-grid-byline'>\n\t\t\t\t\t\t\t<\/div>\n\t\t\t\t\t\t<div class=\"uagb-post__text uagb-post__cta wp-block-button\">\n\t\t\t\t<a class=\"wp-block-button__link uagb-text-link\" style=\"\" href=\"https:\/\/museum-der-philosophie.de\/?p=7402\" target=\"_self\" rel=\"bookmark noopener noreferrer\">zum Portr\u00e4t<\/a>\n\t\t\t<\/div>\n\t\t\t\n\t\t\t\t\t\t\t\t\t<\/article>\n\t\t\t\t\t\t\t\t\t\t\t\t\t\t\t\t<article class=\"uagb-post__inner-wrap\">\t\t\t\t\t\t\t\t<div class='uagb-post__image'>\n\t\t\t\t\t\t\t\t\t<a href=\"https:\/\/museum-der-philosophie.de\/?p=5449\" target=\"_self\" rel=\"bookmark noopener noreferrer\" class='uagb-image-ratio-inherit'><img loading=\"lazy\" decoding=\"async\" width=\"400\" height=\"323\" src=\"https:\/\/museum-der-philosophie.de\/wp-content\/uploads\/2023\/09\/594px-Erich_Fromm_19741-400x323.jpg\" class=\"attachment-medium size-medium\" alt=\"\" srcset=\"https:\/\/museum-der-philosophie.de\/wp-content\/uploads\/2023\/09\/594px-Erich_Fromm_19741-400x323.jpg 400w, https:\/\/museum-der-philosophie.de\/wp-content\/uploads\/2023\/09\/594px-Erich_Fromm_19741-150x121.jpg 150w, https:\/\/museum-der-philosophie.de\/wp-content\/uploads\/2023\/09\/594px-Erich_Fromm_19741.jpg 594w\" sizes=\"auto, (max-width: 400px) 100vw, 400px\" \/>\t\t\t\t\t<\/a>\n\t\t\t\t\t\t\t<\/div>\n\t\t\t\t\t\t<h4 class=\"uagb-post__title uagb-post__text\">\n\t\t\t\t<a href=\"https:\/\/museum-der-philosophie.de\/?p=5449\" target=\"_self\" rel=\"bookmark noopener noreferrer\">Erich Fromm<\/a>\n\t\t\t<\/h4>\n\t\t\t\t\t\t<div class='uagb-post__text uagb-post-grid-byline'>\n\t\t\t\t\t\t\t<\/div>\n\t\t\t\t\t\t<div class=\"uagb-post__text uagb-post__cta wp-block-button\">\n\t\t\t\t<a class=\"wp-block-button__link uagb-text-link\" style=\"\" href=\"https:\/\/museum-der-philosophie.de\/?p=5449\" target=\"_self\" rel=\"bookmark noopener noreferrer\">zum Portr\u00e4t<\/a>\n\t\t\t<\/div>\n\t\t\t\n\t\t\t\t\t\t\t\t\t<\/article>\n\t\t\t\t\t\t\t\t\t\t\t\t\t\t\t\t<article class=\"uagb-post__inner-wrap\">\t\t\t\t\t\t\t\t<div class='uagb-post__image'>\n\t\t\t\t\t\t\t\t\t<a href=\"https:\/\/museum-der-philosophie.de\/?p=6700\" target=\"_self\" rel=\"bookmark noopener noreferrer\" class='uagb-image-ratio-inherit'><img loading=\"lazy\" decoding=\"async\" width=\"400\" height=\"651\" src=\"https:\/\/museum-der-philosophie.de\/wp-content\/uploads\/2023\/11\/Toennies-SHLB-Cb54.14.01.0016-e1700833530290-400x651.jpg\" class=\"attachment-medium size-medium\" alt=\"\" srcset=\"https:\/\/museum-der-philosophie.de\/wp-content\/uploads\/2023\/11\/Toennies-SHLB-Cb54.14.01.0016-e1700833530290-400x651.jpg 400w, https:\/\/museum-der-philosophie.de\/wp-content\/uploads\/2023\/11\/Toennies-SHLB-Cb54.14.01.0016-e1700833530290-150x244.jpg 150w, https:\/\/museum-der-philosophie.de\/wp-content\/uploads\/2023\/11\/Toennies-SHLB-Cb54.14.01.0016-e1700833530290.jpg 749w\" sizes=\"auto, (max-width: 400px) 100vw, 400px\" \/>\t\t\t\t\t<\/a>\n\t\t\t\t\t\t\t<\/div>\n\t\t\t\t\t\t<h4 class=\"uagb-post__title uagb-post__text\">\n\t\t\t\t<a href=\"https:\/\/museum-der-philosophie.de\/?p=6700\" target=\"_self\" rel=\"bookmark noopener noreferrer\">Ferdinand T\u00f6nnies<\/a>\n\t\t\t<\/h4>\n\t\t\t\t\t\t<div class='uagb-post__text uagb-post-grid-byline'>\n\t\t\t\t\t\t\t<\/div>\n\t\t\t\t\t\t<div class=\"uagb-post__text uagb-post__cta wp-block-button\">\n\t\t\t\t<a class=\"wp-block-button__link uagb-text-link\" style=\"\" href=\"https:\/\/museum-der-philosophie.de\/?p=6700\" target=\"_self\" rel=\"bookmark noopener noreferrer\">zum Portr\u00e4t<\/a>\n\t\t\t<\/div>\n\t\t\t\n\t\t\t\t\t\t\t\t\t<\/article>\n\t\t\t\t\t\t\t\t\t\t\t\t\t\t\t\t<article class=\"uagb-post__inner-wrap\">\t\t\t\t\t\t\t\t<div class='uagb-post__image'>\n\t\t\t\t\t\t\t\t\t<a href=\"https:\/\/museum-der-philosophie.de\/?p=10631\" target=\"_self\" rel=\"bookmark noopener noreferrer\" class='uagb-image-ratio-inherit'><img loading=\"lazy\" decoding=\"async\" width=\"317\" height=\"497\" src=\"https:\/\/museum-der-philosophie.de\/wp-content\/uploads\/2024\/07\/Francesco_Petrarca001.jpg\" class=\"attachment-medium size-medium\" alt=\"\" srcset=\"https:\/\/museum-der-philosophie.de\/wp-content\/uploads\/2024\/07\/Francesco_Petrarca001.jpg 317w, https:\/\/museum-der-philosophie.de\/wp-content\/uploads\/2024\/07\/Francesco_Petrarca001-150x235.jpg 150w\" sizes=\"auto, (max-width: 317px) 100vw, 317px\" \/>\t\t\t\t\t<\/a>\n\t\t\t\t\t\t\t<\/div>\n\t\t\t\t\t\t<h4 class=\"uagb-post__title uagb-post__text\">\n\t\t\t\t<a href=\"https:\/\/museum-der-philosophie.de\/?p=10631\" target=\"_self\" rel=\"bookmark noopener noreferrer\">Francesco Petrarca<\/a>\n\t\t\t<\/h4>\n\t\t\t\t\t\t<div class='uagb-post__text uagb-post-grid-byline'>\n\t\t\t\t\t\t\t<\/div>\n\t\t\t\t\t\t<div class=\"uagb-post__text uagb-post__cta wp-block-button\">\n\t\t\t\t<a class=\"wp-block-button__link uagb-text-link\" style=\"\" href=\"https:\/\/museum-der-philosophie.de\/?p=10631\" target=\"_self\" rel=\"bookmark noopener noreferrer\">zum Portr\u00e4t<\/a>\n\t\t\t<\/div>\n\t\t\t\n\t\t\t\t\t\t\t\t\t<\/article>\n\t\t\t\t\t\t\t\t\t\t\t\t\t\t\t\t<article class=\"uagb-post__inner-wrap\">\t\t\t\t\t\t\t\t<div class='uagb-post__image'>\n\t\t\t\t\t\t\t\t\t<a href=\"https:\/\/museum-der-philosophie.de\/?p=18193\" target=\"_self\" rel=\"bookmark noopener noreferrer\" class='uagb-image-ratio-inherit'><img loading=\"lazy\" decoding=\"async\" width=\"400\" height=\"491\" src=\"https:\/\/museum-der-philosophie.de\/wp-content\/uploads\/2023\/07\/834px-Somer_Francis_Bacon1-400x491.jpg\" class=\"attachment-medium size-medium\" alt=\"\" srcset=\"https:\/\/museum-der-philosophie.de\/wp-content\/uploads\/2023\/07\/834px-Somer_Francis_Bacon1-400x491.jpg 400w, https:\/\/museum-der-philosophie.de\/wp-content\/uploads\/2023\/07\/834px-Somer_Francis_Bacon1-150x184.jpg 150w, https:\/\/museum-der-philosophie.de\/wp-content\/uploads\/2023\/07\/834px-Somer_Francis_Bacon1-768x943.jpg 768w, https:\/\/museum-der-philosophie.de\/wp-content\/uploads\/2023\/07\/834px-Somer_Francis_Bacon1.jpg 834w\" sizes=\"auto, (max-width: 400px) 100vw, 400px\" \/>\t\t\t\t\t<\/a>\n\t\t\t\t\t\t\t<\/div>\n\t\t\t\t\t\t<h4 class=\"uagb-post__title uagb-post__text\">\n\t\t\t\t<a href=\"https:\/\/museum-der-philosophie.de\/?p=18193\" target=\"_self\" rel=\"bookmark noopener noreferrer\">Francis Bacon<\/a>\n\t\t\t<\/h4>\n\t\t\t\t\t\t<div class='uagb-post__text uagb-post-grid-byline'>\n\t\t\t\t\t\t\t<\/div>\n\t\t\t\t\t\t<div class=\"uagb-post__text uagb-post__cta wp-block-button\">\n\t\t\t\t<a class=\"wp-block-button__link uagb-text-link\" style=\"\" href=\"https:\/\/museum-der-philosophie.de\/?p=18193\" target=\"_self\" rel=\"bookmark noopener noreferrer\">zum Portr\u00e4t<\/a>\n\t\t\t<\/div>\n\t\t\t\n\t\t\t\t\t\t\t\t\t<\/article>\n\t\t\t\t\t\t\t\t\t\t\t\t\t\t\t\t<article class=\"uagb-post__inner-wrap\">\t\t\t\t\t\t\t\t<div class='uagb-post__image'>\n\t\t\t\t\t\t\t\t\t<a href=\"https:\/\/museum-der-philosophie.de\/?p=3127\" target=\"_self\" rel=\"bookmark noopener noreferrer\" class='uagb-image-ratio-inherit'><img loading=\"lazy\" decoding=\"async\" width=\"200\" height=\"300\" src=\"https:\/\/museum-der-philosophie.de\/wp-content\/uploads\/2023\/03\/Friedrich_Engels_portrait_cropped1-200x300.jpg\" class=\"attachment-medium size-medium\" alt=\"\" srcset=\"https:\/\/museum-der-philosophie.de\/wp-content\/uploads\/2023\/03\/Friedrich_Engels_portrait_cropped1-200x300.jpg 200w, https:\/\/museum-der-philosophie.de\/wp-content\/uploads\/2023\/03\/Friedrich_Engels_portrait_cropped1.jpg 563w\" sizes=\"auto, (max-width: 200px) 100vw, 200px\" \/>\t\t\t\t\t<\/a>\n\t\t\t\t\t\t\t<\/div>\n\t\t\t\t\t\t<h4 class=\"uagb-post__title uagb-post__text\">\n\t\t\t\t<a href=\"https:\/\/museum-der-philosophie.de\/?p=3127\" target=\"_self\" rel=\"bookmark noopener noreferrer\">Friedrich Engels<\/a>\n\t\t\t<\/h4>\n\t\t\t\t\t\t<div class='uagb-post__text uagb-post-grid-byline'>\n\t\t\t\t\t\t\t<\/div>\n\t\t\t\t\t\t<div class=\"uagb-post__text uagb-post__cta wp-block-button\">\n\t\t\t\t<a class=\"wp-block-button__link uagb-text-link\" style=\"\" href=\"https:\/\/museum-der-philosophie.de\/?p=3127\" target=\"_self\" rel=\"bookmark noopener noreferrer\">zum Portr\u00e4t<\/a>\n\t\t\t<\/div>\n\t\t\t\n\t\t\t\t\t\t\t\t\t<\/article>\n\t\t\t\t\t\t\t\t\t\t\t\t\t\t\t\t<article class=\"uagb-post__inner-wrap\">\t\t\t\t\t\t\t\t<div class='uagb-post__image'>\n\t\t\t\t\t\t\t\t\t<a href=\"https:\/\/museum-der-philosophie.de\/?p=3120\" target=\"_self\" rel=\"bookmark noopener noreferrer\" class='uagb-image-ratio-inherit'><img loading=\"lazy\" decoding=\"async\" width=\"225\" height=\"300\" src=\"https:\/\/museum-der-philosophie.de\/wp-content\/uploads\/2023\/03\/768px-Friedrich_Nietzsche_drawn_by_Hans_Olde1-225x300.jpg\" class=\"attachment-medium size-medium\" alt=\"\" srcset=\"https:\/\/museum-der-philosophie.de\/wp-content\/uploads\/2023\/03\/768px-Friedrich_Nietzsche_drawn_by_Hans_Olde1-225x300.jpg 225w, https:\/\/museum-der-philosophie.de\/wp-content\/uploads\/2023\/03\/768px-Friedrich_Nietzsche_drawn_by_Hans_Olde1.jpg 768w\" sizes=\"auto, (max-width: 225px) 100vw, 225px\" \/>\t\t\t\t\t<\/a>\n\t\t\t\t\t\t\t<\/div>\n\t\t\t\t\t\t<h4 class=\"uagb-post__title uagb-post__text\">\n\t\t\t\t<a href=\"https:\/\/museum-der-philosophie.de\/?p=3120\" target=\"_self\" rel=\"bookmark noopener noreferrer\">Friedrich Nietzsche<\/a>\n\t\t\t<\/h4>\n\t\t\t\t\t\t<div class='uagb-post__text uagb-post-grid-byline'>\n\t\t\t\t\t\t\t<\/div>\n\t\t\t\t\t\t<div class=\"uagb-post__text uagb-post__cta wp-block-button\">\n\t\t\t\t<a class=\"wp-block-button__link uagb-text-link\" style=\"\" href=\"https:\/\/museum-der-philosophie.de\/?p=3120\" target=\"_self\" rel=\"bookmark noopener noreferrer\">zum Portr\u00e4t<\/a>\n\t\t\t<\/div>\n\t\t\t\n\t\t\t\t\t\t\t\t\t<\/article>\n\t\t\t\t\t\t\t\t\t\t\t\t\t\t\t\t<article class=\"uagb-post__inner-wrap\">\t\t\t\t\t\t\t\t<div class='uagb-post__image'>\n\t\t\t\t\t\t\t\t\t<a href=\"https:\/\/museum-der-philosophie.de\/?p=5709\" target=\"_self\" rel=\"bookmark noopener noreferrer\" class='uagb-image-ratio-inherit'><img loading=\"lazy\" decoding=\"async\" width=\"400\" height=\"521\" src=\"https:\/\/museum-der-philosophie.de\/wp-content\/uploads\/2023\/10\/590px-1831_Schlesinger_Philosoph_Georg_Friedrich_Wilhelm_Hegel_anagoria1-400x521.jpg\" class=\"attachment-medium size-medium\" alt=\"\" srcset=\"https:\/\/museum-der-philosophie.de\/wp-content\/uploads\/2023\/10\/590px-1831_Schlesinger_Philosoph_Georg_Friedrich_Wilhelm_Hegel_anagoria1-400x521.jpg 400w, https:\/\/museum-der-philosophie.de\/wp-content\/uploads\/2023\/10\/590px-1831_Schlesinger_Philosoph_Georg_Friedrich_Wilhelm_Hegel_anagoria1-150x195.jpg 150w, https:\/\/museum-der-philosophie.de\/wp-content\/uploads\/2023\/10\/590px-1831_Schlesinger_Philosoph_Georg_Friedrich_Wilhelm_Hegel_anagoria1.jpg 590w\" sizes=\"auto, (max-width: 400px) 100vw, 400px\" \/>\t\t\t\t\t<\/a>\n\t\t\t\t\t\t\t<\/div>\n\t\t\t\t\t\t<h4 class=\"uagb-post__title uagb-post__text\">\n\t\t\t\t<a href=\"https:\/\/museum-der-philosophie.de\/?p=5709\" target=\"_self\" rel=\"bookmark noopener noreferrer\">Georg Wilhelm Friedrich Hegel<\/a>\n\t\t\t<\/h4>\n\t\t\t\t\t\t<div class='uagb-post__text uagb-post-grid-byline'>\n\t\t\t\t\t\t\t<\/div>\n\t\t\t\t\t\t<div class=\"uagb-post__text uagb-post__cta wp-block-button\">\n\t\t\t\t<a class=\"wp-block-button__link uagb-text-link\" style=\"\" href=\"https:\/\/museum-der-philosophie.de\/?p=5709\" target=\"_self\" rel=\"bookmark noopener noreferrer\">zum Portr\u00e4t<\/a>\n\t\t\t<\/div>\n\t\t\t\n\t\t\t\t\t\t\t\t\t<\/article>\n\t\t\t\t\t\t\t\t\t\t\t\t\t\t\t\t<article class=\"uagb-post__inner-wrap\">\t\t\t\t\t\t\t\t<div class='uagb-post__image'>\n\t\t\t\t\t\t\t\t\t<a href=\"https:\/\/museum-der-philosophie.de\/?p=17905\" target=\"_self\" rel=\"bookmark noopener noreferrer\" class='uagb-image-ratio-inherit'><img loading=\"lazy\" decoding=\"async\" width=\"243\" height=\"300\" src=\"https:\/\/museum-der-philosophie.de\/wp-content\/uploads\/2023\/05\/leibniz-francke-243x300.jpg\" class=\"attachment-medium size-medium\" alt=\"\" srcset=\"https:\/\/museum-der-philosophie.de\/wp-content\/uploads\/2023\/05\/leibniz-francke-243x300.jpg 243w, https:\/\/museum-der-philosophie.de\/wp-content\/uploads\/2023\/05\/leibniz-francke.jpg 622w\" sizes=\"auto, (max-width: 243px) 100vw, 243px\" \/>\t\t\t\t\t<\/a>\n\t\t\t\t\t\t\t<\/div>\n\t\t\t\t\t\t<h4 class=\"uagb-post__title uagb-post__text\">\n\t\t\t\t<a href=\"https:\/\/museum-der-philosophie.de\/?p=17905\" target=\"_self\" rel=\"bookmark noopener noreferrer\">Gottfried Wilhelm Leibniz<\/a>\n\t\t\t<\/h4>\n\t\t\t\t\t\t<div class='uagb-post__text uagb-post-grid-byline'>\n\t\t\t\t\t\t\t<\/div>\n\t\t\t\t\t\t<div class=\"uagb-post__text uagb-post__cta wp-block-button\">\n\t\t\t\t<a class=\"wp-block-button__link uagb-text-link\" style=\"\" href=\"https:\/\/museum-der-philosophie.de\/?p=17905\" target=\"_self\" rel=\"bookmark noopener noreferrer\">zum Portr\u00e4t<\/a>\n\t\t\t<\/div>\n\t\t\t\n\t\t\t\t\t\t\t\t\t<\/article>\n\t\t\t\t\t\t\t\t\t\t\t\t\t\t\t\t<article class=\"uagb-post__inner-wrap\">\t\t\t\t\t\t\t\t<div class='uagb-post__image'>\n\t\t\t\t\t\t\t\t\t<a href=\"https:\/\/museum-der-philosophie.de\/?p=18114\" target=\"_self\" rel=\"bookmark noopener noreferrer\" class='uagb-image-ratio-inherit'><img loading=\"lazy\" decoding=\"async\" width=\"400\" height=\"398\" src=\"https:\/\/museum-der-philosophie.de\/wp-content\/uploads\/2026\/03\/heraclit-bust-e1772646863218-400x398.jpg\" class=\"attachment-medium size-medium\" alt=\"\" srcset=\"https:\/\/museum-der-philosophie.de\/wp-content\/uploads\/2026\/03\/heraclit-bust-e1772646863218-400x398.jpg 400w, https:\/\/museum-der-philosophie.de\/wp-content\/uploads\/2026\/03\/heraclit-bust-e1772646863218-150x149.jpg 150w, https:\/\/museum-der-philosophie.de\/wp-content\/uploads\/2026\/03\/heraclit-bust-e1772646863218-70x70.jpg 70w, https:\/\/museum-der-philosophie.de\/wp-content\/uploads\/2026\/03\/heraclit-bust-e1772646863218-246x246.jpg 246w, https:\/\/museum-der-philosophie.de\/wp-content\/uploads\/2026\/03\/heraclit-bust-e1772646863218-276x276.jpg 276w, https:\/\/museum-der-philosophie.de\/wp-content\/uploads\/2026\/03\/heraclit-bust-e1772646863218-125x125.jpg 125w, https:\/\/museum-der-philosophie.de\/wp-content\/uploads\/2026\/03\/heraclit-bust-e1772646863218.jpg 570w\" sizes=\"auto, (max-width: 400px) 100vw, 400px\" \/>\t\t\t\t\t<\/a>\n\t\t\t\t\t\t\t<\/div>\n\t\t\t\t\t\t<h4 class=\"uagb-post__title uagb-post__text\">\n\t\t\t\t<a href=\"https:\/\/museum-der-philosophie.de\/?p=18114\" target=\"_self\" rel=\"bookmark noopener noreferrer\">Heraklit<\/a>\n\t\t\t<\/h4>\n\t\t\t\t\t\t<div class='uagb-post__text uagb-post-grid-byline'>\n\t\t\t\t\t\t\t<\/div>\n\t\t\t\t\t\t<div class=\"uagb-post__text uagb-post__cta wp-block-button\">\n\t\t\t\t<a class=\"wp-block-button__link uagb-text-link\" style=\"\" href=\"https:\/\/museum-der-philosophie.de\/?p=18114\" target=\"_self\" rel=\"bookmark noopener noreferrer\">zum Portr\u00e4t<\/a>\n\t\t\t<\/div>\n\t\t\t\n\t\t\t\t\t\t\t\t\t<\/article>\n\t\t\t\t\t\t\t\t\t\t\t\t\t\t\t\t<article class=\"uagb-post__inner-wrap\">\t\t\t\t\t\t\t\t<div class='uagb-post__image'>\n\t\t\t\t\t\t\t\t\t<a href=\"https:\/\/museum-der-philosophie.de\/?p=5398\" target=\"_self\" rel=\"bookmark noopener noreferrer\" class='uagb-image-ratio-inherit'><img loading=\"lazy\" decoding=\"async\" width=\"400\" height=\"301\" src=\"https:\/\/museum-der-philosophie.de\/wp-content\/uploads\/2023\/09\/Marcuse-grafity-400x301.jpg\" class=\"attachment-medium size-medium\" alt=\"\" srcset=\"https:\/\/museum-der-philosophie.de\/wp-content\/uploads\/2023\/09\/Marcuse-grafity-400x301.jpg 400w, https:\/\/museum-der-philosophie.de\/wp-content\/uploads\/2023\/09\/Marcuse-grafity-150x113.jpg 150w, https:\/\/museum-der-philosophie.de\/wp-content\/uploads\/2023\/09\/Marcuse-grafity-768x577.jpg 768w, https:\/\/museum-der-philosophie.de\/wp-content\/uploads\/2023\/09\/Marcuse-grafity.jpg 800w\" sizes=\"auto, (max-width: 400px) 100vw, 400px\" \/>\t\t\t\t\t<\/a>\n\t\t\t\t\t\t\t<\/div>\n\t\t\t\t\t\t<h4 class=\"uagb-post__title uagb-post__text\">\n\t\t\t\t<a href=\"https:\/\/museum-der-philosophie.de\/?p=5398\" target=\"_self\" rel=\"bookmark noopener noreferrer\">Herbert Marcuse<\/a>\n\t\t\t<\/h4>\n\t\t\t\t\t\t<div class='uagb-post__text uagb-post-grid-byline'>\n\t\t\t\t\t\t\t<\/div>\n\t\t\t\t\t\t<div class=\"uagb-post__text uagb-post__cta wp-block-button\">\n\t\t\t\t<a class=\"wp-block-button__link uagb-text-link\" style=\"\" href=\"https:\/\/museum-der-philosophie.de\/?p=5398\" target=\"_self\" rel=\"bookmark noopener noreferrer\">zum Portr\u00e4t<\/a>\n\t\t\t<\/div>\n\t\t\t\n\t\t\t\t\t\t\t\t\t<\/article>\n\t\t\t\t\t\t\t\t\t\t\t\t\t\t\t\t<article class=\"uagb-post__inner-wrap\">\t\t\t\t\t\t\t\t<div class='uagb-post__image'>\n\t\t\t\t\t\t\t\t\t<a href=\"https:\/\/museum-der-philosophie.de\/?p=8718\" target=\"_self\" rel=\"bookmark noopener noreferrer\" class='uagb-image-ratio-inherit'><img loading=\"lazy\" decoding=\"async\" width=\"368\" height=\"308\" src=\"https:\/\/museum-der-philosophie.de\/wp-content\/uploads\/2024\/03\/bm-hildegard-1979.jpg\" class=\"attachment-medium size-medium\" alt=\"\" srcset=\"https:\/\/museum-der-philosophie.de\/wp-content\/uploads\/2024\/03\/bm-hildegard-1979.jpg 368w, https:\/\/museum-der-philosophie.de\/wp-content\/uploads\/2024\/03\/bm-hildegard-1979-150x126.jpg 150w\" sizes=\"auto, (max-width: 368px) 100vw, 368px\" \/>\t\t\t\t\t<\/a>\n\t\t\t\t\t\t\t<\/div>\n\t\t\t\t\t\t<h4 class=\"uagb-post__title uagb-post__text\">\n\t\t\t\t<a href=\"https:\/\/museum-der-philosophie.de\/?p=8718\" target=\"_self\" rel=\"bookmark noopener noreferrer\">Hildegard von Bingen<\/a>\n\t\t\t<\/h4>\n\t\t\t\t\t\t<div class='uagb-post__text uagb-post-grid-byline'>\n\t\t\t\t\t\t\t<\/div>\n\t\t\t\t\t\t<div class=\"uagb-post__text uagb-post__cta wp-block-button\">\n\t\t\t\t<a class=\"wp-block-button__link uagb-text-link\" style=\"\" href=\"https:\/\/museum-der-philosophie.de\/?p=8718\" target=\"_self\" rel=\"bookmark noopener noreferrer\">zum Portr\u00e4t<\/a>\n\t\t\t<\/div>\n\t\t\t\n\t\t\t\t\t\t\t\t\t<\/article>\n\t\t\t\t\t\t\t\t\t\t\t\t\t\t\t\t<article class=\"uagb-post__inner-wrap\">\t\t\t\t\t\t\t\t<div class='uagb-post__image'>\n\t\t\t\t\t\t\t\t\t<a href=\"https:\/\/museum-der-philosophie.de\/?p=10911\" target=\"_self\" rel=\"bookmark noopener noreferrer\" class='uagb-image-ratio-inherit'><img loading=\"lazy\" decoding=\"async\" width=\"400\" height=\"495\" src=\"https:\/\/museum-der-philosophie.de\/wp-content\/uploads\/2024\/07\/hypatia-raffael1-400x495.jpg\" class=\"attachment-medium size-medium\" alt=\"\" srcset=\"https:\/\/museum-der-philosophie.de\/wp-content\/uploads\/2024\/07\/hypatia-raffael1-400x495.jpg 400w, https:\/\/museum-der-philosophie.de\/wp-content\/uploads\/2024\/07\/hypatia-raffael1-150x186.jpg 150w, https:\/\/museum-der-philosophie.de\/wp-content\/uploads\/2024\/07\/hypatia-raffael1.jpg 564w\" sizes=\"auto, (max-width: 400px) 100vw, 400px\" \/>\t\t\t\t\t<\/a>\n\t\t\t\t\t\t\t<\/div>\n\t\t\t\t\t\t<h4 class=\"uagb-post__title uagb-post__text\">\n\t\t\t\t<a href=\"https:\/\/museum-der-philosophie.de\/?p=10911\" target=\"_self\" rel=\"bookmark noopener noreferrer\">Hypatia und das Ende der antiken Philosophie<\/a>\n\t\t\t<\/h4>\n\t\t\t\t\t\t<div class='uagb-post__text uagb-post-grid-byline'>\n\t\t\t\t\t\t\t<\/div>\n\t\t\t\t\t\t<div class=\"uagb-post__text uagb-post__cta wp-block-button\">\n\t\t\t\t<a class=\"wp-block-button__link uagb-text-link\" style=\"\" href=\"https:\/\/museum-der-philosophie.de\/?p=10911\" target=\"_self\" rel=\"bookmark noopener noreferrer\">zum Portr\u00e4t<\/a>\n\t\t\t<\/div>\n\t\t\t\n\t\t\t\t\t\t\t\t\t<\/article>\n\t\t\t\t\t\t\t\t\t\t\t\t\t\t\t\t<article class=\"uagb-post__inner-wrap\">\t\t\t\t\t\t\t\t<div class='uagb-post__image'>\n\t\t\t\t\t\t\t\t\t<a href=\"https:\/\/museum-der-philosophie.de\/?p=3439\" target=\"_self\" rel=\"bookmark noopener noreferrer\" class='uagb-image-ratio-inherit'><img loading=\"lazy\" decoding=\"async\" width=\"210\" height=\"300\" src=\"https:\/\/museum-der-philosophie.de\/wp-content\/uploads\/2023\/01\/630px-Kants_Prolegomena_-_Frontispiece1-210x300.png\" class=\"attachment-medium size-medium\" alt=\"\" srcset=\"https:\/\/museum-der-philosophie.de\/wp-content\/uploads\/2023\/01\/630px-Kants_Prolegomena_-_Frontispiece1-210x300.png 210w, https:\/\/museum-der-philosophie.de\/wp-content\/uploads\/2023\/01\/630px-Kants_Prolegomena_-_Frontispiece1.png 630w\" sizes=\"auto, (max-width: 210px) 100vw, 210px\" \/>\t\t\t\t\t<\/a>\n\t\t\t\t\t\t\t<\/div>\n\t\t\t\t\t\t<h4 class=\"uagb-post__title uagb-post__text\">\n\t\t\t\t<a href=\"https:\/\/museum-der-philosophie.de\/?p=3439\" target=\"_self\" rel=\"bookmark noopener noreferrer\">Immanuel Kant<\/a>\n\t\t\t<\/h4>\n\t\t\t\t\t\t<div class='uagb-post__text uagb-post-grid-byline'>\n\t\t\t\t\t\t\t<\/div>\n\t\t\t\t\t\t<div class=\"uagb-post__text uagb-post__cta wp-block-button\">\n\t\t\t\t<a class=\"wp-block-button__link uagb-text-link\" style=\"\" href=\"https:\/\/museum-der-philosophie.de\/?p=3439\" target=\"_self\" rel=\"bookmark noopener noreferrer\">zum Portr\u00e4t<\/a>\n\t\t\t<\/div>\n\t\t\t\n\t\t\t\t\t\t\t\t\t<\/article>\n\t\t\t\t\t\t\t\t\t\t\t\t\t\t\t\t<article class=\"uagb-post__inner-wrap\">\t\t\t\t\t\t\t\t<div class='uagb-post__image'>\n\t\t\t\t\t\t\t\t\t<a href=\"https:\/\/museum-der-philosophie.de\/?p=11402\" target=\"_self\" rel=\"bookmark noopener noreferrer\" class='uagb-image-ratio-inherit'><img loading=\"lazy\" decoding=\"async\" width=\"400\" height=\"429\" src=\"https:\/\/museum-der-philosophie.de\/wp-content\/uploads\/2024\/10\/Boehme-Christoph-Gottlob-Glymann-1.Haelfte-18.Jhd_-400x429.jpg\" class=\"attachment-medium size-medium\" alt=\"\" srcset=\"https:\/\/museum-der-philosophie.de\/wp-content\/uploads\/2024\/10\/Boehme-Christoph-Gottlob-Glymann-1.Haelfte-18.Jhd_-400x429.jpg 400w, https:\/\/museum-der-philosophie.de\/wp-content\/uploads\/2024\/10\/Boehme-Christoph-Gottlob-Glymann-1.Haelfte-18.Jhd_-150x161.jpg 150w, https:\/\/museum-der-philosophie.de\/wp-content\/uploads\/2024\/10\/Boehme-Christoph-Gottlob-Glymann-1.Haelfte-18.Jhd_-768x824.jpg 768w, https:\/\/museum-der-philosophie.de\/wp-content\/uploads\/2024\/10\/Boehme-Christoph-Gottlob-Glymann-1.Haelfte-18.Jhd_.jpg 932w\" sizes=\"auto, (max-width: 400px) 100vw, 400px\" \/>\t\t\t\t\t<\/a>\n\t\t\t\t\t\t\t<\/div>\n\t\t\t\t\t\t<h4 class=\"uagb-post__title uagb-post__text\">\n\t\t\t\t<a href=\"https:\/\/museum-der-philosophie.de\/?p=11402\" target=\"_self\" rel=\"bookmark noopener noreferrer\">Jakob B\u00f6hme &#8211; Sonderausstellung<\/a>\n\t\t\t<\/h4>\n\t\t\t\t\t\t<div class='uagb-post__text uagb-post-grid-byline'>\n\t\t\t\t\t\t\t<\/div>\n\t\t\t\t\t\t<div class=\"uagb-post__text uagb-post__cta wp-block-button\">\n\t\t\t\t<a class=\"wp-block-button__link uagb-text-link\" style=\"\" href=\"https:\/\/museum-der-philosophie.de\/?p=11402\" target=\"_self\" rel=\"bookmark noopener noreferrer\">zum Portr\u00e4t<\/a>\n\t\t\t<\/div>\n\t\t\t\n\t\t\t\t\t\t\t\t\t<\/article>\n\t\t\t\t\t\t\t\t\t\t\t\t\t\t\t\t<article class=\"uagb-post__inner-wrap\">\t\t\t\t\t\t\t\t<div class='uagb-post__image'>\n\t\t\t\t\t\t\t\t\t<a href=\"https:\/\/museum-der-philosophie.de\/?p=6812\" target=\"_self\" rel=\"bookmark noopener noreferrer\" class='uagb-image-ratio-inherit'><img loading=\"lazy\" decoding=\"async\" width=\"400\" height=\"557\" src=\"https:\/\/museum-der-philosophie.de\/wp-content\/uploads\/2023\/07\/735px-Jean-Jacques_Rousseau_painted_portrait1-400x557.jpg\" class=\"attachment-medium size-medium\" alt=\"\" srcset=\"https:\/\/museum-der-philosophie.de\/wp-content\/uploads\/2023\/07\/735px-Jean-Jacques_Rousseau_painted_portrait1-400x557.jpg 400w, https:\/\/museum-der-philosophie.de\/wp-content\/uploads\/2023\/07\/735px-Jean-Jacques_Rousseau_painted_portrait1-150x209.jpg 150w, https:\/\/museum-der-philosophie.de\/wp-content\/uploads\/2023\/07\/735px-Jean-Jacques_Rousseau_painted_portrait1.jpg 735w\" sizes=\"auto, (max-width: 400px) 100vw, 400px\" \/>\t\t\t\t\t<\/a>\n\t\t\t\t\t\t\t<\/div>\n\t\t\t\t\t\t<h4 class=\"uagb-post__title uagb-post__text\">\n\t\t\t\t<a href=\"https:\/\/museum-der-philosophie.de\/?p=6812\" target=\"_self\" rel=\"bookmark noopener noreferrer\">Jean-Jacques Rousseau<\/a>\n\t\t\t<\/h4>\n\t\t\t\t\t\t<div class='uagb-post__text uagb-post-grid-byline'>\n\t\t\t\t\t\t\t<\/div>\n\t\t\t\t\t\t<div class=\"uagb-post__text uagb-post__cta wp-block-button\">\n\t\t\t\t<a class=\"wp-block-button__link uagb-text-link\" style=\"\" href=\"https:\/\/museum-der-philosophie.de\/?p=6812\" target=\"_self\" rel=\"bookmark noopener noreferrer\">zum Portr\u00e4t<\/a>\n\t\t\t<\/div>\n\t\t\t\n\t\t\t\t\t\t\t\t\t<\/article>\n\t\t\t\t\t\t\t\t\t\t\t\t\t\t\t\t<article class=\"uagb-post__inner-wrap\">\t\t\t\t\t\t\t\t<div class='uagb-post__image'>\n\t\t\t\t\t\t\t\t\t<a href=\"https:\/\/museum-der-philosophie.de\/?p=15924\" target=\"_self\" rel=\"bookmark noopener noreferrer\" class='uagb-image-ratio-inherit'><img loading=\"lazy\" decoding=\"async\" width=\"400\" height=\"545\" src=\"https:\/\/museum-der-philosophie.de\/wp-content\/uploads\/2024\/12\/Johann_gottlieb_fichte1-400x545.jpg\" class=\"attachment-medium size-medium\" alt=\"\" srcset=\"https:\/\/museum-der-philosophie.de\/wp-content\/uploads\/2024\/12\/Johann_gottlieb_fichte1-400x545.jpg 400w, https:\/\/museum-der-philosophie.de\/wp-content\/uploads\/2024\/12\/Johann_gottlieb_fichte1-150x204.jpg 150w, https:\/\/museum-der-philosophie.de\/wp-content\/uploads\/2024\/12\/Johann_gottlieb_fichte1.jpg 470w\" sizes=\"auto, (max-width: 400px) 100vw, 400px\" \/>\t\t\t\t\t<\/a>\n\t\t\t\t\t\t\t<\/div>\n\t\t\t\t\t\t<h4 class=\"uagb-post__title uagb-post__text\">\n\t\t\t\t<a href=\"https:\/\/museum-der-philosophie.de\/?p=15924\" target=\"_self\" rel=\"bookmark noopener noreferrer\">Johann Gottlieb Fichte<\/a>\n\t\t\t<\/h4>\n\t\t\t\t\t\t<div class='uagb-post__text uagb-post-grid-byline'>\n\t\t\t\t\t\t\t<\/div>\n\t\t\t\t\t\t<div class=\"uagb-post__text uagb-post__cta wp-block-button\">\n\t\t\t\t<a class=\"wp-block-button__link uagb-text-link\" style=\"\" href=\"https:\/\/museum-der-philosophie.de\/?p=15924\" target=\"_self\" rel=\"bookmark noopener noreferrer\">zum Portr\u00e4t<\/a>\n\t\t\t<\/div>\n\t\t\t\n\t\t\t\t\t\t\t\t\t<\/article>\n\t\t\t\t\t\t\t\t\t\t\t\t\t\t\t\t<article class=\"uagb-post__inner-wrap\">\t\t\t\t\t\t\t\t<div class='uagb-post__image'>\n\t\t\t\t\t\t\t\t\t<a href=\"https:\/\/museum-der-philosophie.de\/?p=4411\" target=\"_self\" rel=\"bookmark noopener noreferrer\" class='uagb-image-ratio-inherit'><img loading=\"lazy\" decoding=\"async\" width=\"300\" height=\"209\" src=\"https:\/\/museum-der-philosophie.de\/wp-content\/uploads\/2023\/06\/1024px-Heinrich_Zille_-_Bildnis_von_Karl_Marx_Druckgrafik_aus_dem_Jahr_19001-300x209.jpg\" class=\"attachment-medium size-medium\" alt=\"\" srcset=\"https:\/\/museum-der-philosophie.de\/wp-content\/uploads\/2023\/06\/1024px-Heinrich_Zille_-_Bildnis_von_Karl_Marx_Druckgrafik_aus_dem_Jahr_19001-300x209.jpg 300w, https:\/\/museum-der-philosophie.de\/wp-content\/uploads\/2023\/06\/1024px-Heinrich_Zille_-_Bildnis_von_Karl_Marx_Druckgrafik_aus_dem_Jahr_19001-768x536.jpg 768w, https:\/\/museum-der-philosophie.de\/wp-content\/uploads\/2023\/06\/1024px-Heinrich_Zille_-_Bildnis_von_Karl_Marx_Druckgrafik_aus_dem_Jahr_19001.jpg 1024w\" sizes=\"auto, (max-width: 300px) 100vw, 300px\" \/>\t\t\t\t\t<\/a>\n\t\t\t\t\t\t\t<\/div>\n\t\t\t\t\t\t<h4 class=\"uagb-post__title uagb-post__text\">\n\t\t\t\t<a href=\"https:\/\/museum-der-philosophie.de\/?p=4411\" target=\"_self\" rel=\"bookmark noopener noreferrer\">Karl Marx<\/a>\n\t\t\t<\/h4>\n\t\t\t\t\t\t<div class='uagb-post__text uagb-post-grid-byline'>\n\t\t\t\t\t\t\t<\/div>\n\t\t\t\t\t\t<div class=\"uagb-post__text uagb-post__cta wp-block-button\">\n\t\t\t\t<a class=\"wp-block-button__link uagb-text-link\" style=\"\" href=\"https:\/\/museum-der-philosophie.de\/?p=4411\" target=\"_self\" rel=\"bookmark noopener noreferrer\">zum Portr\u00e4t<\/a>\n\t\t\t<\/div>\n\t\t\t\n\t\t\t\t\t\t\t\t\t<\/article>\n\t\t\t\t\t\t\t\t\t\t\t\t\t\t\t\t<article class=\"uagb-post__inner-wrap\">\t\t\t\t\t\t\t\t<div class='uagb-post__image'>\n\t\t\t\t\t\t\t\t\t<a href=\"https:\/\/museum-der-philosophie.de\/?p=11267\" target=\"_self\" rel=\"bookmark noopener noreferrer\" class='uagb-image-ratio-inherit'><img loading=\"lazy\" decoding=\"async\" width=\"234\" height=\"300\" src=\"https:\/\/museum-der-philosophie.de\/wp-content\/uploads\/2022\/11\/Karl_Popper-gemeinfrei-234x300.jpg\" class=\"attachment-medium size-medium\" alt=\"\" srcset=\"https:\/\/museum-der-philosophie.de\/wp-content\/uploads\/2022\/11\/Karl_Popper-gemeinfrei-234x300.jpg 234w, https:\/\/museum-der-philosophie.de\/wp-content\/uploads\/2022\/11\/Karl_Popper-gemeinfrei.jpg 600w\" sizes=\"auto, (max-width: 234px) 100vw, 234px\" \/>\t\t\t\t\t<\/a>\n\t\t\t\t\t\t\t<\/div>\n\t\t\t\t\t\t<h4 class=\"uagb-post__title uagb-post__text\">\n\t\t\t\t<a href=\"https:\/\/museum-der-philosophie.de\/?p=11267\" target=\"_self\" rel=\"bookmark noopener noreferrer\">Karl Popper<\/a>\n\t\t\t<\/h4>\n\t\t\t\t\t\t<div class='uagb-post__text uagb-post-grid-byline'>\n\t\t\t\t\t\t\t<\/div>\n\t\t\t\t\t\t<div class=\"uagb-post__text uagb-post__cta wp-block-button\">\n\t\t\t\t<a class=\"wp-block-button__link uagb-text-link\" style=\"\" href=\"https:\/\/museum-der-philosophie.de\/?p=11267\" target=\"_self\" rel=\"bookmark noopener noreferrer\">zum Portr\u00e4t<\/a>\n\t\t\t<\/div>\n\t\t\t\n\t\t\t\t\t\t\t\t\t<\/article>\n\t\t\t\t\t\t\t\t\t\t\t\t\t\t\t\t<article class=\"uagb-post__inner-wrap\">\t\t\t\t\t\t\t\t<div class='uagb-post__image'>\n\t\t\t\t\t\t\t\t\t<a href=\"https:\/\/museum-der-philosophie.de\/?p=7258\" target=\"_self\" rel=\"bookmark noopener noreferrer\" class='uagb-image-ratio-inherit'><img loading=\"lazy\" decoding=\"async\" width=\"400\" height=\"508\" src=\"https:\/\/museum-der-philosophie.de\/wp-content\/uploads\/2023\/12\/Carlo_Vandi_-_Ritratto_di_Laura_Bassi_-_Museo_Europeo_degli_Studenti-400x508.png\" class=\"attachment-medium size-medium\" alt=\"\" srcset=\"https:\/\/museum-der-philosophie.de\/wp-content\/uploads\/2023\/12\/Carlo_Vandi_-_Ritratto_di_Laura_Bassi_-_Museo_Europeo_degli_Studenti-400x508.png 400w, https:\/\/museum-der-philosophie.de\/wp-content\/uploads\/2023\/12\/Carlo_Vandi_-_Ritratto_di_Laura_Bassi_-_Museo_Europeo_degli_Studenti-150x191.png 150w, https:\/\/museum-der-philosophie.de\/wp-content\/uploads\/2023\/12\/Carlo_Vandi_-_Ritratto_di_Laura_Bassi_-_Museo_Europeo_degli_Studenti-768x976.png 768w, https:\/\/museum-der-philosophie.de\/wp-content\/uploads\/2023\/12\/Carlo_Vandi_-_Ritratto_di_Laura_Bassi_-_Museo_Europeo_degli_Studenti.png 793w\" sizes=\"auto, (max-width: 400px) 100vw, 400px\" \/>\t\t\t\t\t<\/a>\n\t\t\t\t\t\t\t<\/div>\n\t\t\t\t\t\t<h4 class=\"uagb-post__title uagb-post__text\">\n\t\t\t\t<a href=\"https:\/\/museum-der-philosophie.de\/?p=7258\" target=\"_self\" rel=\"bookmark noopener noreferrer\">Laura Bassi<\/a>\n\t\t\t<\/h4>\n\t\t\t\t\t\t<div class='uagb-post__text uagb-post-grid-byline'>\n\t\t\t\t\t\t\t<\/div>\n\t\t\t\t\t\t<div class=\"uagb-post__text uagb-post__cta wp-block-button\">\n\t\t\t\t<a class=\"wp-block-button__link uagb-text-link\" style=\"\" href=\"https:\/\/museum-der-philosophie.de\/?p=7258\" target=\"_self\" rel=\"bookmark noopener noreferrer\">zum Portr\u00e4t<\/a>\n\t\t\t<\/div>\n\t\t\t\n\t\t\t\t\t\t\t\t\t<\/article>\n\t\t\t\t\t\t\t\t\t\t\t\t\t\t\t\t<article class=\"uagb-post__inner-wrap\">\t\t\t\t\t\t\t\t<div class='uagb-post__image'>\n\t\t\t\t\t\t\t\t\t<a href=\"https:\/\/museum-der-philosophie.de\/?p=10202\" target=\"_self\" rel=\"bookmark noopener noreferrer\" class='uagb-image-ratio-inherit'><img loading=\"lazy\" decoding=\"async\" width=\"400\" height=\"521\" src=\"https:\/\/museum-der-philosophie.de\/wp-content\/uploads\/2024\/06\/1000000374-400x521.jpg\" class=\"attachment-medium size-medium\" alt=\"\" srcset=\"https:\/\/museum-der-philosophie.de\/wp-content\/uploads\/2024\/06\/1000000374-400x521.jpg 400w, https:\/\/museum-der-philosophie.de\/wp-content\/uploads\/2024\/06\/1000000374-150x195.jpg 150w, https:\/\/museum-der-philosophie.de\/wp-content\/uploads\/2024\/06\/1000000374.jpg 504w\" sizes=\"auto, (max-width: 400px) 100vw, 400px\" \/>\t\t\t\t\t<\/a>\n\t\t\t\t\t\t\t<\/div>\n\t\t\t\t\t\t<h4 class=\"uagb-post__title uagb-post__text\">\n\t\t\t\t<a href=\"https:\/\/museum-der-philosophie.de\/?p=10202\" target=\"_self\" rel=\"bookmark noopener noreferrer\">Ludwig Feuerbach<\/a>\n\t\t\t<\/h4>\n\t\t\t\t\t\t<div class='uagb-post__text uagb-post-grid-byline'>\n\t\t\t\t\t\t\t<\/div>\n\t\t\t\t\t\t<div class=\"uagb-post__text uagb-post__cta wp-block-button\">\n\t\t\t\t<a class=\"wp-block-button__link uagb-text-link\" style=\"\" href=\"https:\/\/museum-der-philosophie.de\/?p=10202\" target=\"_self\" rel=\"bookmark noopener noreferrer\">zum Portr\u00e4t<\/a>\n\t\t\t<\/div>\n\t\t\t\n\t\t\t\t\t\t\t\t\t<\/article>\n\t\t\t\t\t\t\t\t\t\t\t\t\t\t\t\t<article class=\"uagb-post__inner-wrap\">\t\t\t\t\t\t\t\t<div class='uagb-post__image'>\n\t\t\t\t\t\t\t\t\t<a href=\"https:\/\/museum-der-philosophie.de\/?p=3534\" target=\"_self\" rel=\"bookmark noopener noreferrer\" class='uagb-image-ratio-inherit'><img loading=\"lazy\" decoding=\"async\" width=\"400\" height=\"533\" src=\"https:\/\/museum-der-philosophie.de\/wp-content\/uploads\/2023\/12\/AdornoHorkheimerHabermasbyJeremyJShapiro21-edited-1-400x533.png\" class=\"attachment-medium size-medium\" alt=\"\" srcset=\"https:\/\/museum-der-philosophie.de\/wp-content\/uploads\/2023\/12\/AdornoHorkheimerHabermasbyJeremyJShapiro21-edited-1-400x533.png 400w, https:\/\/museum-der-philosophie.de\/wp-content\/uploads\/2023\/12\/AdornoHorkheimerHabermasbyJeremyJShapiro21-edited-1-150x200.png 150w, https:\/\/museum-der-philosophie.de\/wp-content\/uploads\/2023\/12\/AdornoHorkheimerHabermasbyJeremyJShapiro21-edited-1.png 522w\" sizes=\"auto, (max-width: 400px) 100vw, 400px\" \/>\t\t\t\t\t<\/a>\n\t\t\t\t\t\t\t<\/div>\n\t\t\t\t\t\t<h4 class=\"uagb-post__title uagb-post__text\">\n\t\t\t\t<a href=\"https:\/\/museum-der-philosophie.de\/?p=3534\" target=\"_self\" rel=\"bookmark noopener noreferrer\">Max Horkheimer<\/a>\n\t\t\t<\/h4>\n\t\t\t\t\t\t<div class='uagb-post__text uagb-post-grid-byline'>\n\t\t\t\t\t\t\t<\/div>\n\t\t\t\t\t\t<div class=\"uagb-post__text uagb-post__cta wp-block-button\">\n\t\t\t\t<a class=\"wp-block-button__link uagb-text-link\" style=\"\" href=\"https:\/\/museum-der-philosophie.de\/?p=3534\" target=\"_self\" rel=\"bookmark noopener noreferrer\">zum Portr\u00e4t<\/a>\n\t\t\t<\/div>\n\t\t\t\n\t\t\t\t\t\t\t\t\t<\/article>\n\t\t\t\t\t\t\t\t\t\t\t\t\t\t\t\t<article class=\"uagb-post__inner-wrap\">\t\t\t\t\t\t\t\t<div class='uagb-post__image'>\n\t\t\t\t\t\t\t\t\t<a href=\"https:\/\/museum-der-philosophie.de\/?p=11138\" target=\"_self\" rel=\"bookmark noopener noreferrer\" class='uagb-image-ratio-inherit'><img loading=\"lazy\" decoding=\"async\" width=\"400\" height=\"546\" src=\"https:\/\/museum-der-philosophie.de\/wp-content\/uploads\/2024\/08\/Scheler_max1-400x546.jpg\" class=\"attachment-medium size-medium\" alt=\"\" srcset=\"https:\/\/museum-der-philosophie.de\/wp-content\/uploads\/2024\/08\/Scheler_max1-400x546.jpg 400w, https:\/\/museum-der-philosophie.de\/wp-content\/uploads\/2024\/08\/Scheler_max1-150x205.jpg 150w, https:\/\/museum-der-philosophie.de\/wp-content\/uploads\/2024\/08\/Scheler_max1.jpg 561w\" sizes=\"auto, (max-width: 400px) 100vw, 400px\" \/>\t\t\t\t\t<\/a>\n\t\t\t\t\t\t\t<\/div>\n\t\t\t\t\t\t<h4 class=\"uagb-post__title uagb-post__text\">\n\t\t\t\t<a href=\"https:\/\/museum-der-philosophie.de\/?p=11138\" target=\"_self\" rel=\"bookmark noopener noreferrer\">Max Scheler<\/a>\n\t\t\t<\/h4>\n\t\t\t\t\t\t<div class='uagb-post__text uagb-post-grid-byline'>\n\t\t\t\t\t\t\t<\/div>\n\t\t\t\t\t\t<div class=\"uagb-post__text uagb-post__cta wp-block-button\">\n\t\t\t\t<a class=\"wp-block-button__link uagb-text-link\" style=\"\" href=\"https:\/\/museum-der-philosophie.de\/?p=11138\" target=\"_self\" rel=\"bookmark noopener noreferrer\">zum Portr\u00e4t<\/a>\n\t\t\t<\/div>\n\t\t\t\n\t\t\t\t\t\t\t\t\t<\/article>\n\t\t\t\t\t\t\t\t\t\t\t\t\t\t\t\t<article class=\"uagb-post__inner-wrap\">\t\t\t\t\t\t\t\t<div class='uagb-post__image'>\n\t\t\t\t\t\t\t\t\t<a href=\"https:\/\/museum-der-philosophie.de\/?p=3163\" target=\"_self\" rel=\"bookmark noopener noreferrer\" class='uagb-image-ratio-inherit'><img loading=\"lazy\" decoding=\"async\" width=\"223\" height=\"300\" src=\"https:\/\/museum-der-philosophie.de\/wp-content\/uploads\/2023\/05\/759px-Meister_Eckhart_base_copie1-223x300.jpg\" class=\"attachment-medium size-medium\" alt=\"\" srcset=\"https:\/\/museum-der-philosophie.de\/wp-content\/uploads\/2023\/05\/759px-Meister_Eckhart_base_copie1-223x300.jpg 223w, https:\/\/museum-der-philosophie.de\/wp-content\/uploads\/2023\/05\/759px-Meister_Eckhart_base_copie1.jpg 759w\" sizes=\"auto, (max-width: 223px) 100vw, 223px\" \/>\t\t\t\t\t<\/a>\n\t\t\t\t\t\t\t<\/div>\n\t\t\t\t\t\t<h4 class=\"uagb-post__title uagb-post__text\">\n\t\t\t\t<a href=\"https:\/\/museum-der-philosophie.de\/?p=3163\" target=\"_self\" rel=\"bookmark noopener noreferrer\">Meister Eckhart<\/a>\n\t\t\t<\/h4>\n\t\t\t\t\t\t<div class='uagb-post__text uagb-post-grid-byline'>\n\t\t\t\t\t\t\t<\/div>\n\t\t\t\t\t\t<div class=\"uagb-post__text uagb-post__cta wp-block-button\">\n\t\t\t\t<a class=\"wp-block-button__link uagb-text-link\" style=\"\" href=\"https:\/\/museum-der-philosophie.de\/?p=3163\" target=\"_self\" rel=\"bookmark noopener noreferrer\">zum Portr\u00e4t<\/a>\n\t\t\t<\/div>\n\t\t\t\n\t\t\t\t\t\t\t\t\t<\/article>\n\t\t\t\t\t\t\t\t\t\t\t\t\t\t\t\t<article class=\"uagb-post__inner-wrap\">\t\t\t\t\t\t\t\t<div class='uagb-post__image'>\n\t\t\t\t\t\t\t\t\t<a href=\"https:\/\/museum-der-philosophie.de\/?p=3538\" target=\"_self\" rel=\"bookmark noopener noreferrer\" class='uagb-image-ratio-inherit'><img loading=\"lazy\" decoding=\"async\" width=\"400\" height=\"514\" src=\"https:\/\/museum-der-philosophie.de\/wp-content\/uploads\/2024\/12\/Portrait_of_Niccolo_Machiavelli_by_Santi_di_Tito1-400x514.jpg\" class=\"attachment-medium size-medium\" alt=\"\" srcset=\"https:\/\/museum-der-philosophie.de\/wp-content\/uploads\/2024\/12\/Portrait_of_Niccolo_Machiavelli_by_Santi_di_Tito1-400x514.jpg 400w, https:\/\/museum-der-philosophie.de\/wp-content\/uploads\/2024\/12\/Portrait_of_Niccolo_Machiavelli_by_Santi_di_Tito1-1170x1505.jpg 1170w, https:\/\/museum-der-philosophie.de\/wp-content\/uploads\/2024\/12\/Portrait_of_Niccolo_Machiavelli_by_Santi_di_Tito1-150x193.jpg 150w, https:\/\/museum-der-philosophie.de\/wp-content\/uploads\/2024\/12\/Portrait_of_Niccolo_Machiavelli_by_Santi_di_Tito1-768x988.jpg 768w, https:\/\/museum-der-philosophie.de\/wp-content\/uploads\/2024\/12\/Portrait_of_Niccolo_Machiavelli_by_Santi_di_Tito1-1194x1536.jpg 1194w, https:\/\/museum-der-philosophie.de\/wp-content\/uploads\/2024\/12\/Portrait_of_Niccolo_Machiavelli_by_Santi_di_Tito1.jpg 1244w\" sizes=\"auto, (max-width: 400px) 100vw, 400px\" \/>\t\t\t\t\t<\/a>\n\t\t\t\t\t\t\t<\/div>\n\t\t\t\t\t\t<h4 class=\"uagb-post__title uagb-post__text\">\n\t\t\t\t<a href=\"https:\/\/museum-der-philosophie.de\/?p=3538\" target=\"_self\" rel=\"bookmark noopener noreferrer\">Niccol\u00f2 Machiavelli<\/a>\n\t\t\t<\/h4>\n\t\t\t\t\t\t<div class='uagb-post__text uagb-post-grid-byline'>\n\t\t\t\t\t\t\t<\/div>\n\t\t\t\t\t\t<div class=\"uagb-post__text uagb-post__cta wp-block-button\">\n\t\t\t\t<a class=\"wp-block-button__link uagb-text-link\" style=\"\" href=\"https:\/\/museum-der-philosophie.de\/?p=3538\" target=\"_self\" rel=\"bookmark noopener noreferrer\">zum Portr\u00e4t<\/a>\n\t\t\t<\/div>\n\t\t\t\n\t\t\t\t\t\t\t\t\t<\/article>\n\t\t\t\t\t\t\t\t\t\t\t\t\t\t\t\t<article class=\"uagb-post__inner-wrap\">\t\t\t\t\t\t\t\t<div class='uagb-post__image'>\n\t\t\t\t\t\t\t\t\t<a href=\"https:\/\/museum-der-philosophie.de\/?p=16313\" target=\"_self\" rel=\"bookmark noopener noreferrer\" class='uagb-image-ratio-inherit'><img loading=\"lazy\" decoding=\"async\" width=\"400\" height=\"556\" src=\"https:\/\/museum-der-philosophie.de\/wp-content\/uploads\/2025\/03\/736px-Head_Platon_Glyptothek_Munich_548_1_-removebg-preview-400x556.png\" class=\"attachment-medium size-medium\" alt=\"\" \/>\t\t\t\t\t<\/a>\n\t\t\t\t\t\t\t<\/div>\n\t\t\t\t\t\t<h4 class=\"uagb-post__title uagb-post__text\">\n\t\t\t\t<a href=\"https:\/\/museum-der-philosophie.de\/?p=16313\" target=\"_self\" rel=\"bookmark noopener noreferrer\">Platon<\/a>\n\t\t\t<\/h4>\n\t\t\t\t\t\t<div class='uagb-post__text uagb-post-grid-byline'>\n\t\t\t\t\t\t\t<\/div>\n\t\t\t\t\t\t<div class=\"uagb-post__text uagb-post__cta wp-block-button\">\n\t\t\t\t<a class=\"wp-block-button__link uagb-text-link\" style=\"\" href=\"https:\/\/museum-der-philosophie.de\/?p=16313\" target=\"_self\" rel=\"bookmark noopener noreferrer\">zum Portr\u00e4t<\/a>\n\t\t\t<\/div>\n\t\t\t\n\t\t\t\t\t\t\t\t\t<\/article>\n\t\t\t\t\t\t\t\t\t\t\t\t\t\t\t\t<article class=\"uagb-post__inner-wrap\">\t\t\t\t\t\t\t\t<div class='uagb-post__image'>\n\t\t\t\t\t\t\t\t\t<a href=\"https:\/\/museum-der-philosophie.de\/?p=17671\" target=\"_self\" rel=\"bookmark noopener noreferrer\" class='uagb-image-ratio-inherit'><img loading=\"lazy\" decoding=\"async\" width=\"400\" height=\"492\" src=\"https:\/\/museum-der-philosophie.de\/wp-content\/uploads\/2026\/01\/plutarch_delphi-400x492.png\" class=\"attachment-medium size-medium\" alt=\"\" srcset=\"https:\/\/museum-der-philosophie.de\/wp-content\/uploads\/2026\/01\/plutarch_delphi-400x492.png 400w, https:\/\/museum-der-philosophie.de\/wp-content\/uploads\/2026\/01\/plutarch_delphi-150x185.png 150w, https:\/\/museum-der-philosophie.de\/wp-content\/uploads\/2026\/01\/plutarch_delphi-768x945.png 768w, https:\/\/museum-der-philosophie.de\/wp-content\/uploads\/2026\/01\/plutarch_delphi.png 878w\" sizes=\"auto, (max-width: 400px) 100vw, 400px\" \/>\t\t\t\t\t<\/a>\n\t\t\t\t\t\t\t<\/div>\n\t\t\t\t\t\t<h4 class=\"uagb-post__title uagb-post__text\">\n\t\t\t\t<a href=\"https:\/\/museum-der-philosophie.de\/?p=17671\" target=\"_self\" rel=\"bookmark noopener noreferrer\">Plutarch<\/a>\n\t\t\t<\/h4>\n\t\t\t\t\t\t<div class='uagb-post__text uagb-post-grid-byline'>\n\t\t\t\t\t\t\t<\/div>\n\t\t\t\t\t\t<div class=\"uagb-post__text uagb-post__cta wp-block-button\">\n\t\t\t\t<a class=\"wp-block-button__link uagb-text-link\" style=\"\" href=\"https:\/\/museum-der-philosophie.de\/?p=17671\" target=\"_self\" rel=\"bookmark noopener noreferrer\">zum Portr\u00e4t<\/a>\n\t\t\t<\/div>\n\t\t\t\n\t\t\t\t\t\t\t\t\t<\/article>\n\t\t\t\t\t\t\t\t\t\t\t\t\t\t\t\t<article class=\"uagb-post__inner-wrap\">\t\t\t\t\t\t\t\t<div class='uagb-post__image'>\n\t\t\t\t\t\t\t\t\t<a href=\"https:\/\/museum-der-philosophie.de\/?p=17764\" target=\"_self\" rel=\"bookmark noopener noreferrer\" class='uagb-image-ratio-inherit'><img loading=\"lazy\" decoding=\"async\" width=\"400\" height=\"508\" src=\"https:\/\/museum-der-philosophie.de\/wp-content\/uploads\/2024\/11\/Ribera_-_Protagoras_16371-400x508.jpg\" class=\"attachment-medium size-medium\" alt=\"\" srcset=\"https:\/\/museum-der-philosophie.de\/wp-content\/uploads\/2024\/11\/Ribera_-_Protagoras_16371-400x508.jpg 400w, https:\/\/museum-der-philosophie.de\/wp-content\/uploads\/2024\/11\/Ribera_-_Protagoras_16371-150x191.jpg 150w, https:\/\/museum-der-philosophie.de\/wp-content\/uploads\/2024\/11\/Ribera_-_Protagoras_16371-768x976.jpg 768w, https:\/\/museum-der-philosophie.de\/wp-content\/uploads\/2024\/11\/Ribera_-_Protagoras_16371.jpg 787w\" sizes=\"auto, (max-width: 400px) 100vw, 400px\" \/>\t\t\t\t\t<\/a>\n\t\t\t\t\t\t\t<\/div>\n\t\t\t\t\t\t<h4 class=\"uagb-post__title uagb-post__text\">\n\t\t\t\t<a href=\"https:\/\/museum-der-philosophie.de\/?p=17764\" target=\"_self\" rel=\"bookmark noopener noreferrer\">Protagoras<\/a>\n\t\t\t<\/h4>\n\t\t\t\t\t\t<div class='uagb-post__text uagb-post-grid-byline'>\n\t\t\t\t\t\t\t<\/div>\n\t\t\t\t\t\t<div class=\"uagb-post__text uagb-post__cta wp-block-button\">\n\t\t\t\t<a class=\"wp-block-button__link uagb-text-link\" style=\"\" href=\"https:\/\/museum-der-philosophie.de\/?p=17764\" target=\"_self\" rel=\"bookmark noopener noreferrer\">zum Portr\u00e4t<\/a>\n\t\t\t<\/div>\n\t\t\t\n\t\t\t\t\t\t\t\t\t<\/article>\n\t\t\t\t\t\t\t\t\t\t\t\t\t\t\t\t<article class=\"uagb-post__inner-wrap\">\t\t\t\t\t\t\t\t<div class='uagb-post__image'>\n\t\t\t\t\t\t\t\t\t<a href=\"https:\/\/museum-der-philosophie.de\/?p=3574\" target=\"_self\" rel=\"bookmark noopener noreferrer\" class='uagb-image-ratio-inherit'><img loading=\"lazy\" decoding=\"async\" width=\"245\" height=\"300\" src=\"https:\/\/museum-der-philosophie.de\/wp-content\/uploads\/2023\/02\/Frans_Hals_-_Portret_van_Rene_Descartes2-245x300.jpg\" class=\"attachment-medium size-medium\" alt=\"\" srcset=\"https:\/\/museum-der-philosophie.de\/wp-content\/uploads\/2023\/02\/Frans_Hals_-_Portret_van_Rene_Descartes2-245x300.jpg 245w, https:\/\/museum-der-philosophie.de\/wp-content\/uploads\/2023\/02\/Frans_Hals_-_Portret_van_Rene_Descartes2-768x940.jpg 768w, https:\/\/museum-der-philosophie.de\/wp-content\/uploads\/2023\/02\/Frans_Hals_-_Portret_van_Rene_Descartes2.jpg 817w\" sizes=\"auto, (max-width: 245px) 100vw, 245px\" \/>\t\t\t\t\t<\/a>\n\t\t\t\t\t\t\t<\/div>\n\t\t\t\t\t\t<h4 class=\"uagb-post__title uagb-post__text\">\n\t\t\t\t<a href=\"https:\/\/museum-der-philosophie.de\/?p=3574\" target=\"_self\" rel=\"bookmark noopener noreferrer\">Ren\u00e9 Descartes<\/a>\n\t\t\t<\/h4>\n\t\t\t\t\t\t<div class='uagb-post__text uagb-post-grid-byline'>\n\t\t\t\t\t\t\t<\/div>\n\t\t\t\t\t\t<div class=\"uagb-post__text uagb-post__cta wp-block-button\">\n\t\t\t\t<a class=\"wp-block-button__link uagb-text-link\" style=\"\" href=\"https:\/\/museum-der-philosophie.de\/?p=3574\" target=\"_self\" rel=\"bookmark noopener noreferrer\">zum Portr\u00e4t<\/a>\n\t\t\t<\/div>\n\t\t\t\n\t\t\t\t\t\t\t\t\t<\/article>\n\t\t\t\t\t\t\t\t\t\t\t\t\t\t\t\t<article class=\"uagb-post__inner-wrap\">\t\t\t\t\t\t\t\t<div class='uagb-post__image'>\n\t\t\t\t\t\t\t\t\t<a href=\"https:\/\/museum-der-philosophie.de\/?p=17837\" target=\"_self\" rel=\"bookmark noopener noreferrer\" class='uagb-image-ratio-inherit'><img loading=\"lazy\" decoding=\"async\" width=\"400\" height=\"679\" src=\"https:\/\/museum-der-philosophie.de\/wp-content\/uploads\/2026\/02\/960px-0_Seneque_-_Musee_du_Prado_-_Cat._144_-_21-e1770285670143-400x679.jpg\" class=\"attachment-medium size-medium\" alt=\"\" srcset=\"https:\/\/museum-der-philosophie.de\/wp-content\/uploads\/2026\/02\/960px-0_Seneque_-_Musee_du_Prado_-_Cat._144_-_21-e1770285670143-400x679.jpg 400w, https:\/\/museum-der-philosophie.de\/wp-content\/uploads\/2026\/02\/960px-0_Seneque_-_Musee_du_Prado_-_Cat._144_-_21-e1770285670143-150x255.jpg 150w, https:\/\/museum-der-philosophie.de\/wp-content\/uploads\/2026\/02\/960px-0_Seneque_-_Musee_du_Prado_-_Cat._144_-_21-e1770285670143.jpg 730w\" sizes=\"auto, (max-width: 400px) 100vw, 400px\" \/>\t\t\t\t\t<\/a>\n\t\t\t\t\t\t\t<\/div>\n\t\t\t\t\t\t<h4 class=\"uagb-post__title uagb-post__text\">\n\t\t\t\t<a href=\"https:\/\/museum-der-philosophie.de\/?p=17837\" target=\"_self\" rel=\"bookmark noopener noreferrer\">Seneca<\/a>\n\t\t\t<\/h4>\n\t\t\t\t\t\t<div class='uagb-post__text uagb-post-grid-byline'>\n\t\t\t\t\t\t\t<\/div>\n\t\t\t\t\t\t<div class=\"uagb-post__text uagb-post__cta wp-block-button\">\n\t\t\t\t<a class=\"wp-block-button__link uagb-text-link\" style=\"\" href=\"https:\/\/museum-der-philosophie.de\/?p=17837\" target=\"_self\" rel=\"bookmark noopener noreferrer\">zum Portr\u00e4t<\/a>\n\t\t\t<\/div>\n\t\t\t\n\t\t\t\t\t\t\t\t\t<\/article>\n\t\t\t\t\t\t\t\t\t\t\t\t\t\t\t\t<article class=\"uagb-post__inner-wrap\">\t\t\t\t\t\t\t\t<div class='uagb-post__image'>\n\t\t\t\t\t\t\t\t\t<a href=\"https:\/\/museum-der-philosophie.de\/?p=3530\" target=\"_self\" rel=\"bookmark noopener noreferrer\" class='uagb-image-ratio-inherit'><img loading=\"lazy\" decoding=\"async\" width=\"300\" height=\"196\" src=\"https:\/\/museum-der-philosophie.de\/wp-content\/uploads\/2023\/06\/AdornoHorkheimerHabermasbyJeremyJShapiro21-300x196.png\" class=\"attachment-medium size-medium\" alt=\"\" srcset=\"https:\/\/museum-der-philosophie.de\/wp-content\/uploads\/2023\/06\/AdornoHorkheimerHabermasbyJeremyJShapiro21-300x196.png 300w, https:\/\/museum-der-philosophie.de\/wp-content\/uploads\/2023\/06\/AdornoHorkheimerHabermasbyJeremyJShapiro21-1024x668.png 1024w, https:\/\/museum-der-philosophie.de\/wp-content\/uploads\/2023\/06\/AdornoHorkheimerHabermasbyJeremyJShapiro21-768x501.png 768w, https:\/\/museum-der-philosophie.de\/wp-content\/uploads\/2023\/06\/AdornoHorkheimerHabermasbyJeremyJShapiro21.png 1067w\" sizes=\"auto, (max-width: 300px) 100vw, 300px\" \/>\t\t\t\t\t<\/a>\n\t\t\t\t\t\t\t<\/div>\n\t\t\t\t\t\t<h4 class=\"uagb-post__title uagb-post__text\">\n\t\t\t\t<a href=\"https:\/\/museum-der-philosophie.de\/?p=3530\" target=\"_self\" rel=\"bookmark noopener noreferrer\">Theodor W. Adorno<\/a>\n\t\t\t<\/h4>\n\t\t\t\t\t\t<div class='uagb-post__text uagb-post-grid-byline'>\n\t\t\t\t\t\t\t<\/div>\n\t\t\t\t\t\t<div class=\"uagb-post__text uagb-post__cta wp-block-button\">\n\t\t\t\t<a class=\"wp-block-button__link uagb-text-link\" style=\"\" href=\"https:\/\/museum-der-philosophie.de\/?p=3530\" target=\"_self\" rel=\"bookmark noopener noreferrer\">zum Portr\u00e4t<\/a>\n\t\t\t<\/div>\n\t\t\t\n\t\t\t\t\t\t\t\t\t<\/article>\n\t\t\t\t\t\t\t\t\t\t\t\t\t\t\t\t<article class=\"uagb-post__inner-wrap\">\t\t\t\t\t\t\t\t<div class='uagb-post__image'>\n\t\t\t\t\t\t\t\t\t<a href=\"https:\/\/museum-der-philosophie.de\/?p=3713\" target=\"_self\" rel=\"bookmark noopener noreferrer\" class='uagb-image-ratio-inherit'><img loading=\"lazy\" decoding=\"async\" width=\"246\" height=\"300\" src=\"https:\/\/museum-der-philosophie.de\/wp-content\/uploads\/2023\/04\/839px-Thomas_Hobbes_by_John_Michael_Wright1-246x300.jpg\" class=\"attachment-medium size-medium\" alt=\"\" srcset=\"https:\/\/museum-der-philosophie.de\/wp-content\/uploads\/2023\/04\/839px-Thomas_Hobbes_by_John_Michael_Wright1-246x300.jpg 246w, https:\/\/museum-der-philosophie.de\/wp-content\/uploads\/2023\/04\/839px-Thomas_Hobbes_by_John_Michael_Wright1-768x937.jpg 768w, https:\/\/museum-der-philosophie.de\/wp-content\/uploads\/2023\/04\/839px-Thomas_Hobbes_by_John_Michael_Wright1.jpg 839w\" sizes=\"auto, (max-width: 246px) 100vw, 246px\" \/>\t\t\t\t\t<\/a>\n\t\t\t\t\t\t\t<\/div>\n\t\t\t\t\t\t<h4 class=\"uagb-post__title uagb-post__text\">\n\t\t\t\t<a href=\"https:\/\/museum-der-philosophie.de\/?p=3713\" target=\"_self\" rel=\"bookmark noopener noreferrer\">Thomas Hobbes<\/a>\n\t\t\t<\/h4>\n\t\t\t\t\t\t<div class='uagb-post__text uagb-post-grid-byline'>\n\t\t\t\t\t\t\t<\/div>\n\t\t\t\t\t\t<div class=\"uagb-post__text uagb-post__cta wp-block-button\">\n\t\t\t\t<a class=\"wp-block-button__link uagb-text-link\" style=\"\" href=\"https:\/\/museum-der-philosophie.de\/?p=3713\" target=\"_self\" rel=\"bookmark noopener noreferrer\">zum Portr\u00e4t<\/a>\n\t\t\t<\/div>\n\t\t\t\n\t\t\t\t\t\t\t\t\t<\/article>\n\t\t\t\t\t\t\t\t\t\t\t\t\t\t\t\t<article class=\"uagb-post__inner-wrap\">\t\t\t\t\t\t\t\t<div class='uagb-post__image'>\n\t\t\t\t\t\t\t\t\t<a href=\"https:\/\/museum-der-philosophie.de\/?p=13801\" target=\"_self\" rel=\"bookmark noopener noreferrer\" class='uagb-image-ratio-inherit'><img loading=\"lazy\" decoding=\"async\" width=\"400\" height=\"599\" src=\"https:\/\/museum-der-philosophie.de\/wp-content\/uploads\/2024\/11\/thomas-aquin-400x599.jpg\" class=\"attachment-medium size-medium\" alt=\"\" srcset=\"https:\/\/museum-der-philosophie.de\/wp-content\/uploads\/2024\/11\/thomas-aquin-400x599.jpg 400w, https:\/\/museum-der-philosophie.de\/wp-content\/uploads\/2024\/11\/thomas-aquin-150x225.jpg 150w, https:\/\/museum-der-philosophie.de\/wp-content\/uploads\/2024\/11\/thomas-aquin.jpg 534w\" sizes=\"auto, (max-width: 400px) 100vw, 400px\" \/>\t\t\t\t\t<\/a>\n\t\t\t\t\t\t\t<\/div>\n\t\t\t\t\t\t<h4 class=\"uagb-post__title uagb-post__text\">\n\t\t\t\t<a href=\"https:\/\/museum-der-philosophie.de\/?p=13801\" target=\"_self\" rel=\"bookmark noopener noreferrer\">Thomas von Aquin<\/a>\n\t\t\t<\/h4>\n\t\t\t\t\t\t<div class='uagb-post__text uagb-post-grid-byline'>\n\t\t\t\t\t\t\t<\/div>\n\t\t\t\t\t\t<div class=\"uagb-post__text uagb-post__cta wp-block-button\">\n\t\t\t\t<a class=\"wp-block-button__link uagb-text-link\" style=\"\" href=\"https:\/\/museum-der-philosophie.de\/?p=13801\" target=\"_self\" rel=\"bookmark noopener noreferrer\">zum Portr\u00e4t<\/a>\n\t\t\t<\/div>\n\t\t\t\n\t\t\t\t\t\t\t\t\t<\/article>\n\t\t\t\t\t\t\t\t\t\t\t\t\t\t\t\t<article class=\"uagb-post__inner-wrap\">\t\t\t\t\t\t\t\t<div class='uagb-post__image'>\n\t\t\t\t\t\t\t\t\t<a href=\"https:\/\/museum-der-philosophie.de\/?p=14888\" target=\"_self\" rel=\"bookmark noopener noreferrer\" class='uagb-image-ratio-inherit'><img loading=\"lazy\" decoding=\"async\" width=\"400\" height=\"452\" src=\"https:\/\/museum-der-philosophie.de\/wp-content\/uploads\/2023\/07\/Atelier_de_Nicolas_de_Largilliere_portrait_de_Voltaire_detail_musee_Carnavalet_-0011-400x452.jpg\" class=\"attachment-medium size-medium\" alt=\"\" srcset=\"https:\/\/museum-der-philosophie.de\/wp-content\/uploads\/2023\/07\/Atelier_de_Nicolas_de_Largilliere_portrait_de_Voltaire_detail_musee_Carnavalet_-0011-400x452.jpg 400w, https:\/\/museum-der-philosophie.de\/wp-content\/uploads\/2023\/07\/Atelier_de_Nicolas_de_Largilliere_portrait_de_Voltaire_detail_musee_Carnavalet_-0011-150x169.jpg 150w, https:\/\/museum-der-philosophie.de\/wp-content\/uploads\/2023\/07\/Atelier_de_Nicolas_de_Largilliere_portrait_de_Voltaire_detail_musee_Carnavalet_-0011.jpg 664w\" sizes=\"auto, (max-width: 400px) 100vw, 400px\" \/>\t\t\t\t\t<\/a>\n\t\t\t\t\t\t\t<\/div>\n\t\t\t\t\t\t<h4 class=\"uagb-post__title uagb-post__text\">\n\t\t\t\t<a href=\"https:\/\/museum-der-philosophie.de\/?p=14888\" target=\"_self\" rel=\"bookmark noopener noreferrer\">Voltaire<\/a>\n\t\t\t<\/h4>\n\t\t\t\t\t\t<div class='uagb-post__text uagb-post-grid-byline'>\n\t\t\t\t\t\t\t<\/div>\n\t\t\t\t\t\t<div class=\"uagb-post__text uagb-post__cta wp-block-button\">\n\t\t\t\t<a class=\"wp-block-button__link uagb-text-link\" style=\"\" href=\"https:\/\/museum-der-philosophie.de\/?p=14888\" target=\"_self\" rel=\"bookmark noopener noreferrer\">zum Portr\u00e4t<\/a>\n\t\t\t<\/div>\n\t\t\t\n\t\t\t\t\t\t\t\t\t<\/article>\n\t\t\t\t\t\t\t\t\t\t\t\t\t\t\t\t<article class=\"uagb-post__inner-wrap\">\t\t\t\t\t\t\t\t<div class='uagb-post__image'>\n\t\t\t\t\t\t\t\t\t<a href=\"https:\/\/museum-der-philosophie.de\/?p=17705\" target=\"_self\" rel=\"bookmark noopener noreferrer\" class='uagb-image-ratio-inherit'><img loading=\"lazy\" decoding=\"async\" width=\"400\" height=\"591\" src=\"https:\/\/museum-der-philosophie.de\/wp-content\/uploads\/2023\/08\/Paolo_Monti_-_Servizio_fotografico__Napoli__1969__-_BEIC_6353768_1_-removebg-preview1-400x591.png\" class=\"attachment-medium size-medium\" alt=\"\" srcset=\"https:\/\/museum-der-philosophie.de\/wp-content\/uploads\/2023\/08\/Paolo_Monti_-_Servizio_fotografico__Napoli__1969__-_BEIC_6353768_1_-removebg-preview1-400x591.png 400w, https:\/\/museum-der-philosophie.de\/wp-content\/uploads\/2023\/08\/Paolo_Monti_-_Servizio_fotografico__Napoli__1969__-_BEIC_6353768_1_-removebg-preview1-150x222.png 150w, https:\/\/museum-der-philosophie.de\/wp-content\/uploads\/2023\/08\/Paolo_Monti_-_Servizio_fotografico__Napoli__1969__-_BEIC_6353768_1_-removebg-preview1.png 411w\" sizes=\"auto, (max-width: 400px) 100vw, 400px\" \/>\t\t\t\t\t<\/a>\n\t\t\t\t\t\t\t<\/div>\n\t\t\t\t\t\t<h4 class=\"uagb-post__title uagb-post__text\">\n\t\t\t\t<a href=\"https:\/\/museum-der-philosophie.de\/?p=17705\" target=\"_self\" rel=\"bookmark noopener noreferrer\">Zenon von Kition<\/a>\n\t\t\t<\/h4>\n\t\t\t\t\t\t<div class='uagb-post__text uagb-post-grid-byline'>\n\t\t\t\t\t\t\t<\/div>\n\t\t\t\t\t\t<div class=\"uagb-post__text uagb-post__cta wp-block-button\">\n\t\t\t\t<a class=\"wp-block-button__link uagb-text-link\" style=\"\" href=\"https:\/\/museum-der-philosophie.de\/?p=17705\" target=\"_self\" rel=\"bookmark noopener noreferrer\">zum Portr\u00e4t<\/a>\n\t\t\t<\/div>\n\t\t\t\n\t\t\t\t\t\t\t\t\t<\/article>\n\t\t\t\t\t\t\t\t\t\t\t<\/div>\n\t\t\t<\/div><\/div>\n<\/div><\/div>\n<\/div>\n<\/div>\n","protected":false},"excerpt":{"rendered":"<p>Dies ist eine vereinfachte Darstellung f\u00fcr Mobiltelefone.Die Wiedergabe der kompletten Ruhmeshalle ist nur auf Bildschirm oder Tablet m\u00f6glich. Men\u00fc Ruhmeshalle &hellip; <\/p>\n","protected":false},"author":1,"featured_media":0,"parent":561,"menu_order":0,"comment_status":"closed","ping_status":"closed","template":"template-page-builder-no-header-footer.php","meta":{"_uag_custom_page_level_css":"","footnotes":""},"class_list":["post-688","page","type-page","status-publish","hentry"],"featured_image_src":null,"uagb_featured_image_src":{"full":false,"thumbnail":false,"medium":false,"medium_large":false,"large":false,"1536x1536":false,"2048x2048":false,"education-zone-banner":false,"education-zone-image-full":false,"education-zone-image":false,"education-zone-recent-post":false,"education-zone-search-result":false,"education-zone-featured-course":false,"education-zone-testimonial":false,"education-zone-blog-full":false,"wpvr_mobile":false},"uagb_author_info":{"display_name":"Klaus F\u00fcrst","author_link":"https:\/\/museum-der-philosophie.de\/?author=1"},"uagb_comment_info":0,"uagb_excerpt":"Dies ist eine vereinfachte Darstellung f\u00fcr Mobiltelefone.Die Wiedergabe der kompletten Ruhmeshalle ist nur auf Bildschirm oder Tablet m\u00f6glich. Men\u00fc Ruhmeshalle &hellip;","_links":{"self":[{"href":"https:\/\/museum-der-philosophie.de\/index.php?rest_route=\/wp\/v2\/pages\/688","targetHints":{"allow":["GET"]}}],"collection":[{"href":"https:\/\/museum-der-philosophie.de\/index.php?rest_route=\/wp\/v2\/pages"}],"about":[{"href":"https:\/\/museum-der-philosophie.de\/index.php?rest_route=\/wp\/v2\/types\/page"}],"author":[{"embeddable":true,"href":"https:\/\/museum-der-philosophie.de\/index.php?rest_route=\/wp\/v2\/users\/1"}],"replies":[{"embeddable":true,"href":"https:\/\/museum-der-philosophie.de\/index.php?rest_route=%2Fwp%2Fv2%2Fcomments&post=688"}],"version-history":[{"count":93,"href":"https:\/\/museum-der-philosophie.de\/index.php?rest_route=\/wp\/v2\/pages\/688\/revisions"}],"predecessor-version":[{"id":16075,"href":"https:\/\/museum-der-philosophie.de\/index.php?rest_route=\/wp\/v2\/pages\/688\/revisions\/16075"}],"up":[{"embeddable":true,"href":"https:\/\/museum-der-philosophie.de\/index.php?rest_route=\/wp\/v2\/pages\/561"}],"wp:attachment":[{"href":"https:\/\/museum-der-philosophie.de\/index.php?rest_route=%2Fwp%2Fv2%2Fmedia&parent=688"}],"curies":[{"name":"wp","href":"https:\/\/api.w.org\/{rel}","templated":true}]}}