{"id":7106,"date":"2023-12-09T11:39:25","date_gmt":"2023-12-09T11:39:25","guid":{"rendered":"https:\/\/museum-der-philosophie.de\/?page_id=7106"},"modified":"2026-04-13T13:20:29","modified_gmt":"2026-04-13T11:20:29","slug":"newsletter","status":"publish","type":"page","link":"https:\/\/museum-der-philosophie.de\/?page_id=7106","title":{"rendered":"Newsletter"},"content":{"rendered":"\n<div class=\"wp-block-uagb-container uagb-block-4df53227 alignfull uagb-is-root-container\"><div class=\"uagb-container-inner-blocks-wrap\">\n<p class=\"has-text-align-center has-large-font-size\">Hier findest du die letzten<br>Newsletter<\/p>\n\n\n\n<div class=\"wp-block-uagb-container uagb-block-6b672c0e default uagb-is-root-container\">\n<div class=\"wp-block-uagb-advanced-heading uagb-block-368ca734\"><h2 class=\"uagb-heading-text\">Abonniere unseren viertelj\u00e4hrlichen kostenlosen <br><strong><big>Newsletter<\/big><\/strong><br>Darin halten wir dich \u00fcber die Entwicklung des Museums-Projekts auf dem Laufenden. Nat\u00fcrlich kannst du ihn jederzeit wieder abbestellen.<\/h2><\/div>\n\n\n\n<div class=\"wp-block-uagb-forms uagb-forms__outer-wrap uagb-block-7f711002 uagb-forms__medium-btn\"><form class=\"uagb-forms-main-form\" method=\"post\" autocomplete=\"on\" name=\"uagb-form-7f711002\">\n<div class=\"wp-block-uagb-forms-name uagb-forms-name-wrap uagb-forms-field-set uagb-block-8055df07\"><div class=\"uagb-forms-name-label required uagb-forms-input-label\" id=\"8055df07\">Name<\/div><input type=\"text\" placeholder=\"\" required class=\"uagb-forms-name-input uagb-forms-input\" name=\"8055df07\" autocomplete=\"off\"\/><\/div>\n\n\n\n<div class=\"wp-block-uagb-forms-email uagb-forms-email-wrap uagb-forms-field-set uagb-block-d802c132\"><div class=\"uagb-forms-email-label required uagb-forms-input-label\" id=\"d802c132\">Email<\/div><input type=\"email\" class=\"uagb-forms-email-input uagb-forms-input\" placeholder=\"\" required name=\"d802c132\" autocomplete=\"off\"\/><\/div>\n<div class=\"uagb-forms-form-hidden-data\"><input type=\"hidden\" class=\"uagb_forms_form_label\" value=\"Spectra Form\"\/><input type=\"hidden\" class=\"uagb_forms_form_id\" value=\"uagb-form-7f711002\"\/><\/div><div class=\"uagb-form-reacaptcha-error-7f711002\"><\/div><div class=\"uagb-forms-main-submit-button-wrap wp-block-button\"><button class=\"uagb-forms-main-submit-button wp-block-button__link\"><div class=\"uagb-forms-main-submit-button-text\">Absenden<\/div><\/button><\/div><\/form><div class=\"uagb-forms-success-message-7f711002 uagb-forms-submit-message-hide\"><span>Du hast den Newsletter erfolgreich bestellt.<\/span><\/div><div class=\"uagb-forms-failed-message-7f711002 uagb-forms-submit-message-hide\"><span>Es gab einen Fehler bei der \u00dcbermittlung. Bitte pr\u00fcfe alle Formularfelder noch einmal.<\/span><\/div><\/div>\n<\/div>\n<\/div><\/div>\n\n\n\n<p class=\"has-background\" style=\"background-color:#abb7c27d\"><strong>Newsletter\u00a0 <\/strong>April 2026<\/p>\n\n\n\n<p>Am 9. April, zum <strong>400. Todestag von Francis Bacon<\/strong>, haben wir eine <a href=\"https:\/\/museum-der-philosophie.de\/?p=18193\">Sonderausstellung <\/a>zu Leben und Werk dieses bedeutenden Philosophen er\u00f6ffnet.<\/p>\n\n\n\n<p>Seit dem letzten Newsletter wurden vor allem die Portr\u00e4ts von Philosophen im Bereich der <a href=\"https:\/\/museum-der-philosophie.de\/?page_id=11926#a1\">Ruhmeshalle Antike<\/a> komplettiert: Cicero, Seneca, Epikur, Heraklit, Protagoras, Aspasia, Zenon und Plutarch.<\/p>\n\n\n\n<p class=\"has-background\" style=\"background-color:#abb7c27d\"><strong>Newsletter&nbsp; <\/strong>November 2025<\/p>\n\n\n\n<p>Am 20. November, dem Welttag der Philosophie, er\u00f6ffnen wir unsere neue Sonderausstellung&nbsp;<\/p>\n\n\n\n<p><strong><a href=\"https:\/\/museum-der-philosophie.de\/?page_id=16607\">kleines Land \u2013 gro\u00dfe Denker:&nbsp;<\/a><\/strong><strong><a href=\"https:\/\/museum-der-philosophie.de\/?page_id=16607\">Zur Geschichte der Philosophie in Th\u00fcringen<\/a><\/strong><\/p>\n\n\n\n<p>Die Ausstellung \u00fcberrascht bereits auf den ersten Blick damit, wie viele gro\u00dfe Geister im kleinen Th\u00fcringen gelebt und gewirkt haben, welch bedeutende philosophische Str\u00f6mungen hier ihren Anfang nahmen. Neben einem allgemeinen \u00dcberblick, dargestellt in einer Zeitleiste, widmet sich die Ausstellung im besonderen drei H\u00f6hepunkten der th\u00fcringischen Geistesgeschichte: die Humanismusbewegung in Erfurt, die Weimarer Klassik und der Ursprung des Deutschen Idealismus in Jena.<\/p>\n\n\n\n<p>Sehr gern w\u00fcrden wir die Exponate auch analog an Standorten in Th\u00fcringen pr\u00e4sentieren; falls da jemand einen Vorschlag hat &#8211; her damit!&nbsp;<\/p>\n\n\n\n<p class=\"has-background\" style=\"background-color:#abb7c27d\"><strong>Newsletter&nbsp; <\/strong>September 2025<\/p>\n\n\n\n<p>Unser Freund und Unterst\u00fctzer Gerald Krieghofer ist am&nbsp;22. August verstorben. Der \u00f6sterreichische Philosoph und Literaturwissenschaftler widmete sich in den letzten Jahren mit ganzer Leidenschaft dem Aufsp\u00fcren von Falschzitaten. Zum Gedenken haben wir ihm unsere neue Sonderausstellung &#8222;<a href=\"https:\/\/museum-der-philosophie.de\/?page_id=16524\">Auf der Jagd nach Falschzitaten<\/a>&#8220; gewidmet.<\/p>\n\n\n\n<p>Seit dem letzten Newsletter neu erstellt wurden die philosophischen Portr\u00e4ts von <a href=\"https:\/\/museum-der-philosophie.de\/?p=15924\">Johann Gottlieb Fichte<\/a>, <a href=\"https:\/\/museum-der-philosophie.de\/?p=16273\">Aristoteles<\/a>&nbsp;und <a href=\"https:\/\/museum-der-philosophie.de\/?p=16313\">Platon<\/a>.&nbsp;<\/p>\n\n\n\n<p>Mit der Frage nach der Existenz des G\u00f6ttlichen befasst sich das Exponat &#8222;<a href=\"https:\/\/museum-der-philosophie.de\/?p=16452\">Gottesbeweise \u2013 die unendliche Geschichte<\/a>&#8222;.<\/p>\n\n\n\n<p>Immer gr\u00f6\u00dferer Beliebtheit erfreut sich auch unser <a href=\"https:\/\/www.youtube.com\/playlist?list=PLXVyP4Ct2IFsIz0vxa4YcjZpst0A-CUHt\">Youtube-Kanal &#8222;Ber\u00fchmte Falschzitate&#8220;<\/a><\/p>\n\n\n\n<p class=\"has-background\" style=\"background-color:#abb7c27d\"><strong>Newsletter&nbsp; <\/strong>Mai 2025<\/p>\n\n\n\n<p>Unser Museum hat jetzt eine <a href=\"https:\/\/museum-der-philosophie.de\/?page_id=14612\">Kunstgalerie<\/a> bekommen. Diese einzigartige Sammlung zeigt in einer Dauerausstellung Werke der Malerei und Skulptur mit philosophischem Sujet vom Mittelalter bis zur Neuzeit.<br>In einer neuen Sonderausstellung werden au\u00dferdem Werke von vier Gro\u00dfmeistern des Barock pr\u00e4sentiert.<br><\/p>\n\n\n\n<p>Neu erstellt wurden die philosophischen Portr\u00e4ts von <a href=\"https:\/\/museum-der-philosophie.de\/?p=15564\">Baruch Spinoza<\/a> und <a href=\"https:\/\/museum-der-philosophie.de\/?p=15780\">David Hume<\/a>.<\/p>\n\n\n\n<p class=\"has-background\" style=\"background-color:#abb7c27d\"><strong>Newsletter&nbsp; <\/strong>Februar 2025<\/p>\n\n\n\n<p>In K\u00fcrze wird unser Museum eine Kunstgalerie bekommen. Vorab pr\u00e4sentieren wir die Sonderausstellung <strong><a href=\"https:\/\/museum-der-philosophie.de\/?page_id=14607\">Im Auge des Malers &#8211; Philosophie als Sujet der Malerei<\/a><\/strong>. Sie zeigt 85 Meisterwerke von der Renaissance bis zum Expressionismus.<\/p>\n\n\n\n<p>Seit dem letzten Newsletter hat sich einiges bei uns getan. Die Darstellung wurde komplett \u00fcberarbeitet, so dass sich die Exponate jetzt in einem ausdrucksstarken Vollbildmodus pr\u00e4sentieren.<\/p>\n\n\n\n<p>Die Portr\u00e4ts von <a href=\"https:\/\/museum-der-philosophie.de\/?p=13740\">\u00c9milie du Ch\u00e2telet<\/a>, <a href=\"https:\/\/museum-der-philosophie.de\/?p=13801\">Thomas von Aquin<\/a> und <a href=\"https:\/\/museum-der-philosophie.de\/?p=14888\">Voltaire<\/a> wurden erstellt.<\/p>\n\n\n\n<p>Auf YouTube sind wir jetzt mit einem eigenen Kanal pr\u00e4sent. Besonders die Reihe &#8222;<a href=\"https:\/\/www.youtube.com\/playlist?list=PLXVyP4Ct2IFsIz0vxa4YcjZpst0A-CUHt\">Ber\u00fchmte Falschzitate<\/a>&#8220; und &#8222;<a href=\"https:\/\/www.youtube.com\/playlist?list=PLXVyP4Ct2IFt3QsXrIvCUt49aMNCAWBMl\">Gro\u00dfe Denker im Interview<\/a>&#8220; haben gute Resonanz gefunden. Ein Like von euch dort w\u00e4re sch\u00f6n!<\/p>\n\n\n\n<p class=\"has-background\" style=\"background-color:#abb7c27d\"><strong>Newsletter&nbsp; <\/strong>November 2024<\/p>\n\n\n\n<p><em>Der Schuster Jakob B\u00f6hme war ein gro\u00dfer Philosoph.<br>Manche Philosophen von Ruf sind nur gro\u00dfe Schuster<\/em>.<br><sup>Karl Marx<\/sup><\/p>\n\n\n\n<p>Am 17. November ist der 400. Todestag von Jakob B\u00f6hme. Heute &#8211; an Allerheiligen &#8211; er\u00f6ffnen wir unsere neue Sonderausstellung <strong>&#8222;<a href=\"https:\/\/museum-der-philosophie.de\/?page_id=3140\">Jakob B\u00f6hme &#8211; Der Schuster, der nicht bei seinem Leisten blieb<\/a>&#8222;<\/strong>.Sie gibt Einblick in den Lebensalltag und die Ideenwelt des gro\u00dfen Mystikers.<\/p>\n\n\n\n<p>Seit dem letzten Newsletter sind einige neue Exponate hinzugekommen. Die Portr\u00e4ts der Philosophen <strong><a href=\"https:\/\/museum-der-philosophie.de\/?p=10631\">Francesco Petrarca<\/a><\/strong>, <strong><a href=\"https:\/\/museum-der-philosophie.de\/?p=11138\">Max Scheler<\/a><\/strong> und <strong><a href=\"https:\/\/museum-der-philosophie.de\/?p=11267\">Karl Popper<\/a><\/strong> wurden erstellt, sowie ein Beitrag \u00fcber &#8222;<a href=\"https:\/\/museum-der-philosophie.de\/?p=10911#a0\"><strong>Hypatia und das Ende der antiken Philosophie<\/strong><\/a>&#8222;.<\/p>\n\n\n\n<p>Auch gibt es jetzt eine Seite &#8222;<a href=\"https:\/\/museum-der-philosophie.de\/?page_id=11208\"><strong>Kalenderblatt<\/strong><\/a>&#8222;, wo wir auf besondere Ereignisse und Jubil\u00e4en hinweisen.<\/p>\n\n\n\n<p class=\"has-background\" style=\"background-color:#abb7c27d\"><strong>Newsletter&nbsp; <\/strong>August 2024<\/p>\n\n\n\n<p>Seit seiner Er\u00f6ffnung im April findet unser Museum erfreulich hohes Interesse. Heute haben wir den 9000. Besucher gez\u00e4hlt.<\/p>\n\n\n\n<p>In dieser Woche wurde unsere neue Sonderausstellung <a href=\"https:\/\/museum-der-philosophie.de\/?p=9753\"><strong>Die Belle \u00c9poque und ihre Denker<\/strong> <\/a>er\u00f6ffnet. Sie zeigt eine \u00fcberraschende Vielfalt von philosophischen und geistigen Str\u00f6mungen, die sich in dieser doch recht kurzen Zeitspanne etablierten.<\/p>\n\n\n\n<p>Seit dem letzten Newsletter sind eine ganze Reihe neuer Exponate hinzugekommen. Mit Unterst\u00fctzung durch die <a href=\"https:\/\/museum-der-philosophie.de\/?p=6700\">Ferdinand-T\u00f6nnies<\/a>-Gesellschaft, die <a href=\"https:\/\/museum-der-philosophie.de\/?p=10202\">Ludwig-Feuerbach<\/a>-Gesellschaft und die <a href=\"https:\/\/museum-der-philosophie.de\/?p=9447\">Christian-Wolff<\/a>-Gesellschaft wurden Portr\u00e4ts dieser drei Philosophen erstellt.<br>Ein Beitrag von Dirk Boucsein \u00fcber den <a href=\"https:\/\/museum-der-philosophie.de\/?p=6415\">Universalienstreit<\/a> kamen hinzu, sowie Portr\u00e4ts \u00fcber <a href=\"https:\/\/museum-der-philosophie.de\/?p=10911\">Hypatia<\/a> und <a href=\"https:\/\/museum-der-philosophie.de\/?p=10631\">Francesco Petrarca<\/a>. Auch die <a href=\"https:\/\/museum-der-philosophie.de\/?p=9594\">wundersame Welt der Falschzitate<\/a> wird in einem Exponat beleuchtet.<\/p>\n\n\n\n<p class=\"has-background\" style=\"background-color:#abb7c27d\"><strong>Newsletter&nbsp; <\/strong>April 2024<\/p>\n\n\n\n<p>Wie geplant haben wir am 22. April, anl\u00e4sslich des Kant-Jubil\u00e4ums, unser Museum offiziell er\u00f6ffnet. Alle bisher erarbeiteten Inhalte sind nun online.<\/p>\n\n\n\n<p>\u00dcber die Empfangshalle oder den Wegweiser k\u00f6nnen sich Besucher jetzt leicht orientieren und nach Themen, Zeitabschnitten oder geografischen Ereignispunkten suchen. Der Men\u00fcpunkt &#8222;Was gibt es Neues&#8220; ist vor allem f\u00fcr Stammg\u00e4ste interessant; sie k\u00f6nnen sich dort auf einen Blick \u00fcber neue Exponate und Sonderausstellungen informieren.<\/p>\n\n\n\n<p>Wir w\u00fcrden uns freuen, eure Meinung zu h\u00f6ren. Ein Eintrag im <a href=\"https:\/\/museum-der-philosophie.de\/?page_id=1900\">G\u00e4stebuch<\/a> w\u00e4re sehr willkommen.<\/p>\n\n\n\n<p>Seit der Er\u00f6ffnung hat sich die Reichweite unseres Angebots und damit auch die Besucherzahl sprunghaft erh\u00f6ht. Hier seht ihr die <a href=\"http:\/\/www.google.com\/search?filter=0&amp;q=%22Erstes+Museum+f%C3%BCr+Philosophie+er%C3%B6ffnet%22\">Treffer der Google-Suche.<\/a> Wir k\u00f6nnen also mit dem Start recht zufrieden sein.<br>Auch weiterhin brauchen wir Mitstreiter, die uns helfen, nach und nach die L\u00fccken in unserem Angebot zu schlie\u00dfen.<br>Hinweise zur Mitarbeit gibt es <a href=\"https:\/\/museum-der-philosophie.de\/?page_id=2054\">hier.<\/a><\/p>\n\n\n\n<p class=\"has-background\" style=\"background-color:#abb7c27d\"><strong>Newsletter&nbsp; <\/strong>Februar 2024<\/p>\n\n\n\n<p>Bis zur offiziellen Er\u00f6ffnung unseres Museums ist es nicht mehr weit. Wir m\u00f6chten deshalb allen Interessierten Gelegenheit geben, die Website, wie sie sich dann pr\u00e4sentieren wird, schon jetzt kennenzulernen. Dazu bitte <a href=\"https:\/\/museum-der-philosophie.de\/?page_id=561#a0\">von dieser Seite aus<\/a> starten.<\/p>\n\n\n\n<p>(Die Inhalte werden <strong>nur auf Bildschirm oder Tablet<\/strong> korrekt wiedergegeben. Auf Mobiltelefonen ist nur eine vereinfachte Darstellung m\u00f6glich.)<\/p>\n\n\n\n<p>Seit dem letzten Newsletter sind folgende Exponate neu hinzugekommen:<\/p>\n\n\n\n<ul class=\"wp-block-list\">\n<li><a href=\"https:\/\/museum-der-philosophie.de\/?page_id=3109\">Objekt\u00fcbersicht<\/a><\/li>\n\n\n\n<li><a href=\"https:\/\/museum-der-philosophie.de\/?p=2975\">Entdeckertour durch Europa<\/a><\/li>\n\n\n\n<li><a href=\"https:\/\/museum-der-philosophie.de\/?p=6812\">Portr\u00e4t Jean-Jacques Rousseau<\/a><\/li>\n\n\n\n<li><a href=\"https:\/\/museum-der-philosophie.de\/?p=7200\">Die Artistenfakult\u00e4t \u2013 Philosophie an der Universit\u00e4t des Mittelalters<\/a><\/li>\n\n\n\n<li><a href=\"https:\/\/museum-der-philosophie.de\/?p=7258\">Portr\u00e4t Laura Bassi<\/a><\/li>\n\n\n\n<li><a href=\"https:\/\/museum-der-philosophie.de\/?p=7402\">Portr\u00e4t Erasmus von Rotterdam<\/a><\/li>\n\n\n\n<li><a href=\"https:\/\/museum-der-philosophie.de\/?p=7482\">Erasmus vs. Luther: Der Wille ist frei \u2013 oder nicht?<\/a><\/li>\n\n\n\n<li><a href=\"https:\/\/museum-der-philosophie.de\/?page_id=838\">Raum &#8222;Kids&#8216; Philosophy&#8220;<\/a><br><\/li>\n<\/ul>\n\n\n\n<p><strong>Bitte folgen!<\/strong><br>Das Museum ist nun auch in den sozialen Medien pr\u00e4sent. Es gibt Auftritte bei <a href=\"https:\/\/www.facebook.com\/groups\/306712144928149\">facebook<\/a>, <a href=\"https:\/\/www.instagram.com\/museum_der_philosophie\/\">Instagram<\/a> und <a href=\"https:\/\/www.linkedin.com\/company\/museum-f%C3%BCr-europ%C3%A4ische-philosophie\/\">Linkedin<\/a>. Wir bitten alle, die auf diesen Medien unterwegs sind, sich dort als Follower einzutragen und die Links weiter zu verbreiten. Wir w\u00fcrden uns freuen, eure Meinung zu h\u00f6ren. Besonders dankbar sind wir f\u00fcr Erg\u00e4nzungen und Hinweise auf Fehler.<\/p>\n\n\n\n<p>F\u00fcr alle, die selbst aktiv werden m\u00f6chten: am dringendsten ben\u00f6tigen wir die noch fehlenden Portr\u00e4ts der Philosophen, die in unserer <a href=\"https:\/\/museum-der-philosophie.de\/?page_id=688#a0\">Ruhmeshalle<\/a> abgebildet sind, sowie Exponate zu markanten Ereignispunkten der Philosophiegeschichte. Die bestehenden L\u00fccken sieht man am besten auf der Seite <a href=\"https:\/\/museum-der-philosophie.de\/?p=2975\">Entdeckertour<\/a>.<\/p>\n\n\n\n<p class=\"has-background\" style=\"background-color:#abb7c27d\"><strong>Newsletter&nbsp; <\/strong>November 2023<\/p>\n\n\n\n<p>Nur noch 6 Monate bis zur Er\u00f6ffnung unseres Museums, und es liegt noch viel Arbeit vor uns. Aber es gibt auch schon erfreuliche Fortschritte.<br>Hier eine Liste der fertiggestellten Exponate. Sie sind noch nicht f\u00fcr die \u00d6ffentlichkeit sichtbar, aber wir m\u00f6chten gern eure Meinung dazu.<\/p>\n\n\n\n<p><strong>Die Inhalte werden nur auf Bildschirm oder Tablet korrekt wiedergegeben. Auf Mobiltelefonen ist nur eine vereinfachte Darstellung m\u00f6glich.<\/strong><\/p>\n\n\n\n<p><a href=\"https:\/\/museum-der-philosophie.de\/?page_id=561#a0\">Empfangshalle<\/a> &#8211; hier beginnt der Rundgang durch das Museum<\/p>\n\n\n\n<p><a href=\"https:\/\/museum-der-philosophie.de\/?page_id=688#a0\">Philosophische Ruhmeshalle<\/a><\/p>\n\n\n\n<p><a href=\"https:\/\/museum-der-philosophie.de\/?page_id=3375#a0\">Zitaten-Schatzkammer<\/a><br><\/p>\n\n\n\n<p>Ereignis-Exponate:<br><\/p>\n\n\n\n<ul class=\"wp-block-list\">\n<li><a href=\"https:\/\/museum-der-philosophie.de\/?p=3738\">Die S\u00e4tze des Pythagoras<\/a><\/li>\n\n\n\n<li><a href=\"https:\/\/museum-der-philosophie.de\/?p=3032\">Hesiod \u2013 der erste Philosoph?<\/a><\/li>\n\n\n\n<li><a href=\"https:\/\/museum-der-philosophie.de\/?p=3287\">Sokrates: Alles auf Null<\/a><\/li>\n\n\n\n<li><a href=\"https:\/\/museum-der-philosophie.de\/?p=5491\">Vergiftet, versklavt, vertrieben \u2013 die Schicksale der Gro\u00dfen Drei in Athen<\/a><\/li>\n\n\n\n<li><a href=\"https:\/\/museum-der-philosophie.de\/?p=2515#a0\">Die Philosophie des Barock<\/a><\/li>\n\n\n\n<li><a href=\"https:\/\/museum-der-philosophie.de\/?p=5539#a0\">Gedanken \u00fcber die Zeit<br><\/a><\/li>\n<\/ul>\n\n\n\n<p>Philosophische Portr\u00e4ts:<\/p>\n\n\n\n<ul class=\"wp-block-list\">\n<li><a href=\"https:\/\/museum-der-philosophie.de\/?p=3134\">Arthur Schopenhauer<\/a><\/li>\n\n\n\n<li><a href=\"https:\/\/museum-der-philosophie.de\/?p=3430\">Bertha von Suttner<\/a><\/li>\n\n\n\n<li><a href=\"https:\/\/museum-der-philosophie.de\/?p=5301\">Charles Darwin<\/a><\/li>\n\n\n\n<li><a href=\"https:\/\/museum-der-philosophie.de\/?p=3570\">Denis Diderot<\/a><\/li>\n\n\n\n<li><a href=\"https:\/\/museum-der-philosophie.de\/?p=5449\">Erich Fromm<\/a><\/li>\n\n\n\n<li><a href=\"https:\/\/museum-der-philosophie.de\/?p=3127\">Friedrich Engels<\/a><\/li>\n\n\n\n<li><a href=\"https:\/\/museum-der-philosophie.de\/?p=3120\">Friedrich Nietzsche<\/a><\/li>\n\n\n\n<li><a href=\"https:\/\/museum-der-philosophie.de\/?p=5709\">Georg Wilhelm Friedrich Hegel<\/a><\/li>\n\n\n\n<li><a href=\"https:\/\/museum-der-philosophie.de\/?p=5398\">Herbert Marcuse<\/a><\/li>\n\n\n\n<li><a href=\"https:\/\/museum-der-philosophie.de\/?p=3439\">Immanuel Kant<\/a><\/li>\n\n\n\n<li><a href=\"https:\/\/museum-der-philosophie.de\/?p=4411\">Karl Marx<\/a><\/li>\n\n\n\n<li><a href=\"https:\/\/museum-der-philosophie.de\/?p=3534\">Max Horkheimer<\/a><\/li>\n\n\n\n<li><a href=\"https:\/\/museum-der-philosophie.de\/?p=3163\">Meister Eckhart<\/a><\/li>\n\n\n\n<li><a href=\"https:\/\/museum-der-philosophie.de\/?p=3538\">Niccol\u00f2 Machiavelli<\/a><\/li>\n\n\n\n<li><a href=\"https:\/\/museum-der-philosophie.de\/?p=3574\">Ren\u00e9 Descartes<\/a><\/li>\n\n\n\n<li><a href=\"https:\/\/museum-der-philosophie.de\/?p=3530\">Theodor W. Adorno<\/a><\/li>\n\n\n\n<li><a href=\"https:\/\/museum-der-philosophie.de\/?p=3713\">Thomas Hobbes<\/a><\/li>\n<\/ul>\n\n\n\n<p>Wir w\u00fcrden uns freuen, eure Meinung zu h\u00f6ren. Besonders dankbar sind wir f\u00fcr Hinweise auf Fehler und L\u00fccken.<\/p>\n\n\n\n<p>Am meisten aber freuen uns wir uns auf Angebote, als Mitstreiter t\u00e4tig zu werden und selbst Exponate zu erstellen. Am dringendsten ben\u00f6tigen wir die noch fehlenden Portr\u00e4ts der Philosophen, die in unserer <a href=\"https:\/\/museum-der-philosophie.de\/?page_id=688#a0\">Ruhmeshalle<\/a> abgebildet sind, sowie Exponate zu markanten Ereignispunkten der Philosophiegeschichte.<br>Hinweise zur Mitarbeit gibt es <a href=\"https:\/\/museum-der-philosophie.de\/?page_id=2054\">hier.<\/a><br><\/p>\n","protected":false},"excerpt":{"rendered":"<p>Hier findest du die letztenNewsletter Abonniere unseren viertelj\u00e4hrlichen kostenlosen NewsletterDarin halten wir dich \u00fcber die Entwicklung des Museums-Projekts auf dem &hellip; <\/p>\n","protected":false},"author":4,"featured_media":0,"parent":0,"menu_order":0,"comment_status":"closed","ping_status":"closed","template":"template-page-builder-no-sidebar.php","meta":{"_uag_custom_page_level_css":"","footnotes":""},"class_list":["post-7106","page","type-page","status-publish","hentry"],"featured_image_src":null,"uagb_featured_image_src":{"full":false,"thumbnail":false,"medium":false,"medium_large":false,"large":false,"1536x1536":false,"2048x2048":false,"education-zone-banner":false,"education-zone-image-full":false,"education-zone-image":false,"education-zone-recent-post":false,"education-zone-search-result":false,"education-zone-featured-course":false,"education-zone-testimonial":false,"education-zone-blog-full":false,"wpvr_mobile":false},"uagb_author_info":{"display_name":"MEP Redaktion","author_link":"https:\/\/museum-der-philosophie.de\/?author=4"},"uagb_comment_info":0,"uagb_excerpt":"Hier findest du die letztenNewsletter Abonniere unseren viertelj\u00e4hrlichen kostenlosen NewsletterDarin halten wir dich \u00fcber die Entwicklung des Museums-Projekts auf dem &hellip;","_links":{"self":[{"href":"https:\/\/museum-der-philosophie.de\/index.php?rest_route=\/wp\/v2\/pages\/7106","targetHints":{"allow":["GET"]}}],"collection":[{"href":"https:\/\/museum-der-philosophie.de\/index.php?rest_route=\/wp\/v2\/pages"}],"about":[{"href":"https:\/\/museum-der-philosophie.de\/index.php?rest_route=\/wp\/v2\/types\/page"}],"author":[{"embeddable":true,"href":"https:\/\/museum-der-philosophie.de\/index.php?rest_route=\/wp\/v2\/users\/4"}],"replies":[{"embeddable":true,"href":"https:\/\/museum-der-philosophie.de\/index.php?rest_route=%2Fwp%2Fv2%2Fcomments&post=7106"}],"version-history":[{"count":15,"href":"https:\/\/museum-der-philosophie.de\/index.php?rest_route=\/wp\/v2\/pages\/7106\/revisions"}],"predecessor-version":[{"id":18394,"href":"https:\/\/museum-der-philosophie.de\/index.php?rest_route=\/wp\/v2\/pages\/7106\/revisions\/18394"}],"wp:attachment":[{"href":"https:\/\/museum-der-philosophie.de\/index.php?rest_route=%2Fwp%2Fv2%2Fmedia&parent=7106"}],"curies":[{"name":"wp","href":"https:\/\/api.w.org\/{rel}","templated":true}]}}